{"id":239,"date":"2024-09-12T10:16:05","date_gmt":"2024-09-12T08:16:05","guid":{"rendered":"https:\/\/www.hidroland.hu\/?page_id=239"},"modified":"2024-09-12T10:48:40","modified_gmt":"2024-09-12T08:48:40","slug":"adatvedelmi-szabalyzat","status":"publish","type":"page","link":"https:\/\/www.hidroland.hu\/?page_id=239","title":{"rendered":"Adatv\u00e9delmi szab\u00e1lyzat"},"content":{"rendered":"\t\t<div data-elementor-type=\"wp-page\" data-elementor-id=\"239\" class=\"elementor elementor-239\">\n\t\t\t\t<div class=\"elementor-element elementor-element-3cc83b9 e-flex e-con-boxed e-con e-parent\" data-id=\"3cc83b9\" data-element_type=\"container\">\n\t\t\t\t\t<div class=\"e-con-inner\">\n\t\t\t\t<div class=\"elementor-element elementor-element-4e25732 elementor-widget elementor-widget-text-editor\" data-id=\"4e25732\" data-element_type=\"widget\" data-widget_type=\"text-editor.default\">\n\t\t\t\t<div class=\"elementor-widget-container\">\n\t\t\t\t\t\t\t\t\t<p><u>Sz\u00e9khely:<\/u> 9027 Gy\u0151r, H\u0171t\u0151h\u00e1z utca 4.<\/p><p><u>Ad\u00f3sz\u00e1m:<\/u> 22407395-2-08<\/p><p><u>C\u00e9gjegyz\u00e9ksz\u00e1m:<\/u> 08-06-000122<\/p><p>\u00a0<\/p><p>\u00a0<\/p><p>A HIDRO-LAND Bet\u00e9ti T\u00e1rsas\u00e1g Adatv\u00e9delmi Szab\u00e1lyzata<\/p><p>\u00a0<\/p><p>\u00a0<\/p><p><strong>Kelt: Gy\u0151r, 2024.09.12.<\/strong><\/p><p>\u00a0<\/p><p>\u00a0<\/p><p><strong>\u2026\u2026\u2026\u2026\u2026\u2026\u2026\u2026\u2026\u2026\u2026\u2026.<\/strong><\/p><p><strong>Imre Bal\u00e1zs S\u00e1ndor \u00fcgyvezet\u0151<\/strong><\/p><p>\u00a0<\/p><p>\u00a0<\/p><p>\u00a0<\/p><ol><li><strong>BEVEZET\u00c9S<\/strong><\/li><\/ol><p>A <strong>HIDRO-LAND Automatiz\u00e1l\u00e1si \u00e9s Rendszertechnikai Bet\u00e9ti T\u00e1rsas\u00e1g<\/strong> (a tov\u00e1bbiakban: Adatkezel\u0151) a szem\u00e9lyes adatokra vonatkoz\u00f3 adatkezel\u00e9si \u00e9s adatv\u00e9delmi tev\u00e9kenys\u00e9g\u00e9t teljesk\u00f6r\u0171en, a vonatkoz\u00f3 -az al\u00e1bbiakban felsorolt &#8211; jogszab\u00e1lyok el\u0151\u00edr\u00e1sainak megfelel\u0151en v\u00e9gzi.<\/p><ul><li>Az inform\u00e1ci\u00f3s \u00f6nrendelkez\u00e9si jogr\u00f3l \u00e9s az inform\u00e1ci\u00f3szabads\u00e1gr\u00f3l 2011. \u00e9vi CXII. t\u00f6rv\u00e9ny (a tov\u00e1bbiakban: Infotv.);<\/li><li>Az Eur\u00f3pai Parlament \u00e9s a Tan\u00e1cs 2016. \u00e1prilis 27-i (EU) 2016\/679 Rendelete a term\u00e9szetes szem\u00e9lyeknek a szem\u00e9lyes adatok kezel\u00e9se tekintet\u00e9ben t\u00f6rt\u00e9n\u0151 v\u00e9delm\u00e9r\u0151l \u00e9s az ilyen adatok szabad \u00e1raml\u00e1s\u00e1r\u00f3l, valamint a 95\/46\/EK ir\u00e1nyelv hat\u00e1lyon k\u00edv\u00fcl helyez\u00e9s\u00e9r\u0151l (\u00e1ltal\u00e1nos adatv\u00e9delmi rendelet, a tov\u00e1bbiakban: GDPR).<\/li><\/ul><p>A jelen szab\u00e1lyzat c\u00e9lja egy olyan adatkezel\u00e9si rendszer le\u00edr\u00e1s\u00e1ra \u00e9s alkalmaz\u00e1s\u00e1ra vonatkozik, amely biztos\u00edtja -a bels\u0151 szab\u00e1lyzatok, technikai \u00e9s szervezked\u00e9si int\u00e9zked\u00e9sek elv\u00e9gz\u00e9se \u00e1ltal &#8211; a szem\u00e9lyes adatok jogszer\u0171 kezel\u00e9s\u00e9t.<\/p><p>Adatkezel\u0151 a szem\u00e9lyes adatokat a vonatkoz\u00f3 elvek alapul v\u00e9tel\u00e9vel kezeli, biztos\u00edtja \u00e9s dokument\u00e1lja az adatkezel\u00e9s jogszer\u0171s\u00e9g\u00e9t, illetve az \u00e9rintetti jogok biztos\u00edt\u00e1s\u00e1t.<\/p><p>Az Adatkezel\u0151 az adatkezel\u00e9s jellege, hat\u00f3k\u00f6re, k\u00f6r\u00fclm\u00e9nyei \u00e9s c\u00e9ljai, valamint az adatkezel\u00e9s kock\u00e1zat\u00e1t, annak val\u00f3sz\u00edn\u0171s\u00e9ge \u00e9s s\u00falyoss\u00e1ga figyelembev\u00e9tel\u00e9vel megfelel\u0151 technikai \u00e9s szervezeti int\u00e9zked\u00e9seket hajt v\u00e9gre.<\/p><p>\u00a0<\/p><ol start=\"2\"><li><strong>SZAB\u00c1LYZAT HAT\u00c1LYA<\/strong><\/li><\/ol><p>A szab\u00e1lyzat hat\u00e1lya a T\u00e1rsas\u00e1g \u00e1ltal kezelt olyan szem\u00e9lyes adatokra terjed ki, amelyek term\u00e9szetes szem\u00e9lyekre vonatkoznak. Ugyanakkor nem terjed ki olyan szem\u00e9lyes adatkezel\u00e9sre, amely jogi szem\u00e9lyekre vonatkozik vagy amelyet term\u00e9szetes szem\u00e9lyek kiz\u00e1r\u00f3lag otthoni tev\u00e9kenys\u00e9g\u00fck keret\u00e9ben v\u00e9geznek (GDPR (14) \u00e9s 2. cikk c) alapj\u00e1n).<\/p><p>Egy\u00e9ni v\u00e1llalkoz\u00f3, egy\u00e9ni c\u00e9g, \u0151stermel\u0151 \u00fcgyfeleket, vev\u0151ket, sz\u00e1ll\u00edt\u00f3kat e szab\u00e1lyzat alkalmaz\u00e1s\u00e1ban term\u00e9szetes szem\u00e9lynek kell tekinteni. Ugyanakkor a Rendelet (14) alapj\u00e1n a jogi szem\u00e9lyekre vonatkoz\u00f3 adatok, ide\u00e9rtve a jogi szem\u00e9ly nev\u00e9t \u00e9s t\u00e1rsas\u00e1gi form\u00e1j\u00e1t, vagy el\u00e9rhet\u0151s\u00e9gi adatai nem min\u0151s\u00fclnek szem\u00e9lyes adatnak.<\/p><p>\u00a0<\/p><ol start=\"3\"><li><strong>FOGALOMMEGHAT\u00c1ROZ\u00c1SOK<\/strong><\/li><\/ol><p>E Szab\u00e1lyzat alkalmaz\u00e1s\u00e1ban ir\u00e1nyad\u00f3 fogalommeghat\u00e1roz\u00e1sokat, szakkifejez\u00e9seket a Rendelet 4. cikke (Fogalommeghat\u00e1roz\u00e1sok) \u00e9s az Infotv. 3\u00a7 alapj\u00e1n az al\u00e1bbiak szerint haszn\u00e1ljuk:<\/p><ol><li><strong>\u201eszem\u00e9lyes adat\u201d<\/strong>: azonos\u00edtott vagy azonos\u00edthat\u00f3 term\u00e9szetes szem\u00e9lyre (\u201e\u00e9rintett\u201d) vonatkoz\u00f3 b\u00e1rmely inform\u00e1ci\u00f3; azonos\u00edthat\u00f3 az a term\u00e9szetes szem\u00e9ly, aki k\u00f6zvetlen vagy k\u00f6zvetett m\u00f3don, k\u00fcl\u00f6n\u00f6sen valamely azonos\u00edt\u00f3, p\u00e9ld\u00e1ul n\u00e9v, sz\u00e1m, helymeghat\u00e1roz\u00f3 adat, online azonos\u00edt\u00f3 vagy a term\u00e9szetes szem\u00e9ly testi, fiziol\u00f3giai, genetikai, szellemi, gazdas\u00e1gi, kultur\u00e1lis vagy szoci\u00e1lis azonoss\u00e1g\u00e1ra vonatkoz\u00f3 egy vagy t\u00f6bb t\u00e9nyez\u0151 alapj\u00e1n azonos\u00edthat\u00f3;<\/li><li><strong>\u201eadatkezel\u00e9s\u201d<\/strong>: a szem\u00e9lyes adatokon vagy adat\u00e1llom\u00e1nyokon automatiz\u00e1lt vagy nem automatiz\u00e1lt m\u00f3don v\u00e9gzett b\u00e1rmely m\u0171velet vagy m\u0171veletek \u00f6sszess\u00e9ge, \u00edgy a gy\u0171jt\u00e9s, r\u00f6gz\u00edt\u00e9s, rendszerez\u00e9s, tagol\u00e1s, t\u00e1rol\u00e1s, \u00e1talak\u00edt\u00e1s vagy megv\u00e1ltoztat\u00e1s, lek\u00e9rdez\u00e9s, betekint\u00e9s, felhaszn\u00e1l\u00e1s, k\u00f6zl\u00e9s tov\u00e1bb\u00edt\u00e1s, terjeszt\u00e9s vagy egy\u00e9b m\u00f3don t\u00f6rt\u00e9n\u0151 hozz\u00e1f\u00e9rhet\u0151v\u00e9 t\u00e9tel \u00fatj\u00e1n, \u00f6sszehangol\u00e1s vagy \u00f6sszekapcsol\u00e1s, korl\u00e1toz\u00e1s, t\u00f6rl\u00e9s, illetve megsemmis\u00edt\u00e9s;<\/li><li><strong>\u201eaz adatkezel\u00e9s korl\u00e1toz\u00e1sa\u201d<\/strong>: a t\u00e1rolt szem\u00e9lyes adatok megjel\u00f6l\u00e9se j\u00f6v\u0151beli kezel\u00e9s\u00fck korl\u00e1toz\u00e1sa c\u00e9lj\u00e1b\u00f3l;<\/li><li><strong>\u201eprofilalkot\u00e1s\u201d<\/strong>: szem\u00e9lyes adatok automatiz\u00e1lt kezel\u00e9s\u00e9nek b\u00e1rmely olyan form\u00e1ja, amelynek sor\u00e1n a szem\u00e9lyes adatokat valamely term\u00e9szetes szem\u00e9lyhez f\u0171z\u0151d\u0151 bizonyos szem\u00e9lyes jellemz\u0151k \u00e9rt\u00e9kel\u00e9s\u00e9re, k\u00fcl\u00f6n\u00f6sen a munkahelyi teljes\u00edtm\u00e9nyhez, gazdas\u00e1gi helyzethez, eg\u00e9szs\u00e9gi \u00e1llapothoz, szem\u00e9lyes preferenci\u00e1khoz, \u00e9rdekl\u0151d\u00e9shez, megb\u00edzhat\u00f3s\u00e1ghoz, viselked\u00e9shez, tart\u00f3zkod\u00e1si helyhez vagy mozg\u00e1shoz kapcsol\u00f3d\u00f3 jellemz\u0151k elemz\u00e9s\u00e9re vagy el\u0151rejelz\u00e9s\u00e9re haszn\u00e1lj\u00e1k;<\/li><li><strong>\u201e\u00e1lneves\u00edt\u00e9s\u201d<\/strong>: a szem\u00e9lyes adatok olyan m\u00f3don t\u00f6rt\u00e9n\u0151 kezel\u00e9se, amelynek k\u00f6vetkezt\u00e9ben tov\u00e1bbi inform\u00e1ci\u00f3k felhaszn\u00e1l\u00e1sa n\u00e9lk\u00fcl t\u00f6bb\u00e9 m\u00e1r nem \u00e1llap\u00edthat\u00f3 meg, hogy a szem\u00e9lyes adat mely konkr\u00e9t term\u00e9szetes szem\u00e9lyre vonatkozik, felt\u00e9ve, hogy az ilyen tov\u00e1bbi inform\u00e1ci\u00f3t k\u00fcl\u00f6n t\u00e1rolj\u00e1k, \u00e9s technikai \u00e9s szervez\u00e9si int\u00e9zked\u00e9sek megt\u00e9tel\u00e9vel biztos\u00edtott, hogy azonos\u00edtott vagy azonos\u00edthat\u00f3 term\u00e9szetes szem\u00e9lyekhez ezt a szem\u00e9lyes adatot nem lehet kapcsolni;<\/li><li><strong>\u201enyilv\u00e1ntart\u00e1si rendszer\u201d<\/strong>: a szem\u00e9lyes adatok b\u00e1rmely m\u00f3don &#8211; centraliz\u00e1lt, decentraliz\u00e1lt vagy funkcion\u00e1lis vagy f\u00f6ldrajzi szempontok szerint &#8211; tagolt \u00e1llom\u00e1nya, amely meghat\u00e1rozott ism\u00e9rvek alapj\u00e1n hozz\u00e1f\u00e9rhet\u0151;<\/li><li><strong>\u201eadatkezel\u0151\u201d:<\/strong> az a term\u00e9szetes vagy jogi szem\u00e9ly, k\u00f6zhatalmi szerv, \u00fcgyn\u00f6ks\u00e9g vagy b\u00e1rmely egy\u00e9b szerv, amely a szem\u00e9lyes adatok kezel\u00e9s\u00e9nek c\u00e9ljait \u00e9s eszk\u00f6zeit \u00f6n\u00e1ll\u00f3an vagy m\u00e1sokkal egy\u00fctt meghat\u00e1rozza; ha az adatkezel\u00e9s c\u00e9ljait \u00e9s eszk\u00f6zeit az uni\u00f3s vagy a tag\u00e1llami jog hat\u00e1rozza meg, az adatkezel\u0151t vagy az adatkezel\u0151 kijel\u00f6l\u00e9s\u00e9re vonatkoz\u00f3 k\u00fcl\u00f6n\u00f6s szempontokat az uni\u00f3s vagy a tag\u00e1llami jog is meghat\u00e1rozhatja;<\/li><li><strong>\u201eadatfeldolgoz\u00f3\u201d<\/strong>: az a term\u00e9szetes vagy jogi szem\u00e9ly, k\u00f6zhatalmi szerv, \u00fcgyn\u00f6ks\u00e9g vagy b\u00e1rmely egy\u00e9b szerv, amely az adatkezel\u0151 nev\u00e9ben szem\u00e9lyes adatokat kezel;<\/li><li><strong>\u201ec\u00edmzett\u201d:<\/strong> az a term\u00e9szetes vagy jogi szem\u00e9ly, k\u00f6zhatalmi szerv, \u00fcgyn\u00f6ks\u00e9g vagy b\u00e1rmely egy\u00e9b szerv, akivel vagy amellyel a szem\u00e9lyes adatot k\u00f6zlik, f\u00fcggetlen\u00fcl att\u00f3l, hogy harmadik f\u00e9l-e. Azon k\u00f6zhatalmi szervek, amelyek egy egyedi vizsg\u00e1lat keret\u00e9ben az uni\u00f3s vagy a tag\u00e1llami joggal \u00f6sszhangban f\u00e9rhetnek hozz\u00e1 szem\u00e9lyes adatokhoz, nem min\u0151s\u00fclnek c\u00edmzettnek; az eml\u00edtett adatok e k\u00f6zhatalmi szervek \u00e1ltali kezel\u00e9se meg kell, hogy feleljen az adatkezel\u00e9s c\u00e9ljainak megfelel\u0151en az alkalmazand\u00f3 adatv\u00e9delmi szab\u00e1lyoknak;<\/li><li><strong>\u201eharmadik f\u00e9l\u201d:<\/strong> az a term\u00e9szetes vagy jogi szem\u00e9ly, k\u00f6zhatalmi szerv, \u00fcgyn\u00f6ks\u00e9g vagy b\u00e1rmely egy\u00e9b szerv, amely nem azonos az \u00e9rintettel, az adatkezel\u0151vel, az adatfeldolgoz\u00f3val vagy azokkal a szem\u00e9lyekkel, akik az adatkezel\u0151 vagy adatfeldolgoz\u00f3 k\u00f6zvetlen ir\u00e1ny\u00edt\u00e1sa alatt a szem\u00e9lyes adatok kezel\u00e9s\u00e9re felhatalmaz\u00e1st kaptak;<\/li><li><strong>\u201eaz \u00e9rintett hozz\u00e1j\u00e1rul\u00e1sa\u201d:<\/strong> az \u00e9rintett akarat\u00e1nak \u00f6nk\u00e9ntes, konkr\u00e9t \u00e9s megfelel\u0151 t\u00e1j\u00e9koztat\u00e1son alapul\u00f3 \u00e9s egy\u00e9rtelm\u0171 kinyilv\u00e1n\u00edt\u00e1sa, amellyel az \u00e9rintett nyilatkozat vagy a meger\u0151s\u00edt\u00e9st f\u00e9lre\u00e9rthetetlen\u00fcl kifejez\u0151 cselekedet \u00fatj\u00e1n jelzi, hogy beleegyez\u00e9s\u00e9t adja az \u0151t \u00e9rint\u0151 szem\u00e9lyes adatok kezel\u00e9s\u00e9hez;<\/li><li><strong>\u201eadatv\u00e9delmi incidens\u201d:<\/strong> a biztons\u00e1g olyan s\u00e9r\u00fcl\u00e9se, amely a tov\u00e1bb\u00edtott, t\u00e1rolt vagy m\u00e1s m\u00f3don kezelt szem\u00e9lyes adatok v\u00e9letlen vagy jogellenes megsemmis\u00edt\u00e9s\u00e9t, elveszt\u00e9s\u00e9t, megv\u00e1ltoztat\u00e1s\u00e1t, jogosulatlan k\u00f6zl\u00e9s\u00e9t vagy az azokhoz val\u00f3 jogosulatlan hozz\u00e1f\u00e9r\u00e9st eredm\u00e9nyezi.<\/li><li><strong>\u201ev\u00e1llalkoz\u00e1s\u201d:<\/strong> gazdas\u00e1gi tev\u00e9kenys\u00e9get folytat\u00f3 term\u00e9szetes vagy jogi szem\u00e9ly, f\u00fcggetlen\u00fcl a jogi form\u00e1j\u00e1t\u00f3l, ide\u00e9rtve a rendszeres gazdas\u00e1gi tev\u00e9kenys\u00e9get folytat\u00f3 szem\u00e9lyegyes\u00edt\u0151 t\u00e1rsas\u00e1gokat \u00e9s egyes\u00fcl\u00e9seket is.<\/li><li><strong>\u201e\u00e9rintett\u201d:<\/strong> b\u00e1rmely meghat\u00e1rozott, szem\u00e9lyes adat alapj\u00e1n azonos\u00edtott vagy &#8211; k\u00f6zvetlen\u00fcl vagy k\u00f6zvetve &#8211; azonos\u00edthat\u00f3 term\u00e9szetes szem\u00e9ly;<\/li><li><strong>\u201eadattov\u00e1bb\u00edt\u00e1s\u201d:<\/strong> az adat meghat\u00e1rozott harmadik szem\u00e9ly sz\u00e1m\u00e1ra t\u00f6rt\u00e9n\u0151 hozz\u00e1f\u00e9rhet\u0151v\u00e9 t\u00e9tele;<\/li><li><strong>\u201enyilv\u00e1noss\u00e1gra hozatal\u201d:<\/strong> az adat b\u00e1rki sz\u00e1m\u00e1ra t\u00f6rt\u00e9n\u0151 hozz\u00e1f\u00e9rhet\u0151v\u00e9 t\u00e9tele;<\/li><li><strong>\u201ek\u00fcl\u00f6nleges adat&#8221;:<\/strong><\/li><\/ol><ol><li>a faji eredetre, a nemzetis\u00e9ghez tartoz\u00e1sra, a politikai v\u00e9lem\u00e9nyre vagy p\u00e1rt\u00e1ll\u00e1sra, a vall\u00e1sos vagy m\u00e1s vil\u00e1gn\u00e9zeti meggy\u0151z\u0151d\u00e9sre, az \u00e9rdek-k\u00e9pviseleti szervezeti tags\u00e1gra, a szexu\u00e1lis \u00e9letre vonatkoz\u00f3 szem\u00e9lyes adat,<\/li><li>az eg\u00e9szs\u00e9gi \u00e1llapotra, a k\u00f3ros szenved\u00e9lyre vonatkoz\u00f3 szem\u00e9lyes adat, valamint a b\u0171n\u00fcgyi szem\u00e9lyes adat;<\/li><\/ol><ol><li><strong>\u201eazonos\u00edthat\u00f3 term\u00e9szetes szem\u00e9ly\u201d:<\/strong> az a term\u00e9szetes szem\u00e9ly, aki k\u00f6zvetlen vagy k\u00f6zvetett m\u00f3don, k\u00fcl\u00f6n\u00f6sen valamely azonos\u00edt\u00f3, p\u00e9ld\u00e1ul n\u00e9v, azonos\u00edt\u00f3 sz\u00e1m, helymeghat\u00e1roz\u00f3 adat, online azonos\u00edt\u00f3 vagy a term\u00e9szetes szem\u00e9ly fizikai, fiziol\u00f3giai, genetikai, szellemi, gazdas\u00e1gi, kultur\u00e1lis vagy szoci\u00e1lis azonoss\u00e1g\u00e1ra vonatkoz\u00f3, egy vagy t\u00f6bb t\u00e9nyez\u0151 alapj\u00e1n azonos\u00edthat\u00f3;<\/li><\/ol><p>\u00a0<\/p><ol start=\"4\"><li><strong>ADATKEZEL\u00c9SI ALAPELVEK \u00c9S JOGALAPOK<\/strong><\/li><\/ol><p>A Rendelet 5. cikk\u00e9ben megfogalmazott, a szem\u00e9lyes adatok kezel\u00e9s\u00e9re vonatkoz\u00f3 elveket az Adatkezel\u0151 marad\u00e9ktalanul betartja. A k\u00f6vetkez\u0151 pontokban r\u00e9szletezett t\u00e9nyleges adatkezel\u00e9si el\u0151\u00edr\u00e1sok az alapelvekb\u0151l indulnak ki. Adatkezel\u0151 jelen szab\u00e1lyzattal \u00e9s mell\u00e9kleteivel, illetve mindezek alapj\u00e1n t\u00f6rt\u00e9n\u0151 gyakorlati megval\u00f3sul\u00e1ssal igazolni tudja, hogy az adatkezel\u00e9s az adatkezel\u00e9si alapelvek alapj\u00e1n t\u00f6rt\u00e9nik.<\/p><p>Az adatkezel\u00e9snek meg kell felelnie a t\u00f6rv\u00e9nyess\u00e9g krit\u00e9rium\u00e1nak, tisztess\u00e9ges \u00e9s \u00e1tl\u00e1that\u00f3 m\u00f3don kell megval\u00f3sulnia. Az adatkezel\u00e9s konkr\u00e9tan defini\u00e1lt, egy\u00e9rtelm\u0171 \u00e9s jogszer\u0171 c\u00e9lb\u00f3l v\u00e9gezhet\u0151, amelyr\u0151l az \u00e9rintettet t\u00e1j\u00e9koztatni k\u00f6telez\u0151. Az \u00e9rintett t\u00e1j\u00e9koztat\u00e1sa arra is ki kell terjedjen, hogy mennyi ideig \u00e9s pontosan milyen adatokat kezel az Adatkezel\u0151. Csak olyan szem\u00e9lyes adat kezelhet\u0151, amely felt\u00e9tlen\u00fcl sz\u00fcks\u00e9ges \u00e9s megfelel\u0151 az adatkezel\u00e9s c\u00e9ljaira tekintettel. Az Adatkezel\u0151 felel az adatok pontoss\u00e1g\u00e1\u00e9rt, \u00e9s megteszi a sz\u00fcks\u00e9ges \u00e9szszer\u0171 int\u00e9zked\u00e9seket annak biztos\u00edt\u00e1s\u00e1ra, hogy a pontatlan szem\u00e9lyes adatokat halad\u00e9ktalanul t\u00f6r\u00f6lni vagy helyesb\u00edteni tudja. Amennyiben az adatkezel\u00e9s c\u00e9ljainak el\u00e9r\u00e9s\u00e9hez elengedhetetlen, akkor az adatok naprak\u00e9szs\u00e9g\u00e9t is biztos\u00edtani kell.<\/p><p>A szem\u00e9lyes adatok akkor tov\u00e1bb\u00edthat\u00f3k, valamint a k\u00fcl\u00f6nb\u00f6z\u0151 adatkezel\u00e9sek akkor kapcsolhat\u00f3k \u00f6ssze, ha az \u00e9rintett ahhoz hozz\u00e1j\u00e1rult, vagy t\u00f6rv\u00e9ny azt megengedi, \u00e9s ha az adatkezel\u00e9s felt\u00e9telei minden egyes szem\u00e9lyes adatra n\u00e9zve teljes\u00fclnek. A szem\u00e9lyes adatokat harmadik szem\u00e9lynek az \u00e9rintett kifejezett \u00e9s \u00f6nk\u00e9ntes hozz\u00e1j\u00e1rul\u00e1sa hi\u00e1ny\u00e1ban nem lehet tov\u00e1bb\u00edtani. Az adatkezel\u00e9s sor\u00e1n megfelel\u0151 technikai \u00e9s szervez\u00e9si int\u00e9zked\u00e9sekkel biztos\u00edtani kell az adatok biztons\u00e1g\u00e1t.<\/p><p>\u00a0<\/p><ol start=\"5\"><li><strong>AZ ADATKEZEL\u00c9S JOGSZER\u0170S\u00c9GE, JOGALAPJ\u00c1NAK MEGHAT\u00c1ROZ\u00c1SA<\/strong><\/li><\/ol><p>Az Adatkezel\u0151n\u00e9l az adatkezel\u00e9se akkor jogszer\u0171, amennyiben az az al\u00e1bbi jogalapok legal\u00e1bb egyike alapj\u00e1n t\u00f6rt\u00e9nik:<\/p><ol><li>az \u00e9rintett hozz\u00e1j\u00e1rul\u00e1s\u00e1t adta egy vagy t\u00f6bb konkr\u00e9t c\u00e9lb\u00f3l t\u00f6rt\u00e9n\u0151 kezel\u00e9shez<\/li><li>szerz\u0151d\u00e9s teljes\u00edt\u00e9s\u00e9hez sz\u00fcks\u00e9ges, \u00e9s az \u00e9rintett az egyik f\u00e9l a szerz\u0151d\u00e9sben, vagy az a szerz\u0151d\u00e9s megk\u00f6t\u00e9s\u00e9hez sz\u00fcks\u00e9ges)<\/li><li>az adatkezel\u0151re vonatkoz\u00f3 jogi k\u00f6telezetts\u00e9g\u00e9nek teljes\u00edt\u00e9s\u00e9hez sz\u00fcks\u00e9ges;<\/li><li>az \u00e9rintett vagy egy m\u00e1sik term\u00e9szetes szem\u00e9ly l\u00e9tfontoss\u00e1g\u00fa \u00e9rdekeinek v\u00e9delme miatt sz\u00fcks\u00e9ges;<\/li><li>k\u00f6z\u00e9rdek\u0171 feladat vagy az adatkezel\u0151re ruh\u00e1zott k\u00f6zhatalmi jogos\u00edtv\u00e1ny gyakorl\u00e1s\u00e1nak keret\u00e9ben v\u00e9gzett feladat teljes\u00edt\u00e9s\u00e9hez sz\u00fcks\u00e9ges;<\/li><li>az adatkezel\u0151 vagy egy harmadik szem\u00e9ly jogos \u00e9rdekeinek \u00e9rv\u00e9nyre juttat\u00e1s\u00e1hoz sz\u00fcks\u00e9ges (kiv\u00e9ve, ha ezen jogos \u00e9rdekkel szemben els\u0151bbs\u00e9get \u00e9lveznek az \u00e9rinett olyan alapvet\u0151 jogai, \u00e9rdekei, amelyek szem\u00e9lyes adatok v\u00e9delm\u00e9t teszik sz\u00fcks\u00e9gess\u00e9)<\/li><\/ol><p>Az Adatkezel\u0151n\u00e9l a szem\u00e9lyes adatok kezel\u00e9se felsorol\u00e1s jelleggel az \u00e9rintettek hozz\u00e1j\u00e1rul\u00e1son, szerz\u0151d\u00e9s teljes\u00edt\u00e9s\u00e9n, jogi k\u00f6telezetts\u00e9g teljes\u00edt\u00e9s\u00e9n \u00e9s jogos \u00e9rdeken alapszik.<\/p><p>\u00a0<\/p><ol start=\"6\"><li><strong>ADATKEZEL\u00c9SI TEV\u00c9KENYS\u00c9G<\/strong><\/li><\/ol><p>Adatkezel\u0151 az al\u00e1bbiakban r\u00e9szletezi az \u00e1ltala v\u00e9gzett adatkezel\u00e9si tev\u00e9kenys\u00e9geket.<\/p><p>A Rendelet 30.cikke \u00e9s az Infotv. 25\u00a0\u00a0\u00a0\u00a0\u00a0\u00a0\u00a0 \/E. \u00a7 (1) alapj\u00e1n az Adatkezel\u0151 a kezel\u00e9s\u00e9ben<\/p><p>l\u00e9v\u0151 szem\u00e9lyes adatokkal kapcsolatos adatkezel\u00e9seir\u0151l, az adatv\u00e9delmi incidensekr\u0151l \u00e9s az \u00e9rintett hozz\u00e1f\u00e9r\u00e9si jog\u00e1val kapcsolatos int\u00e9zked\u00e9sekr\u0151l nyilv\u00e1ntart\u00e1st vezet. Az adatkezel\u0151i nyilv\u00e1ntart\u00e1sban az adatkezel\u0151 r\u00f6gz\u00edti<\/p><ol><li>az adatkezel\u0151, ide\u00e9rtve minden egyes k\u00f6z\u00f6s adatkezel\u0151t is, valamint az adatv\u00e9delmi tisztvisel\u0151 nev\u00e9t \u00e9s el\u00e9rhet\u0151s\u00e9geit,<\/li><li>az adatkezel\u00e9s c\u00e9lj\u00e1t vagy c\u00e9ljait,<\/li><li>szem\u00e9lyes adatok tov\u00e1bb\u00edt\u00e1sa vagy tervezett tov\u00e1bb\u00edt\u00e1sa eset\u00e9n az adattov\u00e1bb\u00edt\u00e1s c\u00edmzettjeinek &#8211; ide\u00e9rtve a harmadik orsz\u00e1gbeli c\u00edmzetteket \u00e9s nemzetk\u00f6zi szervezeteket &#8211; k\u00f6r\u00e9t,<\/li><li>az \u00e9rintettek, valamint a kezelt adatok k\u00f6r\u00e9t,<\/li><li>profilalkot\u00e1s alkalmaz\u00e1sa eset\u00e9n annak t\u00e9ny\u00e9t,<\/li><li>nemzetk\u00f6zi adattov\u00e1bb\u00edt\u00e1s eset\u00e9n a tov\u00e1bb\u00edtott adatok k\u00f6r\u00e9t,<\/li><li>az adatkezel\u00e9si m\u0171veletek &#8211; ide\u00e9rtve az adattov\u00e1bb\u00edt\u00e1st is &#8211; jogalapjait,<\/li><li>ha az ismert, a kezelt szem\u00e9lyes adatok t\u00f6rl\u00e9s\u00e9nek id\u0151pontj\u00e1t,<\/li><li>az e t\u00f6rv\u00e9ny szerint v\u00e9grehajtott m\u0171szaki \u00e9s szervez\u00e9si biztons\u00e1gi int\u00e9zked\u00e9sek \u00e1ltal\u00e1nos le\u00edr\u00e1s\u00e1t,<\/li><li>az \u00e1ltala kezelt adatokkal \u00f6sszef\u00fcgg\u00e9sben felmer\u00fclt adatv\u00e9delmi incidensek bek\u00f6vetkez\u00e9s\u00e9nek k\u00f6r\u00fclm\u00e9nyeit, azok hat\u00e1sait \u00e9s a kezel\u00e9s\u00fckre tett int\u00e9zked\u00e9seket,<\/li><li>az \u00e9rintett hozz\u00e1f\u00e9r\u00e9si jog\u00e1nak \u00e9rv\u00e9nyes\u00edt\u00e9s\u00e9t e t\u00f6rv\u00e9ny szerint korl\u00e1toz\u00f3 vagy megtagad\u00f3 int\u00e9zked\u00e9s\u00e9nek jogi \u00e9s t\u00e9nybeli indokait.<\/li><\/ol><p>Az adatkezel\u0151i nyilv\u00e1ntart\u00e1sban r\u00f6gz\u00edtett adatokat a kezelt adat t\u00f6rl\u00e9s\u00e9t k\u00f6vet\u0151 t\u00edz \u00e9vig kell meg\u0151rizni. Az Adatkezel\u0151 ezen nyilv\u00e1ntart\u00e1s vezet\u00e9si k\u00f6telezetts\u00e9g\u00e9nek a 1-6. sz\u00e1m\u00fa mell\u00e9kletekkel tesz eleget.<\/p><p>\u00a0<\/p><p><strong>JOGI K\u00d6TELEZETTS\u00c9GEN ALAPUL\u00d3 ADATKEZEL\u00c9S<\/strong><\/p><ol start=\"7\"><li><strong>MUNKA\u00dcGYI, SZEM\u00c9LYZETI NYILV\u00c1NTART\u00c1S<\/strong><\/li><\/ol><ul><li>A munkav\u00e1llal\u00f3kt\u00f3l kiz\u00e1r\u00f3lag olyan adatok k\u00e9rhet\u0151k \u00e9s tarthat\u00f3k nyilv\u00e1n, amelyek munkaviszony l\u00e9tes\u00edt\u00e9s\u00e9hez, fenntart\u00e1s\u00e1hoz \u00e9s megsz\u00fcntet\u00e9s\u00e9hez, illetve a szoci\u00e1lis-j\u00f3l\u00e9ti juttat\u00e1sok biztos\u00edt\u00e1s\u00e1hoz sz\u00fcks\u00e9gesek \u00e9s a munkav\u00e1llal\u00f3 szem\u00e9lyhez f\u0171z\u0151d\u0151 jogait nem s\u00e9rtik.<\/li><li>A T\u00e1rsas\u00e1g szerz\u0151d\u00e9s teljes\u00edt\u00e9se (Rendelet 6. cikk (1) bekezd\u00e9se b)) jogc\u00edm\u00e9n, munkaviszony l\u00e9tes\u00edt\u00e9se, teljes\u00edt\u00e9se vagy megsz\u0171n\u00e9se c\u00e9lj\u00e1b\u00f3l kezeli a munkav\u00e1llal\u00f3 al\u00e1bbi adatait:<\/li><\/ul><ol><li>n\u00e9v,<\/li><li>sz\u00fclet\u00e9si n\u00e9v,<\/li><li>sz\u00fclet\u00e9si ideje,<\/li><li>anyja neve,<\/li><li>lakc\u00edme,<\/li><li>\u00e1llampolg\u00e1rs\u00e1ga,<\/li><li>ad\u00f3azonos\u00edt\u00f3 jele,<\/li><li>TAJ sz\u00e1ma,<\/li><li>nyugd\u00edjas t\u00f6rzssz\u00e1m (nyugd\u00edjas munkav\u00e1llal\u00f3 eset\u00e9n),<\/li><li>telefonsz\u00e1m,<\/li><li>e-mail c\u00edm,<\/li><li>szem\u00e9lyi igazolv\u00e1ny sz\u00e1ma,<\/li><li>lakc\u00edmet igazol\u00f3 hat\u00f3s\u00e1gi igazolv\u00e1ny sz\u00e1ma,<\/li><li>banksz\u00e1mlasz\u00e1ma,<\/li><li>munk\u00e1ba l\u00e9p\u00e9s\u00e9nek kezd\u0151 \u00e9s befejez\u0151 id\u0151pontja,<\/li><li>munkak\u00f6r,<\/li><li>iskolai v\u00e9gzetts\u00e9g\u00e9t, szakk\u00e9pzetts\u00e9g\u00e9t igazol\u00f3 okm\u00e1ny m\u00e1solata,<\/li><li>f\u00e9nyk\u00e9p,<\/li><li>\u00f6n\u00e9letrajz,<\/li><li>munkab\u00e9r\u00e9nek \u00f6sszege, a b\u00e9rfizet\u00e9ssel, egy\u00e9b juttat\u00e1saival kapcsolatos adatok,<\/li><li>a munkav\u00e1llal\u00f3 munkab\u00e9r\u00e9b\u0151l joger\u0151s hat\u00e1rozat vagy jogszab\u00e1ly, illetve \u00edr\u00e1sbeli hozz\u00e1j\u00e1rul\u00e1sa alapj\u00e1n levonand\u00f3 tartoz\u00e1st, illetve ennek jogosults\u00e1g\u00e1t,<\/li><li>a munkav\u00e1llal\u00f3 munk\u00e1j\u00e1nak \u00e9rt\u00e9kel\u00e9se,<\/li><li>a munkaviszony megsz\u0171n\u00e9s\u00e9nek m\u00f3dja, indokai,<\/li><li>munkak\u00f6rt\u0151l f\u00fcgg\u0151en erk\u00f6lcsi bizony\u00edtv\u00e1nya<\/li><li>mag\u00e1nnyugd\u00edjp\u00e9nzt\u00e1ri \u00e9s \u00f6nk\u00e9ntes k\u00f6lcs\u00f6n\u00f6s biztos\u00edt\u00f3 p\u00e9nzt\u00e1ri tags\u00e1g eset\u00e9n a p\u00e9nzt\u00e1r megnevez\u00e9se, azonos\u00edt\u00f3 sz\u00e1ma \u00e9s a munkav\u00e1llal\u00f3 tags\u00e1gi sz\u00e1ma,<\/li><li>k\u00fclf\u00f6ldi munkav\u00e1llal\u00f3 eset\u00e9n \u00fatlev\u00e9lsz\u00e1m; munkav\u00e1llal\u00e1si jogosults\u00e1got igazol\u00f3 dokumentum\u00e1nak megnevez\u00e9s\u00e9t \u00e9s sz\u00e1ma,<\/li><li>munkav\u00e1llal\u00f3t \u00e9rt balesetek jegyz\u0151k\u00f6nyveiben r\u00f6gz\u00edtett adatokat;<\/li><li>a j\u00f3l\u00e9ti szolg\u00e1ltat\u00e1s, kereskedelmi sz\u00e1ll\u00e1shely ig\u00e9nybev\u00e9tel\u00e9hez sz\u00fcks\u00e9ges adatokat;<\/li><li>ad\u00f3-, t\u00e1rsadalombiztos\u00edt\u00e1si, kifizet\u0151i kedvezm\u00e9ny ig\u00e9nybev\u00e9tele c\u00e9lj\u00e1b\u00f3l &#8211; ehhez sz\u00fcks\u00e9ges m\u00e9rt\u00e9kben &#8211; a munkav\u00e1llal\u00f3 eg\u00e9szs\u00e9g\u00fcgyi adata, h\u00e1zast\u00e1rsa, gyermekeinek szem\u00e9lyes adata<\/li><\/ol><ul><li>Betegs\u00e9gre \u00e9s szakszervezeti tags\u00e1g\u00e1ra vonatkoz\u00f3 adatokat a munk\u00e1ltat\u00f3 csak a Munka T\u00f6rv\u00e9nyk\u00f6nyvben meghat\u00e1rozott jog, vagy k\u00f6telezetts\u00e9g teljes\u00edt\u00e9se c\u00e9lj\u00e1b\u00f3l kezel.<\/li><li>A szem\u00e9lyes adatok c\u00edmzettjei: <strong>a T\u00e1rsas\u00e1g \u00fcgyvezet\u0151je \u00e9s a k\u00f6nyvel\u00e9si iroda.<\/strong><\/li><li>A szem\u00e9lyes adatok t\u00e1rol\u00e1s\u00e1nak id\u0151tartama: a munkaviszony megsz\u0171n\u00e9s\u00e9t k\u00f6vet\u0151 5 \u00e9v. Emellett azonban a T\u00e1rsas\u00e1g figyelemmel van A k\u00f6ziratokr\u00f3l, a k\u00f6zlev\u00e9lt\u00e1rakr\u00f3l \u00e9s a mag\u00e1nlev\u00e9lt\u00e1ri anyag v\u00e9delm\u00e9r\u0151l sz\u00f3l\u00f3 1995. \u00e9vi LXVI. t\u00f6rv\u00e9ny (Lev\u00e9lt\u00e1ri t\u00f6rv\u00e9ny) rendelkez\u00e9seire is: Ezek alapj\u00e1n a maradand\u00f3 \u00e9rt\u00e9k\u0171nek min\u0151s\u00fcl\u0151 iratokat, \u00edgy k\u00fcl\u00f6n\u00f6sen a b\u00e9rsz\u00e1mfejt\u00e9st al\u00e1t\u00e1maszt\u00f3, valamint a nyugd\u00edj meg\u00e1llap\u00edt\u00e1s\u00e1hoz sz\u00fcks\u00e9ges munka\u00fcgyi iratokat (\u00fagy mint a munkaszerz\u0151d\u00e9sek, igazol\u00e1sok, jelenl\u00e9ti \u00edvek, be-, \u00e9s kijelent\u00e9si nyomtatv\u00e1nyok, b\u00e9rjegyz\u00e9kek \u00e9s \u00f6sszes\u00edt\u0151k) korl\u00e1tlan ideig k\u00f6teles a T\u00e1rsas\u00e1g meg\u0151rizni, \u00edgy azok nem selejtezhet\u0151k.<\/li><li>Az \u00e9rintettel az adatkezel\u00e9s megkezd\u00e9se el\u0151tt k\u00f6z\u00f6lni kell, hogy az adatkezel\u00e9s a Munka t\u00f6rv\u00e9nyk\u00f6nyv\u00e9n, azaz szerz\u0151d\u00e9s teljes\u00edt\u00e9s\u00e9n alapul. A munk\u00e1ltat\u00f3 a munkaviszony megsz\u0171n\u00e9s\u00e9t k\u00f6vet\u0151 5 \u00e9vig \u0151rzi a fentiekben r\u00e9szletezett szem\u00e9lyes adatokat egy munkaviszonyb\u00f3l ered\u0151 munkajogi vagy polg\u00e1ri jogi per \u00e1ltal\u00e1nos el\u00e9v\u00fcl\u00e9si idej\u00e9ig.<\/li><li>A munk\u00e1ltat\u00f3 a munkaszerz\u0151d\u00e9s megk\u00f6t\u00e9s\u00e9vel egyidej\u0171leg a jelen szab\u00e1lyzat 7\/1. sz\u00e1m\u00fa mell\u00e9klete szerinti nyilatkozik az adatv\u00e9delmi szab\u00e1lyzat megismer\u00e9s\u00e9r\u0151l \u00e9s titoktart\u00e1si k\u00f6telezetts\u00e9g\u00e9nek elfogad\u00e1s\u00e1val. A jelen szab\u00e1lyzat 7\/2. sz\u00e1m\u00fa mell\u00e9klete szerinti T\u00e1j\u00e9koztat\u00f3val t\u00e1j\u00e9koztatja a munkav\u00e1llal\u00f3t szem\u00e9lyes adatainak kezel\u00e9s\u00e9r\u0151l \u00e9s szem\u00e9lyhez f\u0171z\u0151d\u0151 jogair\u00f3l, egy\u00fattal munkav\u00e1llal\u00f3 nyilatkozik arr\u00f3l, hogy a T\u00e1rsas\u00e1g adatv\u00e9delmi szab\u00e1lyzat\u00e1t megismerte, \u00e9s azt mag\u00e1ra n\u00e9zve k\u00f6telez\u0151nek ismerte el, tov\u00e1bb\u00e1 munkav\u00e1llal\u00f3 elfogadja az alkalmass\u00e1gi vizsg\u00e1lat kapcs\u00e1n ny\u00fajtott munk\u00e1ltat\u00f3i t\u00e1j\u00e9koztat\u00e1st.<\/li><\/ul><p>\u00a0<\/p><ol start=\"8\"><li><strong>ALKALMASS\u00c1GI VIZSG\u00c1LATOKKAL KAPCSOLATOS ADATKEZEL\u00c9S<\/strong><\/li><\/ol><ul><li>A munkav\u00e1llal\u00f3val szemben csak olyan alkalmass\u00e1gi vizsg\u00e1lat alkalmazhat\u00f3, amelyet munkaviszonyra vonatkoz\u00f3 szab\u00e1ly \u00edr el\u0151, vagy amely munkaviszonyra vonatkoz\u00f3 szab\u00e1lyban meghat\u00e1rozott jog gyakorl\u00e1sa, k\u00f6telezetts\u00e9g teljes\u00edt\u00e9se \u00e9rdek\u00e9ben sz\u00fcks\u00e9ges. A vizsg\u00e1lat el\u0151tt r\u00e9szletesen t\u00e1j\u00e9koztatni kell a munkav\u00e1llal\u00f3kat t\u00f6bbek k\u00f6z\u00f6tt arr\u00f3l, hogy az alkalmass\u00e1gi vizsg\u00e1lat milyen k\u00e9szs\u00e9g, k\u00e9pess\u00e9g felm\u00e9r\u00e9s\u00e9re ir\u00e1nyul, a vizsg\u00e1lat milyen eszk\u00f6zzel, m\u00f3dszerrel t\u00f6rt\u00e9nik. Amennyiben jogszab\u00e1ly \u00edrja el\u0151 a vizsg\u00e1lat elv\u00e9gz\u00e9s\u00e9t, akkor t\u00e1j\u00e9koztatni kell a munkav\u00e1llal\u00f3kat a jogszab\u00e1ly c\u00edm\u00e9r\u0151l \u00e9s a pontos jogszab\u00e1lyhelyr\u0151l is. E T\u00e1j\u00e9koztat\u00e1shoz kapcsol\u00f3d\u00f3 adatkezel\u00e9si t\u00e1j\u00e9koztat\u00f3 mint\u00e1j\u00e1t jelen szab\u00e1lyzat 7\/2. sz\u00e1m\u00fa mell\u00e9klete tartalmazza.<\/li><li>A munkaalkalmass\u00e1gra, felk\u00e9sz\u00fclts\u00e9gre ir\u00e1nyul\u00f3 tesztlapok a munk\u00e1ltat\u00f3 mind a munkaviszony l\u00e9tes\u00edt\u00e9se el\u0151tt, mind pedig a munkaviszony fenn\u00e1ll\u00e1sa alatt kit\u00f6ltetheti a munkav\u00e1llal\u00f3kkal.<\/li><li>Az egy\u00e9rtelm\u0171en munkaviszonnyal kapcsolatos, a munkafolyamatok hat\u00e9konyabb ell\u00e1t\u00e1sa, megszervez\u00e9se \u00e9rdek\u00e9ben csak akkor t\u00f6lthet\u0151 ki a munkav\u00e1llal\u00f3k nagyobb csoportj\u00e1val pszichol\u00f3giai, vagy szem\u00e9lyis\u00e9gjegyek kutat\u00e1s\u00e1ra alkalmas tesztl\u00e1p, ha az elemz\u00e9s sor\u00e1n felsz\u00ednre ker\u00fclt adatok nem k\u00f6thet\u0151k az egyes konkr\u00e9t munkav\u00e1llal\u00f3khoz, vagyis anonim m\u00f3don t\u00f6rt\u00e9nik az adatok feldolgoz\u00e1sa.<\/li><li>A kezelhet\u0151 szem\u00e9lyes adatok k\u00f6re: a munkak\u00f6ri alkalmass\u00e1g t\u00e9nye, \u00e9s az ehhez sz\u00fcks\u00e9ges felt\u00e9telek.<\/li><li>Az adatkezel\u00e9s jogalapja: a munk\u00e1ltat\u00f3 jogi k\u00f6telezetts\u00e9ge.<\/li><li>A szem\u00e9lyes adatok kezel\u00e9s\u00e9nek c\u00e9lja: munkaviszony l\u00e9tes\u00edt\u00e9se, fenntart\u00e1sa, munkak\u00f6r bet\u00f6lt\u00e9se.<\/li><li>A szem\u00e9lyes adatok c\u00edmzettjei, illetve a c\u00edmzettek kateg\u00f3ri\u00e1i: A vizsg\u00e1lat eredm\u00e9ny\u00e9t a vizsg\u00e1lt munkav\u00e1llal\u00f3k, illetve a vizsg\u00e1latot v\u00e9gz\u0151 szakember ismerhetik meg. A munk\u00e1ltat\u00f3 csak azt az inform\u00e1ci\u00f3t kaphatja meg, hogy a vizsg\u00e1lt szem\u00e9ly a munk\u00e1ra alkalmas-e vagy sem, illetve milyen felt\u00e9telek biztos\u00edtand\u00f3k ehhez. A vizsg\u00e1lat r\u00e9szleteit, illetve annak teljes dokument\u00e1ci\u00f3j\u00e1t azonban a munk\u00e1ltat\u00f3 nem ismerheti meg. A munk\u00e1ltat\u00f3 \u00e1ltal megb\u00edzott \u00fczemorvos k\u00fcl\u00f6n adatkezel\u0151nek min\u0151s\u00fcl, aki k\u00f6teles a hat\u00e1lyos adatv\u00e9delmi rendelkez\u00e9seknek megfelel\u0151en kezeli a szem\u00e9lyes adatokat. Ezen szem\u00e9lyes adatokat a munk\u00e1ltat\u00f3 r\u00e9sz\u00e9r\u0151l a T\u00e1rsas\u00e1g \u00fcgyvezet\u0151je, az irodavezet\u0151 \u00e9s a k\u00f6nyvel\u0151iroda ismerheti meg.<\/li><li>A szem\u00e9lyes adatok kezel\u00e9s\u00e9nek id\u0151tartama: a munkaviszony megsz\u0171n\u00e9s\u00e9t k\u00f6vet\u0151 3 \u00e9v.<\/li><\/ul><p>\u00a0<\/p><ol start=\"9\"><li><strong>ADATKEZEL\u00c9S AD\u00d3-, \u00c9S SZ\u00c1MVITELI K\u00d6TELEZETTS\u00c9GEK TELJES\u00cdT\u00c9SE C\u00c9LJ\u00c1B\u00d3L<\/strong><\/li><\/ol><ul><li>A T\u00e1rsas\u00e1g jogi k\u00f6telezetts\u00e9g teljes\u00edt\u00e9se jogc\u00edm\u00e9n, t\u00f6rv\u00e9nyben el\u0151\u00edrt ad\u00f3 \u00e9s sz\u00e1mviteli k\u00f6telezetts\u00e9gek teljes\u00edt\u00e9se (k\u00f6nyvel\u00e9s, ad\u00f3z\u00e1s) c\u00e9lj\u00e1b\u00f3l kezeli a vev\u0151k\u00e9nt, sz\u00e1ll\u00edt\u00f3k\u00e9nt vele \u00fczleti kapcsolatba l\u00e9p\u0151 term\u00e9szetes szem\u00e9lyek t\u00f6rv\u00e9nyben meghat\u00e1rozottadatait. A kezelt adatok az \u00e1ltal\u00e1nos forgalmi ad\u00f3r\u00f3l sz\u00f3l\u00f3 2017. \u00e9vi CXXVII. tv. 169.\u00a7, \u00e9s 202.\u00a7-a alapj\u00e1n k\u00fcl\u00f6n\u00f6sen: ad\u00f3sz\u00e1m, n\u00e9v, c\u00edm, ad\u00f3z\u00e1si st\u00e1tusz, a sz\u00e1mvitelr\u0151l sz\u00f3l\u00f3 2000. \u00e9vi C. t\u00f6rv\u00e9ny 167.\u00a7-a alapj\u00e1n: n\u00e9v, c\u00edm, a gazdas\u00e1gi m\u0171veletet elrendel\u0151 szem\u00e9ly vagy szervezet megjel\u00f6l\u00e9se, az utalv\u00e1nyoz\u00f3 \u00e9s a rendelkez\u00e9s v\u00e9grehajt\u00e1s\u00e1t igazol\u00f3 szem\u00e9ly, valamint a szervezett\u0151l f\u00fcgg\u0151en az ellen\u0151r al\u00e1\u00edr\u00e1sa; a k\u00e9szletmozg\u00e1sok bizonylatain \u00e9s a p\u00e9nzkezel\u00e9si bizonylatokon az \u00e1tvev\u0151, az ellennyugt\u00e1kon a befizet\u0151 al\u00e1\u00edr\u00e1sa, a szem\u00e9lyi j\u00f6vedelemad\u00f3r\u00f3l sz\u00f3l\u00f3 1995. \u00e9vi CXVII. t\u00f6rv\u00e9ny alapj\u00e1n: v\u00e1llalkoz\u00f3i igazolv\u00e1ny sz\u00e1ma, \u0151stermel\u0151i igazolv\u00e1ny sz\u00e1ma, ad\u00f3azonos\u00edt\u00f3 jel.<\/li><li>A szem\u00e9lyes adatok t\u00e1rol\u00e1s\u00e1nak id\u0151tartama a jogalapot ad\u00f3 jogviszony megsz\u0171n\u00e9s\u00e9t k\u00f6vet\u0151 8 \u00e9v.<\/li><li>A szem\u00e9lyes adatok c\u00edmzettjei: T\u00e1rsas\u00e1g \u00fcgyvezet\u0151je \u00e9s a k\u00f6nyvel\u0151iroda.<\/li><\/ul><p>\u00a0<\/p><ol start=\"10\"><li><strong>KIFIZET\u0150I ADATKEZEL\u00c9S<\/strong><\/li><\/ol><ul><li>A T\u00e1rsas\u00e1g jogi k\u00f6telezetts\u00e9g teljes\u00edt\u00e9se jogc\u00edm\u00e9n, t\u00f6rv\u00e9nyben el\u0151\u00edrt ad\u00f3 \u00e9s j\u00e1rul\u00e9kk\u00f6telezetts\u00e9gek teljes\u00edt\u00e9se (ad\u00f3*, ad\u00f3el\u0151leg, j\u00e1rul\u00e9kok meg\u00e1llap\u00edt\u00e1sa, b\u00e9rsz\u00e1mfejt\u00e9s, t\u00e1rsadalombiztos\u00edt\u00e1si, nyugd\u00edj \u00fcgyint\u00e9z\u00e9s) c\u00e9lj\u00e1b\u00f3l kezeli azon \u00e9rintettek &#8211; munkav\u00e1llal\u00f3k, csal\u00e1dtagjaik, foglalkoztatottak, egy\u00e9b juttat\u00e1sban r\u00e9szes\u00fcl\u0151k &#8211; ad\u00f3t\u00f6rv\u00e9nyekben el\u0151\u00edrt szem\u00e9lyes adatait, akikkel kifizet\u0151i (2017:CL. t\u00f6rv\u00e9ny az ad\u00f3z\u00e1s rendj\u00e9r\u0151l (Art.) 7.\u00a7 31.) kapcsolatban \u00e1ll. A kezelt adatok k\u00f6r\u00e9t az Art. 50.\u00a7-a hat\u00e1rozza meg, k\u00fcl\u00f6n is kiemelve ebb\u0151l: a term\u00e9szetes szem\u00e9ly term\u00e9szetes szem\u00e9lyazonos\u00edt\u00f3 adatait (ide\u00e9rtve az el\u0151z\u0151 nevet \u00e9s a titulust is), nem\u00e9t, \u00e1llampolg\u00e1rs\u00e1g\u00e1t, a term\u00e9szetes szem\u00e9ly ad\u00f3azonos\u00edt\u00f3 jel\u00e9t, t\u00e1rsadalombiztos\u00edt\u00e1si azonos\u00edt\u00f3 jel\u00e9t (T\u00c1J sz\u00e1m). Amennyiben az ad\u00f3t\u00f6rv\u00e9nyek ehhez jogk\u00f6vetkezm\u00e9nyt f\u0171znek, a T\u00e1rsas\u00e1g kezelheti a munkav\u00e1llal\u00f3k eg\u00e9szs\u00e9g\u00fcgyi (Szja tv. 40.\u00a7) \u00e9s szakszervezeti (Szja 47.\u00a7(2) b.\/) tags\u00e1gra vonatkoz\u00f3 adatokat ad\u00f3 \u00e9s j\u00e1rul\u00e9kk\u00f6telezetts\u00e9gek teljes\u00edt\u00e9s (b\u00e9rsz\u00e1mfejt\u00e9s, t\u00e1rsadalombiztos\u00edt\u00e1si \u00fcgyint\u00e9z\u00e9s) c\u00e9lj\u00e1b\u00f3l.<\/li><li>A szem\u00e9lyes adatok t\u00e1rol\u00e1s\u00e1nak id\u0151tartama a jogalapot ad\u00f3 jogviszony megsz\u0171n\u00e9s\u00e9t k\u00f6vet\u0151 8 \u00e9v. Emellett azonban a T\u00e1rsas\u00e1g figyelemmel van a k\u00f6ziratokr\u00f3l, a k\u00f6zlev\u00e9lt\u00e1rakr\u00f3l \u00e9s a mag\u00e1nlev\u00e9lt\u00e1ri anyag v\u00e9delm\u00e9r\u0151l sz\u00f3l\u00f3 1995. \u00e9vi LXVI. t\u00f6rv\u00e9ny (Lev\u00e9lt\u00e1ri t\u00f6rv\u00e9ny) rendelkez\u00e9seire is: Ezek alapj\u00e1n a maradand\u00f3 \u00e9rt\u00e9k\u0171nek min\u0151s\u00fcl\u0151 iratokat, \u00edgy k\u00fcl\u00f6n\u00f6sen a b\u00e9rsz\u00e1mfejt\u00e9st al\u00e1t\u00e1maszt\u00f3, valamint a nyugd\u00edj meg\u00e1llap\u00edt\u00e1s\u00e1hoz sz\u00fcks\u00e9ges munka\u00fcgyi iratokat (\u00fagy mint a munkaszerz\u0151d\u00e9sek, igazol\u00e1sok, jelenl\u00e9ti \u00edvek, be-, \u00e9s ki jelent\u00e9si nyomtatv\u00e1nyok, b\u00e9rjegyz\u00e9kek \u00e9s \u00f6sszes\u00edt\u0151k) korl\u00e1tlan ideig k\u00f6teles a T\u00e1rsas\u00e1g meg\u0151rizni, \u00edgy azok nem selejtezhet\u0151k.<\/li><li>A szem\u00e9lyes adatok c\u00edmzettjei: T\u00e1rsas\u00e1g \u00fcgyvezet\u0151je \u00e9s a k\u00f6nyvel\u0151iroda.<\/li><\/ul><p>\u00a0<\/p><ol start=\"11\"><li><strong>A LEV\u00c1LT\u00c1RI T\u00d6RV\u00c9NY SZERINTI MARADAND\u00d3 IRATOKRA VONATKOZ\u00d3 ADATKEZEL\u00c9S<\/strong><\/li><\/ol><p>(1) A T\u00e1rsas\u00e1g jogi k\u00f6telezetts\u00e9ge teljes\u00edt\u00e9se jogc\u00edm\u00e9n kezeli a k\u00f6ziratokr\u00f3l, a k\u00f6zlev\u00e9lt\u00e1rakr\u00f3l \u00e9s a mag\u00e1nlev\u00e9lt\u00e1ri anyag v\u00e9delm\u00e9r\u0151l sz\u00f3l\u00f3 1995. \u00e9vi LXVI. t\u00f6rv\u00e9ny (Lev\u00e9lt\u00e1ri t\u00f6rv\u00e9ny) szerint maradand\u00f3 \u00e9rt\u00e9k\u0171nek min\u0151s\u00fcl\u0151 iratait, \u00edgy k\u00fcl\u00f6n\u00f6s tekintettel a nyugd\u00edj meg\u00e1llap\u00edt\u00e1s\u00e1hoz, sz\u00e1m\u00edt\u00e1s\u00e1hoz sz\u00fcks\u00e9ges dokument\u00e1ci\u00f3t abb\u00f3l a c\u00e9lb\u00f3l, hogy a T\u00e1rsas\u00e1g iratt\u00e1ri anyag\u00e1nak maradand\u00f3 \u00e9rt\u00e9k\u0171 r\u00e9sze \u00e9ps\u00e9gben \u00e9s haszn\u00e1lhat\u00f3 \u00e1llapotban a j\u00f6v\u0151 nemzed\u00e9kei sz\u00e1m\u00e1ra is fennmaradjon. Az adatt\u00e1rol\u00e1s ideje: az \u00e9rintett szem\u00e9ly nyugd\u00edjba vonul\u00e1s\u00e1ig.<\/p><p>(2) A szem\u00e9lyes adatok c\u00edmzettjei: T\u00e1rsas\u00e1g \u00fcgyvezet\u0151je \u00e9s a k\u00f6nyvel\u0151iroda.<\/p><p>\u00a0<\/p><ol start=\"12\"><li><strong>FEL\u00dcLVIZSG\u00c1LATI K\u00d6TELEZETTS\u00c9G EGYES K\u00d6TELEZ\u0150 ADATKEZEL\u00c9SEK ESET\u00c9N<\/strong><\/li><\/ol><p>A jogi k\u00f6telezetts\u00e9gen alapul\u00f3 adatkezel\u00e9sekre vonatkoz\u00f3 adatkezel\u00e9si \/adatt\u00e1rol\u00e1si id\u0151tartam t\u00e1rgy\u00e1ban az Info.tv. legal\u00e1bb h\u00e1rom\u00e9venk\u00e9nti fel\u00fclvizsg\u00e1lati k\u00f6telezetts\u00e9get \u00edr el\u0151 az al\u00e1bbiak szerint:<\/p><p><em>(5) Ha a k\u00f6telez\u0151 adatkezel\u00e9s id\u0151tartam\u00e1t vagy sz\u00fcks\u00e9gess\u00e9ge id\u0151szakos fel\u00fclvizsg\u00e1lat\u00e1t t\u00f6rv\u00e9ny, helyi \u00f6nkorm\u00e1nyzat rendelete vagy az Eur\u00f3pai Uni\u00f3 k\u00f6telez\u0151 jogi aktusa nem hat\u00e1rozza meg, az adatkezel\u0151 az adatkezel\u00e9s megkezd\u00e9s\u00e9t\u0151l legal\u00e1bb h\u00e1rom\u00e9vente fel\u00fclvizsg\u00e1lja, hogy az \u00e1ltala, illetve a megb\u00edz\u00e1s\u00e1b\u00f3l vagy rendelkez\u00e9se alapj\u00e1n elj\u00e1r\u00f3 adatfeldolgoz\u00f3 \u00e1ltal kezelt szem\u00e9lyes adat kezel\u00e9se az adatkezel\u00e9s c\u00e9lj\u00e1nak megval\u00f3sul\u00e1s\u00e1hoz sz\u00fcks\u00e9ges-e. Ezen fel\u00fclvizsg\u00e1lat k\u00f6r\u00fclm\u00e9nyeit \u00e9s eredm\u00e9ny\u00e9t az adatkezel\u0151 dokument\u00e1lja, e dokument\u00e1ci\u00f3t a fel\u00fclvizsg\u00e1lat elv\u00e9gz\u00e9s\u00e9t k\u00f6vet\u0151 t\u00edz \u00e9vig meg\u0151rzi \u00e9s azt a Nemzeti Adatv\u00e9delmi \u00e9s Inform\u00e1ci\u00f3szabads\u00e1g Hat\u00f3s\u00e1g (a tov\u00e1bbiakban: Hat\u00f3s\u00e1g) k\u00e9r\u00e9s\u00e9re a Hat\u00f3s\u00e1g rendelkez\u00e9s\u00e9re bocs\u00e1tja<\/em>.<\/p><p>Ezek alapj\u00e1n az Adatkezel\u0151 k\u00f6teles legal\u00e1bb h\u00e1rom\u00e9vente fel\u00fclvizsg\u00e1lni k\u00f6telez\u0151 adatkezel\u00e9s eset\u00e9n az adatkezel\u00e9s id\u0151tartam\u00e1t olyan esetekben, amelyekben adatt\u00e1rol\u00e1si id\u0151t jogszab\u00e1ly nem \u00edr el\u0151. Az adatkezel\u0151 \u00e1ltal v\u00e9gzett k\u00f6telez\u0151 adatkezel\u00e9sek k\u00f6z\u00fcl az alkalmass\u00e1gi vizsg\u00e1lattal kapcsolatos adatkezel\u00e9sek sz\u00e1m\u00e1ra nem hat\u00e1roz meg jogszab\u00e1ly adatt\u00e1rol\u00e1si id\u0151t, \u00edgy Adatkezel\u0151 ezen adatkezel\u00e9s tekintet\u00e9ben k\u00f6teles vizsg\u00e1latot lefolytatni. A fel\u00fclvizsg\u00e1latot az Adatkezel\u0151 \u00edr\u00e1sban r\u00f6gz\u00edti \u00e9s dokument\u00e1lja, \u00e9s azt a fel\u00fclvizsg\u00e1lat elv\u00e9gz\u00e9s\u00e9t k\u00f6vet\u0151 t\u00edz \u00e9vig meg\u0151rzi.<\/p><p>\u00a0<\/p><p><strong>HOZZ\u00c1J\u00c1RUL\u00c1SON ALAPUL\u00d3 ADATKEZEL\u00c9S<\/strong><\/p><ol start=\"13\"><li><strong>\u00c1LL\u00c1SKERES\u0150K, P\u00c1LY\u00c1Z\u00d3K ADATAINAK NYILV\u00c1NTART\u00c1SA<\/strong><\/li><\/ol><ul><li>A kezelhet\u0151 szem\u00e9lyes adatok k\u00f6re: a term\u00e9szetes szem\u00e9ly neve, sz\u00fclet\u00e9si ideje, helye, anyja neve, lakc\u00edm, k\u00e9pes\u00edt\u00e9si adatok, f\u00e9nyk\u00e9p, telefonsz\u00e1m, e-mail c\u00edm, a jelentkez\u0151r\u0151l k\u00e9sz\u00edtett munk\u00e1ltat\u00f3i feljegyz\u00e9s (ha van).<\/li><li>A szem\u00e9lyes adatok kezel\u00e9s\u00e9nek c\u00e9lja: jelentkez\u00e9s, p\u00e1ly\u00e1zat elb\u00edr\u00e1l\u00e1sa, a kiv\u00e1lasztottal munkaszerz\u0151d\u00e9s k\u00f6t\u00e9se. Az \u00e9rintettet t\u00e1j\u00e9koztatni kell arr\u00f3l, ha a munk\u00e1ltat\u00f3 nem \u0151t v\u00e1lasztotta az adott \u00e1ll\u00e1sra.<\/li><li>Az adatkezel\u00e9s jogalapja: az \u00e9rintett hozz\u00e1j\u00e1rul\u00e1sa.<\/li><li>A szem\u00e9lyes adatok c\u00edmzettjei, illetve a c\u00edmzettek kateg\u00f3ri\u00e1i: a T\u00e1rsas\u00e1g \u00fcgyvezet\u0151je.<\/li><li>A szem\u00e9lyes adatok t\u00e1rol\u00e1s\u00e1nak id\u0151tartama: A jelentkez\u00e9s, p\u00e1ly\u00e1zat elb\u00edr\u00e1l\u00e1s\u00e1ig. A ki nem v\u00e1lasztott jelentkez\u0151k szem\u00e9lyes adatait az elutas\u00edt\u00e1s k\u00f6zl\u00e9s\u00e9t\u0151l sz\u00e1m\u00edtott 14 napon bel\u00fcl t\u00f6r\u00f6lni kell. T\u00f6r\u00f6lni kell annak adatait is, aki jelentkez\u00e9s\u00e9t, p\u00e1ly\u00e1zat\u00e1t visszavonta.<\/li><\/ul><p>P\u00e1ly\u00e1z\u00f3nak joga van szem\u00e9lyes adatai kezel\u00e9s\u00e9re adott hozz\u00e1j\u00e1rul\u00e1s\u00e1t visszavonni. Ebben az esetben a T\u00e1rsas\u00e1g a p\u00e1ly\u00e1z\u00f3 szem\u00e9lyes adatait halad\u00e9ktalanul t\u00f6r\u00f6lni \u00e9s megsemmis\u00edteni k\u00f6teles.<\/p><ul><li>A munk\u00e1ltat\u00f3 csak az \u00e9rintett kifejezett, egy\u00e9rtelm\u0171 \u00e9s \u00f6nk\u00e9ntes hozz\u00e1j\u00e1rul\u00e1sa alapj\u00e1n \u0151rizheti meg a p\u00e1ly\u00e1zatokat, felt\u00e9ve, ha azok meg\u0151rz\u00e9s\u00e9re a jogszab\u00e1lyokkal \u00f6sszhangban \u00e1ll\u00f3 adatkezel\u00e9si c\u00e9lja el\u00e9r\u00e9se \u00e9rdek\u00e9ben sz\u00fcks\u00e9g van. Ezen hozz\u00e1j\u00e1rul\u00e1st a felv\u00e9teli elj\u00e1r\u00e1s lez\u00e1r\u00e1s\u00e1t k\u00f6vet\u0151en kell k\u00e9rni a jelentkez\u0151kt\u0151l.<\/li><\/ul><p>\u00a0<\/p><p><strong>SZERZ\u0150D\u00c9S TELJES\u00cdT\u00c9S\u00c9N ALAPUL\u00d3 ADATKEZEL\u00c9S<\/strong><\/p><ol start=\"14\"><li><strong>SZERZ\u0150D\u00c9SES PARTNEREK ADATAINAK KEZEL\u00c9SE &#8211; VEV\u0150K, SZ\u00c1LL\u00cdT\u00d3K NYILV\u00c1NTART\u00c1SA<\/strong><\/li><\/ol><ul><li>A T\u00e1rsas\u00e1g aj\u00e1nlat ad\u00e1s vagy szerz\u0151d\u00e9s teljes\u00edt\u00e9se jogc\u00edm\u00e9n a szerz\u0151d\u00e9s megk\u00f6t\u00e9se, teljes\u00edt\u00e9se, megsz\u0171n\u00e9se, szerz\u0151d\u00e9si kedvezm\u00e9ny ny\u00fajt\u00e1sa c\u00e9lj\u00e1b\u00f3l kezeli a vele vev\u0151k\u00e9nt, sz\u00e1ll\u00edt\u00f3k\u00e9nt szerz\u0151d\u00f6tt term\u00e9szetes szem\u00e9ly, egy\u00e9ni v\u00e1llalkoz\u00f3 vagy \u0151stermel\u0151 nev\u00e9t, sz\u00fclet\u00e9si nev\u00e9t, sz\u00fclet\u00e9si idej\u00e9t, anyja nev\u00e9t, lakc\u00edm\u00e9t, ad\u00f3azonos\u00edt\u00f3 jel\u00e9t, ad\u00f3sz\u00e1m\u00e1t, v\u00e1llalkoz\u00f3i igazolv\u00e1ny sz\u00e1m\u00e1t, lakc\u00edm\u00e9t, sz\u00e9khely, telephely c\u00edm\u00e9t, telefonsz\u00e1m\u00e1t, e-mail c\u00edm\u00e9t, honlap-c\u00edm\u00e9t, banksz\u00e1mlasz\u00e1m\u00e1t. Ezen adatkezel\u00e9s jogszer\u0171nek min\u0151s\u00fcl akkor is, ha az adatkezel\u00e9s a szerz\u0151d\u00e9s megk\u00f6t\u00e9s\u00e9t megel\u0151z\u0151en az \u00e9rintett k\u00e9r\u00e9s\u00e9re t\u00f6rt\u00e9n\u0151 l\u00e9p\u00e9sek megt\u00e9tel\u00e9hez sz\u00fcks\u00e9ges. A szem\u00e9lyes adatok c\u00edmzettjei: a T\u00e1rsas\u00e1g \u00fcgyvezet\u0151je, az \u00fcgyf\u00e9lkiszolg\u00e1l\u00e1ssal kapcsolatos feladatokat ell\u00e1t\u00f3 munkav\u00e1llal\u00f3i, k\u00f6nyvel\u00e9si, ad\u00f3z\u00e1si feladatokat ell\u00e1t\u00f3 munkav\u00e1llal\u00f3i, \u00e9s adatfeldolgoz\u00f3ja. A szem\u00e9lyes adatok t\u00e1rol\u00e1s\u00e1nak id\u0151tartama: a szerz\u0151d\u00e9s megsz\u0171n\u00e9s\u00e9t k\u00f6vet\u0151 5 \u00e9v.<\/li><li>Az \u00e9rintett term\u00e9szetes szem\u00e9llyel az adatkezel\u00e9s megkezd\u00e9se el\u0151tt k\u00f6z\u00f6lni kell, hogy az adatkezel\u00e9s a szerz\u0151d\u00e9s teljes\u00edt\u00e9se jogc\u00edm\u00e9n alapul vagy a t\u00e1j\u00e9koztat\u00e1s t\u00f6rt\u00e9nhet a szerz\u0151d\u00e9sben is. Az \u00e9rintettet szem\u00e9lyes adatai adatfeldolgoz\u00f3 r\u00e9sz\u00e9re t\u00f6rt\u00e9n\u0151 \u00e1tad\u00e1s\u00e1r\u00f3l t\u00e1j\u00e9koztatni kell. Ezen t\u00e1j\u00e9koztat\u00e1si k\u00f6telezetts\u00e9gnek a T\u00e1rsas\u00e1g a 16. pont (5) bekezd\u00e9s\u00e9ben foglaltak szerint tesz eleget.<\/li><\/ul><p>\u00a0<\/p><p><strong>JOGOS \u00c9RDEKEN ALAPUL\u00d3 ADATKEZEL\u00c9S<\/strong><\/p><ol start=\"15\"><li><strong>JOGI SZEM\u00c9LY \u00dcGYFELEK, VEV\u0150K, SZ\u00c1LL\u00cdT\u00d3K TERM\u00c9SZETES SZEM\u00c9LY K\u00c9PVISEL\u0150INEK SZEM\u00c9LYES ADATAI<\/strong><\/li><\/ol><ul><li>A kezelhet\u0151 szem\u00e9lyes adatok k\u00f6re: a term\u00e9szetes szem\u00e9ly neve, telefonsz\u00e1ma, e-mail c\u00edme.<\/li><li>A szem\u00e9lyes adatok kezel\u00e9s\u00e9nek c\u00e9lja: a T\u00e1rsas\u00e1g jogi szem\u00e9ly partner\u00e9vel k\u00f6t\u00f6tt szerz\u0151d\u00e9s teljes\u00edt\u00e9se, \u00fczleti kapcsolattart\u00e1s, jogalapja: Adatkezel\u0151 jogos \u00e9rdeke (6. cikk (1)f)). Az Adatkezel\u0151 ezen jogalap alkalmaz\u00e1s\u00e1hoz \u00e9rdekm\u00e9rlegel\u00e9si tesztet kell v\u00e9gezzen, amelyben vizsg\u00e1lnia kell, hogy ezen \u00e9rdekekkel szemben els\u0151bbs\u00e9get \u00e9lveznek-e az \u00e9rintettek olyan \u00e9rdekei vagy alapvet\u0151 jogai \u00e9s szabads\u00e1gai, amelyek szem\u00e9lyes adatok v\u00e9delm\u00e9t teszik sz\u00fcks\u00e9gess\u00e9. Az Adatkezel\u0151 az adatkezel\u00e9s alatt rendszeresen, abban t\u00f6rt\u00e9n\u0151 esetleges v\u00e1ltoz\u00e1sok sor\u00e1n pedig k\u00fcl\u00f6n\u00f6sen k\u00f6teles vizsg\u00e1lni a jogos \u00e9rdek fenn\u00e1ll\u00e1s\u00e1t. Az e c\u00e9lb\u00f3l v\u00e9gzett \u00e9rdekm\u00e9rlegel\u00e9st jelen szab\u00e1lyzat 10.1. sz\u00e1m\u00fa mell\u00e9klete tartalmazza.<\/li><li>A szem\u00e9lyes adatok c\u00edmzettjei, illetve a c\u00edmzettek kateg\u00f3ri\u00e1i: a T\u00e1rsas\u00e1g \u00fcgyvezet\u0151je \u00e9s munkav\u00e1llal\u00f3i.<\/li><li>A szem\u00e9lyes adatok t\u00e1rol\u00e1s\u00e1nak id\u0151tartama: az \u00fczleti kapcsolat, illetve az \u00e9rintett k\u00e9pvisel\u0151i min\u0151s\u00e9g\u00e9nek fenn\u00e1ll\u00e1s\u00e1t k\u00f6vet\u0151 5 \u00e9vig.<\/li><li>A 12. sz\u00e1m\u00fa mell\u00e9kletben foglalt T\u00e1j\u00e9koztat\u00f3val t\u00e1j\u00e9koztatja a T\u00e1rsas\u00e1g a szerz\u0151d\u00e9ses partnereit, \u00fczletfeleit adatkezel\u00e9si gyakorlat\u00e1r\u00f3l. A T\u00e1j\u00e9koztat\u00f3 el\u00e9rhet\u0151 a T\u00e1rsas\u00e1g honlapj\u00e1n is.<\/li><\/ul><p>\u00a0<\/p><ol start=\"16\"><li><strong>E-mail fi\u00f3k haszn\u00e1lat\u00e1nak ellen\u0151rz\u00e9s\u00e9vel kapcsolatos adatkezel\u00e9s<\/strong><\/li><\/ol><ul><li>Ha a T\u00e1rsas\u00e1g e-mail fi\u00f3kot bocs\u00e1t a munkav\u00e1llal\u00f3 rendelkez\u00e9s\u00e9re &#8211; ezen e-mail c\u00edmet \u00e9s fi\u00f3kot a munkav\u00e1llal\u00f3 kiz\u00e1r\u00f3lag munkak\u00f6ri feladatai c\u00e9lj\u00e1ra haszn\u00e1lhatja, annak \u00e9rdek\u00e9ben, hogy a munkav\u00e1llal\u00f3k ezen kereszt\u00fcl tarts\u00e1k egym\u00e1ssal a kapcsolatot, vagy a munk\u00e1ltat\u00f3 k\u00e9pviselet\u00e9ben levelezzenek az \u00fcgyfelekkel, m\u00e1s szem\u00e9lyekkel, szervezetekkel.<\/li><li>A munkav\u00e1llal\u00f3 az e-mail fi\u00f3kot szem\u00e9lyes c\u00e9lra nem haszn\u00e1lhatja, a fi\u00f3kban szem\u00e9lyes leveleket nem t\u00e1rolhat. Az email-c\u00edm\u00e9vel a munkav\u00e1llal\u00f3 az internetes oldalakon mag\u00e1n c\u00e9lb\u00f3l nem regisztr\u00e1lhat.<\/li><\/ul><p>Az irodai dolgoz\u00f3k c\u00e9ges emailc\u00edmen bonyol\u00edtott valamennyi ki-, \u00e9s bemen\u0151 levelez\u00e9s\u00e9t valamennyi irodai dolgoz\u00f3 \u00e9s az \u00fcgyvezet\u00e9s l\u00e1tja, azok valamennyi irodai dolgoz\u00f3 emailc\u00edm\u00e9re meg\u00e9rkeznek. Ezen szab\u00e1lyoz\u00e1st munkaszervez\u00e9si okok, a munkafolyamatok g\u00f6rd\u00fcl\u00e9kenys\u00e9g\u00e9nek \u00e9s \u00e1tl\u00e1that\u00f3s\u00e1g\u00e1nak biztos\u00edt\u00e1sa indokolja. Amennyiben az irodai dolgoz\u00f3 az \u00fcgyvezet\u00e9s r\u00e9sz\u00e9re szem\u00e9lyes jelleg\u0171 emailt k\u00edv\u00e1n k\u00fcldeni, arra az esetre az Adatkezel\u0151 az <a href=\"mailto:info@hodrolamd.hu\">info@hodrolamd.hu<\/a>, <a href=\"mailto:hidro@t-online.hu\">hidro@t-online.hu<\/a> email c\u00edmet biztos\u00edtja.<\/p><ul><li>A munk\u00e1ltat\u00f3 az e-mail fi\u00f3k teljes tartalm\u00e1t \u00e9s haszn\u00e1lat\u00e1t rendszeresen &#8211; 3 havonta &#8211; ellen\u0151rizni, ennek sor\u00e1n az adatkezel\u00e9s jogalapja a munk\u00e1ltat\u00f3 jogos \u00e9rdeke. Az ellen\u0151rz\u00e9s c\u00e9lja az e-mail fi\u00f3k haszn\u00e1lat\u00e1ra vonatkoz\u00f3 munk\u00e1ltat\u00f3i rendelkez\u00e9s betart\u00e1s\u00e1nak ellen\u0151rz\u00e9se, tov\u00e1bb\u00e1 a munkav\u00e1llal\u00f3i k\u00f6telezetts\u00e9gek (Mt. 8.\u00a7, 52. \u00a7) ellen\u0151rz\u00e9se.<\/li><li>Az ellen\u0151rz\u00e9sre \u00e9s adatkezel\u00e9sre a T\u00e1rsas\u00e1g \u00fcgyvezet\u0151je jogosult.<\/li><li>Amennyiben az ellen\u0151rz\u00e9s k\u00f6r\u00fclm\u00e9nyei nem z\u00e1rj\u00e1k ki ennek lehet\u0151s\u00e9g\u00e9t, biztos\u00edtani kell, hogy a munkav\u00e1llal\u00f3 jelen lehessen az ellen\u0151rz\u00e9s sor\u00e1n.<\/li><li>Az ellen\u0151rz\u00e9s el\u0151tt t\u00e1j\u00e9koztatni kell a munkav\u00e1llal\u00f3t arr\u00f3l, hogy milyen munk\u00e1ltat\u00f3i \u00e9rdek miatt ker\u00fcl sor az ellen\u0151rz\u00e9sre, munk\u00e1ltat\u00f3 r\u00e9sz\u00e9r\u0151l ki v\u00e9gezheti az ellen\u0151rz\u00e9st, &#8211; milyen szab\u00e1lyok szerint ker\u00fclhet sor ellen\u0151rz\u00e9sre (fokozatoss\u00e1g elv\u00e9nek betart\u00e1sa) \u00e9s mi az elj\u00e1r\u00e1s menete, &#8211; milyen jogai \u00e9s jogorvoslati lehet\u0151s\u00e9gei vannak az e-mail fi\u00f3k ellen\u0151rz\u00e9s\u00e9vel egy\u00fctt j\u00e1r\u00f3 adatkezel\u00e9ssel kapcsolatban.<\/li><li>Az ellen\u0151rz\u00e9s sor\u00e1n a fokozatoss\u00e1g elv\u00e9t kell alkalmazni, \u00edgy els\u0151dlegesen az e-mail c\u00edm\u00e9b\u0151l \u00e9s t\u00e1rgy\u00e1b\u00f3l kell meg\u00e1llap\u00edtani, hogy az a munkav\u00e1llal\u00f3 munkak\u00f6ri feladat\u00e1val kapcsolatos, \u00e9s nem szem\u00e9lyes c\u00e9l\u00fa. Nem szem\u00e9lyes c\u00e9l\u00fa e-mailek tartalm\u00e1t Adatkezel\u0151 korl\u00e1toz\u00e1s n\u00e9lk\u00fcl vizsg\u00e1lhatja. A szem\u00e9lyes c\u00e9l\u00fa e-mailek tartalm\u00e1t Adatkezel\u0151 nem vizsg\u00e1lhatja, csup\u00e1n annak t\u00e9ny\u00e9t r\u00f6gz\u00edti.<\/li><li>Ha jelen szab\u00e1lyzat rendelkez\u00e9seivel ellent\u00e9tben az \u00e1llap\u00edthat\u00f3 meg, hogy a munkav\u00e1llal\u00f3 az e-mail fi\u00f3kot szem\u00e9lyes c\u00e9lra haszn\u00e1lta, fel kell sz\u00f3l\u00edtani a munkav\u00e1llal\u00f3t, hogy a szem\u00e9lyes adatokat halad\u00e9ktalanul t\u00f6r\u00f6lje. A munkav\u00e1llal\u00f3 t\u00e1voll\u00e9te, vagy egy\u00fcttm\u0171k\u00f6d\u00e9s\u00e9nek hi\u00e1nya eset\u00e9n a szem\u00e9lyes adatokat az ellen\u0151rz\u00e9skor Adatkezel\u0151 t\u00f6rli. Az e-mail fi\u00f3k jelen szab\u00e1lyzattal ellent\u00e9tes haszn\u00e1lata miatt a Adatkezel\u0151 a munkav\u00e1llal\u00f3val szemben munkajogi jogk\u00f6vetkezm\u00e9nyeket alkalmazhat.<\/li><li>A munkav\u00e1llal\u00f3 az e-mail fi\u00f3k ellen\u0151rz\u00e9s\u00e9vel egy\u00fctt j\u00e1r\u00f3 adatkezel\u00e9ssel kapcsolatban e szab\u00e1lyzatnak az \u00e9rintett jogair\u00f3l sz\u00f3l\u00f3 fejezet\u00e9ben \u00edrt jogokkal \u00e9lhet, kiemelve ezek k\u00f6z\u00fcl a tiltakoz\u00e1shoz val\u00f3 jog\u00e1t, a hat\u00f3s\u00e1gn\u00e1l t\u00f6rt\u00e9n\u0151 panaszt\u00e9teli jog\u00e1t, illetve a polg\u00e1ri peres jog\u00e9rv\u00e9nyes\u00edt\u00e9s jog\u00e1t.<\/li><li>A T\u00e1rsas\u00e1g a 7\/2. sz\u00e1m\u00fa mell\u00e9kletben foglalt munk\u00e1ltat\u00f3i t\u00e1j\u00e9koztat\u00f3val \u00e9s munkav\u00e1llal\u00f3i nyilatkozattal k\u00fcl\u00f6n t\u00e1j\u00e9koztatja a munkav\u00e1llal\u00f3t a T\u00e1rsas\u00e1g \u00e1ltal rendelkez\u00e9sre bocs\u00e1tott eszk\u00f6z\u00f6k haszn\u00e1lat\u00e1nak szab\u00e1lyair\u00f3l.<\/li><li>A T\u00e1rsas\u00e1gnak a haszn\u00e1lat ellen\u0151rz\u00e9se sor\u00e1n tudom\u00e1s\u00e1ra jutott szem\u00e9lyes adatokat a T\u00e1rsas\u00e1g legfeljebb az ellen\u0151rz\u00e9st k\u00f6vet\u0151 3 \u00e9vig t\u00e1rolja. A T\u00e1rsas\u00e1g az eszk\u00f6z\u00f6k haszn\u00e1lat\u00e1nak ellen\u0151rz\u00e9s\u00e9r\u00e9vel kapcsolatos, jogos \u00e9rdeken alapul\u00f3 adatkezel\u00e9s al\u00e1t\u00e1maszt\u00e1s\u00e1ra elv\u00e9gezte a sz\u00fcks\u00e9ges \u00e9rdekm\u00e9rlegel\u00e9si tesztet.<\/li><\/ul><p>\u00a0<\/p><ol start=\"17\"><li><strong>Sz\u00e1m\u00edt\u00f3g\u00e9p, laptop, tablet ellen\u0151rz\u00e9s\u00e9vel kapcsolatos adatkezel\u00e9s<\/strong><\/li><\/ol><ul><li>A T\u00e1rsas\u00e1g \u00e1ltal a munkav\u00e1llal\u00f3 r\u00e9sz\u00e9re munkav\u00e9gz\u00e9s c\u00e9lj\u00e1ra rendelkez\u00e9sre bocs\u00e1tott sz\u00e1m\u00edt\u00f3g\u00e9pet, laptopot, tabletet a munkav\u00e1llal\u00f3 kiz\u00e1r\u00f3lag munkak\u00f6ri feladata ell\u00e1t\u00e1s\u00e1ra haszn\u00e1lhatja, ezek mag\u00e1nc\u00e9l\u00fa haszn\u00e1lat\u00e1t a T\u00e1rsas\u00e1g megtiltja, ezen eszk\u00f6z\u00f6k\u00f6n a munkav\u00e1llal\u00f3 semmilyen szem\u00e9lyes adatot, levelez\u00e9s\u00e9t nem kezelheti \u00e9s nem t\u00e1rolhatja. Az Adatkezel\u0151 ezen eszk\u00f6z\u00f6k\u00f6n t\u00e1rolt adatokat ellen\u0151rizheti. Ezen eszk\u00f6z\u00f6k Adatkezel\u0151 \u00e1ltali ellen\u0151rz\u00e9s\u00e9re \u00e9s jogk\u00f6vetkezm\u00e9nyire egyebekben az el\u0151bbi 16. pont rendelkez\u00e9sei ir\u00e1nyad\u00f3k.<\/li><\/ul><p>\u00a0<\/p><ol start=\"18\"><li><strong>A munkahelyi internethaszn\u00e1lat ellen\u0151rz\u00e9s\u00e9vel kapcsolatos adatkezel\u00e9s<\/strong><\/li><\/ol><ul><li>A munkav\u00e1llal\u00f3 csak a munkak\u00f6ri feladat\u00e1val kapcsolatos honlapokat tekintheti meg, a szem\u00e9lyes c\u00e9l\u00fa munkahelyi internethaszn\u00e1latot a Adatkezel\u0151 megtiltja. K\u00fcl\u00f6n\u00f6sen tilos az al\u00e1bbi oldalak megnyit\u00e1sa:<\/li><li>f\u00e1jlcser\u00e9l\u0151, -let\u00f6lt\u0151, -megoszt\u00f3 oldalak (valamennyi peer-to-peer, torrent, zene, vide\u00f3, stb.);<\/li><li>online t\u00e1rskeres\u0151k;<\/li><li>online v\u00e1s\u00e1rl\u00e1s, elad\u00e1s, aukci\u00f3 (Vatera, Ebay, Amazon, stb.);<\/li><li>k\u00f6z\u00f6ss\u00e9gi oldalak (Facebook, Instagram, Twitter, Snapchat, Whatsapp, stb.);<\/li><li>online sajt\u00f3, h\u00edrport\u00e1lok, egy\u00e9b &#8211; politikai vagy vall\u00e1si n\u00e9zeteket terjeszt\u0151 oldalak;<\/li><li>pornogr\u00e1f tartalm\u00fa oldalak, valamint egy\u00e9b, t\u00f6rv\u00e9nybe, k\u00f6zerk\u00f6lcsbe \u00fctk\u00f6z\u0151 tartalmak.<\/li><li>A munkak\u00f6ri feladatk\u00e9nt a T\u00e1rsas\u00e1g nev\u00e9ben elv\u00e9gzett internetes regisztr\u00e1ci\u00f3k jogosultja a T\u00e1rsas\u00e1g, a regisztr\u00e1ci\u00f3 sor\u00e1n a t\u00e1rsas\u00e1gra utal\u00f3 azonos\u00edt\u00f3t, jelsz\u00f3t kell alkalmazni. Amennyiben a szem\u00e9lyes adatok megad\u00e1sa is sz\u00fcks\u00e9ges a regisztr\u00e1ci\u00f3hoz, a munkaviszony megsz\u0171n\u00e9sekor azok t\u00f6rl\u00e9s\u00e9t k\u00f6teles kezdem\u00e9nyezni a T\u00e1rsas\u00e1g.<\/li><li>A munkav\u00e1llal\u00f3 munkahelyi internethaszn\u00e1lat\u00e1t a Adatkezel\u0151 ellen\u0151rizheti, amelyre \u00e9s jogk\u00f6vetkezm\u00e9nyire a 16. pont rendelkez\u00e9sei ir\u00e1nyad\u00f3k.<\/li><\/ul><p>\u00a0<\/p><ol start=\"19\"><li><strong>C\u00e9ges mobiltelefon haszn\u00e1lat\u00e1nak ellen\u0151rz\u00e9s\u00e9vel kapcsolatos adatkezel\u00e9s<\/strong><\/li><\/ol><ul><li>Az Adatkezel\u0151 nem enged\u00e9lyezi a c\u00e9ges mobiltelefon mag\u00e1nc\u00e9l\u00fa haszn\u00e1lat\u00e1t, a mobiltelefon csak munkav\u00e9gz\u00e9ssel \u00f6sszef\u00fcgg\u0151 c\u00e9lokra haszn\u00e1lhat\u00f3, \u00e9s a Adatkezel\u0151 valamennyi kimen\u0151 h\u00edv\u00e1s h\u00edv\u00f3sz\u00e1m\u00e1t \u00e9s adatait, tov\u00e1bb\u00e1 a mobiltelefonon t\u00e1rolt adatokat ellen\u0151rizheti.<\/li><li>A munkav\u00e1llal\u00f3 k\u00f6teles bejelenteni az Adatkezel\u0151nek, ha a c\u00e9ges mobiltelefont mag\u00e1nc\u00e9lra haszn\u00e1lta. Ezesetben az ellen\u0151rz\u00e9s akk\u00e9nt folytathat\u00f3 le, hogy az Adatkezel\u0151 h\u00edv\u00e1sr\u00e9szletez\u0151t k\u00e9r a telefonszolg\u00e1ltat\u00f3t\u00f3l \u00e9s felh\u00edvja a munkav\u00e1llal\u00f3t arra, hogy a dokumentumon a mag\u00e1nc\u00e9l\u00fa h\u00edv\u00e1sok eset\u00e9ben a h\u00edvott sz\u00e1mokat tegye felismerhetetlenn\u00e9. Az Adatkezel\u0151 el\u0151\u00edrhatja, hogy a mag\u00e1nc\u00e9l\u00fa h\u00edv\u00e1sok k\u00f6lts\u00e9geit a munkav\u00e1llal\u00f3 viselje.<\/li><li>Egyebekben az ellen\u0151rz\u00e9sre \u00e9s jogk\u00f6vetkezm\u00e9nyire a 16.pont rendelkez\u00e9sei ir\u00e1nyad\u00f3k.<\/li><\/ul><p>\u00a0<\/p><ol start=\"20\"><li><strong>ELEKTRONIKUS MEGFIGYEL\u0150 RENDSZERREL KAPCSOLATOS ADATKEZEL\u00c9S<\/strong><\/li><\/ol><ul><li>T\u00e1rsas\u00e1gunk a sz\u00e9khely\u00e9n az emberi \u00e9let, testi \u00e9ps\u00e9g, szem\u00e9lyi szabads\u00e1g, \u00e9s a vagyonv\u00e9delem c\u00e9lj\u00e1b\u00f3l elektronikus megfigyel\u0151rendszert alkalmaz, amely k\u00f6zvetlen megfigyel\u00e9st, k\u00e9p- \u00e9s hangr\u00f6gz\u00edt\u00e9st \u00e9s t\u00e1rol\u00e1st is lehet\u0151v\u00e9 tesz, ez alapj\u00e1n szem\u00e9lyes adatnak tekinthet\u0151 az \u00e9rintett magatart\u00e1sa is, amit a kamera r\u00f6gz\u00edt.<\/li><li>Ezen adatkezel\u00e9s jogalapja a Adatkezel\u0151 jogos \u00e9rdekeinek \u00e9rv\u00e9nyes\u00edt\u00e9se, \u00e9s az \u00e9rintett hozz\u00e1j\u00e1rul\u00e1sa.<\/li><li>Az elektronikus megfigyel\u0151rendszer adott ter\u00fcleten t\u00f6rt\u00e9n\u0151 alkalmaz\u00e1s\u00e1nak t\u00e9ny\u00e9r\u0151l j\u00f3l l\u00e1that\u00f3 helyen, j\u00f3l olvashat\u00f3an, a ter\u00fcleten megjelenni k\u00edv\u00e1n\u00f3 harmadik szem\u00e9lyek t\u00e1j\u00e9koz\u00f3d\u00e1s\u00e1t el\u0151seg\u00edt\u0151 m\u00f3don figyelemfelh\u00edv\u00f3 jelz\u00e9st, t\u00e1j\u00e9koztat\u00e1st kell elhelyezni. A t\u00e1j\u00e9koztat\u00e1sok jelen szab\u00e1lyzat mell\u00e9kleteiben tal\u00e1lhat\u00f3ak. Az adatkezel\u00e9s szab\u00e1lyait r\u00e9szletesen a Kameraszab\u00e1lyzat tartalmazza.<\/li><\/ul><p>\u00a0<\/p><ol start=\"21\"><li><strong>ADATFELDOLGOZ\u00d3 IG\u00c9NYBEV\u00c9TELE &#8211; K\u00d6NYVEL\u0150 IRODA<\/strong><\/li><\/ol><ul><li>A T\u00e1rsas\u00e1g sz\u00e1m\u00e1ra k\u00f6nyvel\u00e9si, b\u00e9rsz\u00e1mfejt\u00e9si szolg\u00e1ltat\u00e1st teljes\u00edt megb\u00edz\u00e1si szerz\u0151d\u00e9s alapj\u00e1n az al\u00e1bbi, Adatfeldolgoz\u00f3nak min\u0151s\u00fcl\u0151 v\u00e1llalkoz\u00e1s:<\/li><\/ul><p>C\u00e9gn\u00e9v: <strong>\u00a0<\/strong><strong>K\u00d6NYVVITEL 2001 Kereskedelmi \u00e9s Szolg\u00e1ltat\u00f3 Korl\u00e1tolt Felel\u0151ss\u00e9g\u0171 T\u00e1rsas\u00e1g<\/strong>\u00a0<\/p><p>\u00a0<\/p><p>Sz\u00e9khely: 9024 Gy\u0151r, R\u00e9pce utca 49. fszt. 1.<\/p><p>C\u00e9gjegyz\u00e9ksz\u00e1m: Cg.08-09-009319\u00a0<\/p><p>Ad\u00f3sz\u00e1m: 12582051-2-08<\/p><p>K\u00e9pvisel\u0151: Parragh Ferenc<\/p><p>(a tov\u00e1bbiakban: Adatfeldolgoz\u00f3) k\u00f6z\u00f6tt,<\/p><p>egy\u00fctt mint felek (a tov\u00e1bbiakban: \u201e Felek\u201d) k\u00f6z\u00f6tt.<\/p><p>T\u00e1rsas\u00e1g k\u00f6telezetts\u00e9ge adatfeldolgoz\u00e1si szerz\u0151d\u00e9st k\u00f6tni az Adatfeldolgoz\u00f3val, amelyben meghat\u00e1rozz\u00e1k az adatkezel\u00e9s t\u00e1rgy\u00e1t, jelleg\u00e9t \u00e9s c\u00e9lj\u00e1t, a T\u00e1rsas\u00e1g \u00e9s Adatfeldolgoz\u00f3 k\u00f6telezetts\u00e9geit. A T\u00e1rsas\u00e1g biztos\u00edtja, hogy olyan Adatfeldolgoz\u00f3t vesz ig\u00e9nybe, amely megfelel\u0151 garanci\u00e1t ny\u00fajt a Rendelet k\u00f6vetelm\u00e9nyeinek val\u00f3 megfelel\u00e9shez.<\/p><ul><li>Adatfeldolgoz\u00f3 a T\u00e1rsas\u00e1ggal jogviszonyban l\u00e9v\u0151 \u00e9rintett term\u00e9szetes szem\u00e9lyek adatait kezeli, a T\u00e1rsas\u00e1g sz\u00e1mviteli bizonylatainak feldolgoz\u00e1sa r\u00e9v\u00e9n az ad\u00f3-, \u00e9s kifizet\u0151i k\u00f6telezetts\u00e9gek teljes\u00edt\u00e9se c\u00e9lj\u00e1b\u00f3l. A T\u00e1rsas\u00e1ggal jogviszonyban lev\u0151 \u00e9rintett term\u00e9szetes szem\u00e9lyek adatainak kezel\u00e9se, a T\u00e1rsas\u00e1g sz\u00e1mviteli bizonylatainak feldolgoz\u00e1sa r\u00e9v\u00e9n. Sz\u00e1mviteli bizonylat minden olyan a T\u00e1rsas\u00e1g, mint gazd\u00e1lkod\u00f3 \u00e1ltal ki\u00e1ll\u00edtott, k\u00e9sz\u00edtett, illetve a gazd\u00e1lkod\u00f3val \u00fczleti vagy egy\u00e9b kapcsolatban \u00e1ll\u00f3 term\u00e9szetes szem\u00e9ly vagy m\u00e1s gazd\u00e1lkod\u00f3 \u00e1ltal ki\u00e1ll\u00edtott, k\u00e9sz\u00edtett okm\u00e1ny (sz\u00e1mla, szerz\u0151d\u00e9s, meg\u00e1llapod\u00e1s, kimutat\u00e1s, hitelint\u00e9zeti bizonylat, bankkivonat, jogszab\u00e1lyi rendelkez\u00e9s, egy\u00e9b ilyennek min\u0151s\u00edthet\u0151 irat) &#8211; f\u00fcggetlen\u00fcl annak nyomdai vagy egy\u00e9b el\u0151\u00e1ll\u00edt\u00e1si m\u00f3dj\u00e1t\u00f3l. (Sz\u00e1mviteli t\u00f6rv\u00e9ny 166.\u00a7). Az Adatfeldolgoz\u00f3 ig\u00e9nybev\u00e9tel\u00e9hez nem kell az \u00e9rintett munkav\u00e1llal\u00f3k, szerz\u0151d\u00e9ses partnerek el\u0151zetes beleegyez\u00e9se, de sz\u00fcks\u00e9ges a t\u00e1j\u00e9koztat\u00e1sa, amely a T\u00e1rsas\u00e1g k\u00f6telezetts\u00e9ge.<\/li><li>Adatfeldolgoz\u00f3 a megb\u00edz\u00e1s teljes\u00edt\u00e9se sor\u00e1n az al\u00e1bbi szem\u00e9lyes adatokat kezeli:<\/li><\/ul><ol><li>A term\u00e9szetes szem\u00e9ly term\u00e9szetes szem\u00e9lyazonos\u00edt\u00f3 adatai (ide\u00e9rtve az el\u0151z\u0151 nevet \u00e9s a titulust is, szem\u00e9lyigazolv\u00e1ny sz\u00e1m), neme, \u00e1llampolg\u00e1rs\u00e1ga, a term\u00e9szetes szem\u00e9ly ad\u00f3azonos\u00edt\u00f3 jele, t\u00e1rsadalombiztos\u00edt\u00e1si azonos\u00edt\u00f3 jele (TAJ sz\u00e1m), ad\u00f3sz\u00e1ma, egy\u00e9ni v\u00e1llalkoz\u00f3i igazolv\u00e1ny sz\u00e1ma, \u0151stermel\u0151 azonos\u00edt\u00f3 sz\u00e1ma, iskolai v\u00e9gzetts\u00e9g, k\u00e9pzetts\u00e9g vagy szakk\u00e9pzetts\u00e9g megnevez\u00e9se, v\u00e9gzetts\u00e9get igazol\u00f3 okirat(ok) sz\u00e1ma \u00e9s kibocs\u00e1t\u00f3 int\u00e9zm\u00e9ny neve, banksz\u00e1mlasz\u00e1m;<\/li><li>Eg\u00e9szs\u00e9g\u00fcgyi adatok, szakszervezeti tags\u00e1gra utal\u00f3 szem\u00e9lyes adatok amennyiben ahhoz a Munka T\u00f6rv\u00e9nyk\u00f6nyve munkajogi k\u00f6vetkezm\u00e9nyt, vagy ad\u00f3t\u00f6rv\u00e9ny ad\u00f3jogi k\u00f6vetkezm\u00e9nyt f\u0171z. Eg\u00e9szs\u00e9g\u00fcgyi adatok, valamint szakszervezeti tags\u00e1gra utal\u00f3 szem\u00e9lyes adatok, mint k\u00fcl\u00f6nleges kateg\u00f3ri\u00e1j\u00fa adatok kezel\u00e9se jogszer\u0171 a Rendelet 9. cikk 111 b) pontja \u00e9rtelm\u00e9ben amennyiben az az \u00e9rintettnek a foglalkoztat\u00e1st, valamint szoci\u00e1lis biztons\u00e1got \u00e9s szoci\u00e1lis v\u00e9delmet szab\u00e1lyoz\u00f3 jogi el\u0151\u00edr\u00e1sokb\u00f3l fakad\u00f3 k\u00f6telezetts\u00e9gei teljes\u00edt\u00e9se \u00e9s konkr\u00e9t jogai gyakorl\u00e1sa \u00e9rdek\u00e9ben sz\u00fcks\u00e9ges.<\/li><\/ol><ul><li><strong>Az \u00e9rintettek kateg\u00f3ri\u00e1i:<\/strong> a T\u00e1rsas\u00e1g munkav\u00e1llal\u00f3i, foglalkoztatottjai, juttat\u00e1sban r\u00e9szes\u00fcl\u0151k, szerz\u0151d\u0151 felei (sz\u00e1ll\u00edt\u00f3k, vev\u0151k), t\u00f6rv\u00e9nyben \u00edrt esetekben a munkav\u00e1llal\u00f3k csal\u00e1dtagjai.<\/li><li><strong>Adatkezel\u00e9s jellege \u00e9s c\u00e9lja<\/strong>: A T\u00e1rsas\u00e1got terhel\u0151 ad\u00f3-, j\u00e1rul\u00e9k-, sz\u00e1mviteli k\u00f6telezetts\u00e9gek teljes\u00edt\u00e9se, ide\u00e9rtve a f\u0151k\u00f6nyvi nyilv\u00e1ntart\u00e1sok vezet\u00e9s\u00e9t, az \u00f6sszes\u00edt\u0151 felad\u00e1sok k\u00e9sz\u00edt\u00e9s\u00e9t, a besz\u00e1mol\u00f3 \u00f6ssze\u00e1ll\u00edt\u00e1s\u00e1t, a besz\u00e1mol\u00f3ban, a k\u00f6nyvviteli nyilv\u00e1ntart\u00e1sokban szerepl\u0151 adatok elemz\u00e9s\u00e9t, a gazdas\u00e1gi d\u00f6nt\u00e9seket megalapoz\u00f3 k\u00f6vetkeztet\u00e9sek levon\u00e1s\u00e1t is. Ide tartozik a munkajogi \u00e9s b\u00e9rsz\u00e1mfejt\u00e9si feladatok, \u00fagymint ad\u00f3-, ad\u00f3el\u0151leg, j\u00e1rul\u00e9kfizet\u00e9si, t\u00e1rsadalombiztos\u00edt\u00e1si, nyugd\u00edj\u00fcgyint\u00e9z\u00e9si feladatok elv\u00e9gz\u00e9se. A T\u00e1rsas\u00e1g k\u00f6telezetts\u00e9get v\u00e1llal, hogy az \u00e1ltala a Megb\u00edz\u00e1s keret\u00e9ben kezelt szem\u00e9lyes adatokat a fentiekt\u0151l elt\u00e9r\u0151 m\u00e1s c\u00e9lb\u00f3l nem kezeli, nem haszn\u00e1lja fel.<\/li><li>A T\u00e1rsas\u00e1g jogosult ellen\u0151rizni Adatfeldolgoz\u00f3n\u00e1l a szerz\u0151d\u00e9s szerinti tev\u00e9kenys\u00e9g v\u00e9grehajt\u00e1s\u00e1t. A T\u00e1rsas\u00e1gnak a szerz\u0151d\u00e9sben meghat\u00e1rozott feladatokkal kapcsolatos utas\u00edt\u00e1sai jogszer\u0171s\u00e9g\u00e9\u00e9rt a T\u00e1rsas\u00e1got terheli felel\u0151ss\u00e9g, ugyanakkor az Adatfeldolgoz\u00f3 k\u00f6teles halad\u00e9ktalanul jelezni a T\u00e1rsas\u00e1gnak, amennyiben T\u00e1rsas\u00e1g utas\u00edt\u00e1sa vagy annak v\u00e9grehajt\u00e1sa jogszab\u00e1lyba \u00fctk\u00f6zne. A T\u00e1rsas\u00e1g k\u00f6telezetts\u00e9ge, hogy az \u00e9rintett term\u00e9szetes szem\u00e9lyeket jelen szerz\u0151d\u00e9s szerinti adatfeldolgoz\u00e1sr\u00f3l t\u00e1j\u00e9koztassa, ha jogszab\u00e1ly el\u0151\u00edrja, hozz\u00e1j\u00e1rul\u00e1sukat beszerezze.<\/li><li>Az Adatfeldolgoz\u00f3 tev\u00e9kenys\u00e9ge sor\u00e1n kiz\u00e1r\u00f3lag a T\u00e1rsas\u00e1g \u00edr\u00e1sbeli utas\u00edt\u00e1sa alapj\u00e1n j\u00e1r el. Az Adatfeldolgoz\u00f3 az Adatkezel\u0151 \u00e1ltal konkr\u00e9tan megadott, erre rendszeres\u00edtett c\u00e9ges e-mail c\u00edmre k\u00f6teles Adatkezel\u0151 sz\u00e1m\u00e1ra e-mailt k\u00fcldeni, k\u00fcl\u00f6n\u00f6s tekintettel a b\u00e9rkifizet\u00e9ssel kapcsolatos levelez\u00e9sekre.<\/li><\/ul><p>Az Adatfeldolgoz\u00f3 tev\u00e9kenys\u00e9ge sor\u00e1n biztos\u00edtja, hogy az \u00e9rintett szem\u00e9lyes adatokhoz val\u00f3 hozz\u00e1f\u00e9r\u00e9sre feljogos\u00edtott szem\u00e9lyek &#8211; ha jogszab\u00e1lyon alapul\u00f3 megfelel\u0151 titoktart\u00e1si k\u00f6telezetts\u00e9g hat\u00e1lya alatt egy\u00e9bk\u00e9nt nem \u00e1llnak &#8211; az \u00e1ltaluk megismert szem\u00e9lyes adatok vonatkoz\u00e1s\u00e1ban titoktart\u00e1si k\u00f6telezetts\u00e9get v\u00e1llaljanak. Az Adatfeldolgoz\u00f3 a tudom\u00e1ny \u00e9s technol\u00f3gia \u00e1ll\u00e1sa \u00e9s a megval\u00f3s\u00edt\u00e1s k\u00f6lts\u00e9gei, tov\u00e1bb\u00e1 az adatkezel\u00e9s jellege, hat\u00f3k\u00f6re, k\u00f6r\u00fclm\u00e9nyei \u00e9s c\u00e9ljai, valamint a term\u00e9szetes szem\u00e9lyek jogaira \u00e9s szabads\u00e1gaira jelentett, v\u00e1ltoz\u00f3 val\u00f3sz\u00edn\u0171s\u00e9g\u0171 \u00e9s s\u00falyoss\u00e1g\u00fa kock\u00e1zat figyelembev\u00e9tel\u00e9vel megfelel\u0151 technikai \u00e9s szervez\u00e9si int\u00e9zked\u00e9seket hajt v\u00e9gre annak \u00e9rdek\u00e9ben, hogy a kock\u00e1zat m\u00e9rt\u00e9k\u00e9nek megfelel\u0151 szint\u0171 adatbiztons\u00e1got garant\u00e1lja. Az Adatfeldolgoz\u00f3 int\u00e9zked\u00e9seket hoz annak biztos\u00edt\u00e1s\u00e1ra, hogy az ir\u00e1ny\u00edt\u00e1sa alatt elj\u00e1r\u00f3, a szem\u00e9lyes adatokhoz hozz\u00e1f\u00e9r\u00e9ssel rendelkez\u0151 term\u00e9szetes szem\u00e9lyek kiz\u00e1r\u00f3lag az adatkezel\u0151 utas\u00edt\u00e1s\u00e1nak megfelel\u0151en kezelhess\u00e9k az eml\u00edtett adatokat, kiv\u00e9ve, ha az ett\u0151l val\u00f3 elt\u00e9r\u00e9sre uni\u00f3s vagy tag\u00e1llami jog k\u00f6telezi \u0151ket. Az Adatfeldolgoz\u00f3 gondoskodik arr\u00f3l, hogy a t\u00e1rolt adatokhoz bels\u0151 rendszeren kereszt\u00fcl vagy k\u00f6zvetlen hozz\u00e1f\u00e9r\u00e9s \u00fatj\u00e1n kiz\u00e1r\u00f3lag az arra feljogos\u00edtott szem\u00e9lyek, \u00e9s kiz\u00e1r\u00f3lag az adatkezel\u00e9s c\u00e9lj\u00e1val \u00f6sszef\u00fcgg\u00e9sben f\u00e9rjenek hozz\u00e1. Az Adatfeldolgoz\u00f3 gondoskodik a felhaszn\u00e1lt eszk\u00f6z\u00f6k sz\u00fcks\u00e9ges, rendszeres karbantart\u00e1s\u00e1r\u00f3l, fejleszt\u00e9s\u00e9r\u0151l. Az adatokat t\u00e1rol\u00f3 eszk\u00f6zt megfelel\u0151 fizikai v\u00e9delemmel ell\u00e1tott z\u00e1rt helyis\u00e9gben helyezi el, gondoskodik annak fizikai v\u00e9delm\u00e9r\u0151l is. Adatfeldolgoz\u00f3 a szerz\u0151d\u00e9sben meghat\u00e1rozott feladatok ell\u00e1t\u00e1sa \u00e9rdek\u00e9ben megfelel\u0151 ismerettel \u00e9s gyakorlattal rendelkez\u0151 szem\u00e9lyeket k\u00f6teles ig\u00e9nybe venni. K\u00f6teles tov\u00e1bb\u00e1 gondoskodni az \u00e1ltala ig\u00e9nybe vett szem\u00e9lyek felk\u00e9sz\u00edt\u00e9s\u00e9r\u0151l a betartand\u00f3 adatv\u00e9delmi jogszab\u00e1lyi rendelkez\u00e9sek, a jelen szerz\u0151d\u00e9sben foglalt k\u00f6telezetts\u00e9gek, valamint az adatfelv\u00e9tel c\u00e9lja \u00e9s m\u00f3dja tekintet\u00e9ben.<\/p><ul><li>Az Adatfeldolgoz\u00f3 v\u00e1llalja, hogy tov\u00e1bbi adatfeldolgoz\u00f3t csak a Rendeletben \u00e9s az Infotv-ben meghat\u00e1rozott felt\u00e9telek teljes\u00edt\u00e9se mellett vesz ig\u00e9nybe. A T\u00e1rsas\u00e1g enged\u00e9lyezi Adatfeldolgoz\u00f3nak, hogy tov\u00e1bbi adatfeldolgoz\u00f3t (alv\u00e1llalkoz\u00f3t) vegyen ig\u00e9nybe.<\/li><\/ul><p>Az Adatfeldolgoz\u00f3 a tov\u00e1bbi adatfeldolgoz\u00f3 ig\u00e9nybev\u00e9tel\u00e9t megel\u0151z\u0151en t\u00e1j\u00e9koztatja a T\u00e1rsas\u00e1got a tov\u00e1bbi adatfeldolgoz\u00f3 szem\u00e9ly\u00e9r\u0151l, valamint a tov\u00e1bbi adatfeldolgoz\u00f3 \u00e1ltal v\u00e9gzend\u0151 tervezett feladatokr\u00f3l. Ha a T\u00e1rsas\u00e1g ezen t\u00e1j\u00e9koztat\u00e1s alapj\u00e1n a tov\u00e1bbi adatfeldolgoz\u00f3 ig\u00e9nybev\u00e9tel\u00e9vel szemben kifog\u00e1st emel, a tov\u00e1bbi adatfeldolgoz\u00f3 ig\u00e9nybev\u00e9tel\u00e9re az adatfeldolgoz\u00f3 kiz\u00e1r\u00f3lag a kifog\u00e1sban megjel\u00f6lt felt\u00e9telek teljes\u00edt\u00e9se eset\u00e9n jogosult. Ha az adatfeldolgoz\u00f3 bizonyos, a T\u00e1rsas\u00e1g nev\u00e9ben v\u00e9gzett konkr\u00e9t adatkezel\u00e9si tev\u00e9kenys\u00e9gekhez tov\u00e1bbi adatfeldolgoz\u00f3 szolg\u00e1ltat\u00e1sait is ig\u00e9nybe veszi, erre k\u00f6teles \u00edr\u00e1sba foglalt szerz\u0151d\u00e9st k\u00f6tni, \u00e9s abban a tov\u00e1bbi adatfeldolgoz\u00f3ra is ugyanazokat az adatv\u00e9delmi k\u00f6telezetts\u00e9geket telep\u00edteni, mint amelyek a T\u00e1rsas\u00e1g \u00e9s az adatfeldolgoz\u00f3 k\u00f6z\u00f6tt l\u00e9trej\u00f6tt jelen szerz\u0151d\u00e9sben szerepelnek, k\u00fcl\u00f6n\u00f6sen \u00fagy, hogy a tov\u00e1bbi adatfeldolgoz\u00f3nak megfelel\u0151 garanci\u00e1kat kell ny\u00fajtania a megfelel\u0151 technikai \u00e9s szervez\u00e9si int\u00e9zked\u00e9sek v\u00e9grehajt\u00e1s\u00e1ra, \u00e9s ez\u00e1ltal biztos\u00edtania kell, hogy az adatkezel\u00e9s megfeleljen e rendelet k\u00f6vetelm\u00e9nyeinek. Ha a tov\u00e1bbi adatfeldolgoz\u00f3 nem teljes\u00edti adatv\u00e9delmi k\u00f6telezetts\u00e9geit, az \u0151t megb\u00edz\u00f3 adatfeldolgoz\u00f3 teljes felel\u0151ss\u00e9ggel tartozik a T\u00e1rsas\u00e1g fel\u00e9 a tov\u00e1bbi adatfeldolgoz\u00f3 k\u00f6telezetts\u00e9geinek a teljes\u00edt\u00e9s\u00e9\u00e9rt.<\/p><ul><li>Az adatfeldolgoz\u00e1s elv\u00e9gz\u00e9s\u00e9t k\u00f6vet\u0151en az Adatfeldolgoz\u00f3 a feldolgozott sz\u00e1mviteli bizonylatokat legk\u00e9s\u0151bb a t\u00e1rgy\u00e9vet k\u00f6vet\u0151 \u00e9v j\u00fanius 30-ig visszaszolg\u00e1ltatja a T\u00e1rsas\u00e1gnak az elektronikusan kezelt adatokat, list\u00e1kat, nyilv\u00e1ntart\u00e1sokat a T\u00e1rsas\u00e1ggal fenn\u00e1ll\u00f3 jogviszonya megsz\u0171n\u00e9s\u00e9ig, de legk\u00e9s\u0151bb a sz\u00e1mviteli t\u00f6rv\u00e9nyben el\u0151\u00edrt bizonylatmeg\u0151rz\u00e9si id\u0151ig &#8211; 8 \u00e9vig &#8211; (Szt. 169.\u00a7), tov\u00e1bb\u00e1 a munkav\u00e1llal\u00f3 nyugd\u00edj\u00e1nak meg\u00e1llap\u00edt\u00e1s\u00e1hoz, sz\u00e1m\u00edt\u00e1s\u00e1hoz sz\u00fcks\u00e9ges bizonylatokat a munkav\u00e1llal\u00f3 nyugd\u00edjba vonul\u00e1s\u00e1ig t\u00e1rolja.<\/li><li>A T\u00e1rsas\u00e1g a munkav\u00e1llal\u00f3 sz\u00e1m\u00e1ra l\u00e9tes\u00edtett (vezet\u00e9k-, \u00e9s keresztnev\u00e9b\u0151l \u00e1ll\u00f3) emailc\u00edmet kezeli \u00e9s tov\u00e1bb\u00edtja Adatkezel\u0151 szerz\u0151d\u00e9ses partnereinek. Az adatkezel\u00e9s c\u00e9lja a szerz\u0151d\u00e9ses partnerekkel t\u00f6rt\u00e9n\u0151 kapcsolattart\u00e1s. Az adatkezel\u00e9s jogalapja a munkaszerz\u0151d\u00e9s teljes\u00edt\u00e9se. Az adatkezel\u00e9s id\u0151tartama: a partnerrel k\u00f6t\u00f6tt szerz\u0151d\u00e9s vagy a munkav\u00e1llal\u00f3 munkaviszony\u00e1nak megsz\u0171n\u00e9s\u00e9t k\u00f6vet\u0151 5 \u00e9v.<\/li><\/ul><ol start=\"22\"><li><strong>ADATFELDOLGOZ\u00d3 IG\u00c9NYBEV\u00c9TELE<\/strong><\/li><\/ol><p>A T\u00e1rsas\u00e1g az al\u00e1bbi adatfeldolgoz\u00f3kat veszi m\u00e9g ig\u00e9nybe:<\/p><ul><li><u>webhely \u00e9s t\u00e1rhely szolg\u00e1ltat\u00f3 c\u00e9g<\/u><\/li><\/ul><p>Websupport Magyarorsz\u00e1g Kft. (sz\u00e9khely: 1119 Budapest, Feh\u00e9rv\u00e1ri \u00fat 97-99)<\/p><ul><li><u>\u00dcgyviteli rendszer szolg\u00e1ltat\u00f3 c\u00e9g:<\/u><\/li><\/ul><p>\u00a0\u00a0 Mod Zrt. (sz\u00e9khely: 9024 Gy\u0151r, Szent Imre \u00fat 88.) Merlin \u00fcgyviteli rendszer \u00fczemeltet\u00e9se<\/p><p>\u00a0<\/p><p>A T\u00e1rsas\u00e1g az adatfeldolgoz\u00f3kkal vagy adatfeldolgoz\u00e1si meg\u00e1llapod\u00e1st k\u00f6t vagy ellen\u0151rzi adatkezel\u00e9si t\u00e1j\u00e9koztat\u00f3jukat, illetve figyelmet ford\u00edt arra, hogy valamennyi adatfeldolgoz\u00f3 legal\u00e1bb titoktart\u00e1si k\u00f6telezetts\u00e9get v\u00e1llaljon.<\/p><p>\u00a0<\/p><ol start=\"23\"><li><strong>ADATBIZTONS\u00c1GI INT\u00c9ZKED\u00c9SEK<\/strong><\/li><\/ol><p>Az adatbiztons\u00e1g vagy az informatikai rendszer v\u00e9delme miatt az informatikai h\u00e1l\u00f3zatot \u00fczemeltet\u0151 informatikus a sz\u00e1m\u00edt\u00f3g\u00e9p tartalm\u00e1ba jogosult betekinteni, de az \u00edgy megismert adatokat harmadik szem\u00e9ly sz\u00e1m\u00e1ra &#8211; \u00edgy a T\u00e1rsas\u00e1g r\u00e9sz\u00e9re &#8211; nem tov\u00e1bb\u00edthatja.<\/p><p>Amennyiben a T\u00e1rsas\u00e1g munkav\u00e1llal\u00f3ja munkak\u00f6r\u00e9ben elj\u00e1rva a T\u00e1rsas\u00e1g nev\u00e9ben regisztr\u00e1l, abban az esetben az internetes regisztr\u00e1ci\u00f3k jogosultja a T\u00e1rsas\u00e1g \u00e9s a regisztr\u00e1ci\u00f3 sor\u00e1n a t\u00e1rsas\u00e1gra utal\u00f3 azonos\u00edt\u00f3t kell alkalmazni. A T\u00e1rsas\u00e1g c\u00e9gvezet\u0151je a regisztr\u00e1ci\u00f3kr\u00f3l nyilv\u00e1ntart\u00e1st vezet, a regisztr\u00e1ci\u00f3val kapcsolatos adatokat a munkav\u00e1llal\u00f3 neki k\u00f6teles nyilv\u00e1ntart\u00e1s c\u00e9lj\u00e1b\u00f3l \u00e1tadni. Amennyiben a regisztr\u00e1ci\u00f3t v\u00e9grehajt\u00f3 munkav\u00e1llal\u00f3 munkaviszonya megsz\u0171nik \u00e9s a regisztr\u00e1ci\u00f3hoz sz\u00fcks\u00e9g volt szem\u00e9lyes adatok megad\u00e1s\u00e1ra, a T\u00e1rsas\u00e1g a regisztr\u00e1ci\u00f3t a szem\u00e9lyes adatok tekintet\u00e9ben m\u00f3dos\u00edtja (amennyiben ez lehets\u00e9ges az adatkezel\u00e9si szab\u00e1lyok figyelembev\u00e9tel\u00e9vel), illetve t\u00f6rli (t\u00f6r\u00f6lteti).<\/p><p>A T\u00e1rsas\u00e1g a munkav\u00e1llal\u00f3k fel\u00e9 a T\u00edz Munkav\u00e1llal\u00f3i Aranyszab\u00e1lyt fogalmazta meg a kiemelt fontoss\u00e1g\u00fa adatv\u00e9delmi el\u0151\u00edr\u00e1sok ter\u00fclet\u00e9n, k\u00fcl\u00f6n\u00f6sen felh\u00edvva mindezekre a munkav\u00e1llal\u00f3k figyelm\u00e9t.<\/p><ul><li>A T\u00e1rsas\u00e1g valamennyi c\u00e9l\u00fa \u00e9s jogalap\u00fa adatkezel\u00e9se vonatkoz\u00e1s\u00e1ban a szem\u00e9lyes adatok biztons\u00e1ga \u00e9rdek\u00e9ben k\u00f6teles megtenni azokat a technikai \u00e9s szervez\u00e9si int\u00e9zked\u00e9seket \u00e9s kialak\u00edtani azokat az elj\u00e1r\u00e1si szab\u00e1lyokat, amelyek a Rendelet \u00e9s az Infotv., \u00e9rv\u00e9nyre juttat\u00e1s\u00e1hoz sz\u00fcks\u00e9gesek. Az adatkezel\u0151 \u00e9s tev\u00e9kenys\u00e9gi k\u00f6r\u00e9ben az adatfeldolgoz\u00f3 az int\u00e9zked\u00e9sekkel biztos\u00edtja<\/li><\/ul><ol><li>az adatkezel\u00e9shez haszn\u00e1lt eszk\u00f6z\u00f6k (a tov\u00e1bbiakban; adatkezel\u0151 rendszer) jogosulatlan szem\u00e9lyek \u00e1ltali hozz\u00e1f\u00e9r\u00e9s\u00e9nek megtagad\u00e1s\u00e1t,<\/li><li>az adathordoz\u00f3k jogosulatlan olvas\u00e1s\u00e1nak, m\u00e1sol\u00e1s\u00e1nak, m\u00f3dos\u00edt\u00e1s\u00e1nak vagy elt\u00e1vol\u00edt\u00e1s\u00e1nak megakad\u00e1lyoz\u00e1s\u00e1t,<\/li><li>az adatkezel\u0151 rendszerbe a szem\u00e9lyes adatok jogosulatlan bevitel\u00e9nek, valamint az abban t\u00e1rolt szem\u00e9lyes adatok jogosulatlan megismer\u00e9s\u00e9nek, m\u00f3dos\u00edt\u00e1s\u00e1nak vagy t\u00f6rl\u00e9s\u00e9nek megakad\u00e1lyoz\u00e1s\u00e1t,<\/li><li>az adatkezel\u0151 rendszerek jogosulatlan szem\u00e9lyek \u00e1ltali, adat\u00e1tviteli berendez\u00e9s \u00fatj\u00e1n t\u00f6rt\u00e9n\u0151 haszn\u00e1lat\u00e1nak megakad\u00e1lyoz\u00e1s\u00e1t,<\/li><li>azt, hogy az adatkezel\u0151 rendszer haszn\u00e1lat\u00e1ra jogosult szem\u00e9lyek kiz\u00e1r\u00f3lag a hozz\u00e1f\u00e9r\u00e9si enged\u00e9lyben meghat\u00e1rozott szem\u00e9lyes adatokhoz f\u00e9rjenek hozz\u00e1,<\/li><li>azt, hogy ellen\u0151rizhet\u0151 \u00e9s meg\u00e1llap\u00edthat\u00f3 legyen, hogy a szem\u00e9lyes adatokat adat\u00e1tviteli berendez\u00e9s \u00fatj\u00e1n mely c\u00edmzettnek tov\u00e1bb\u00edtott\u00e1k vagy tov\u00e1bb\u00edthatj\u00e1k, illetve bocs\u00e1tott\u00e1k vagy bocs\u00e1thatj\u00e1k rendelkez\u00e9s\u00e9re,<\/li><li>azt, hogy ut\u00f3lag ellen\u0151rizhet\u0151 \u00e9s meg\u00e1llap\u00edthat\u00f3 legyen, hogy mely szem\u00e9lyes adatokat, mely id\u0151pontban, ki vitt be az adatkezel\u0151 rendszerbe,<\/li><li>a szem\u00e9lyes adatoknak azok tov\u00e1bb\u00edt\u00e1sa sor\u00e1n vagy az adathordoz\u00f3 sz\u00e1ll\u00edt\u00e1sa k\u00f6zben t\u00f6rt\u00e9n\u0151 jogosulatlan megismer\u00e9s\u00e9nek, m\u00e1sol\u00e1s\u00e1nak, m\u00f3dos\u00edt\u00e1s\u00e1nak vagy t\u00f6rl\u00e9s\u00e9nek megakad\u00e1lyoz\u00e1s\u00e1t,<\/li><li>azt, hogy \u00fczemzavar eset\u00e9n az adatkezel\u0151 rendszer helyre\u00e1ll\u00edthat\u00f3 legyen, valamint<\/li><li>azt, hogy az adatkezel\u0151 rendszer m\u0171k\u00f6d\u0151k\u00e9pes legyen, a m\u0171k\u00f6d\u00e9se sor\u00e1n fell\u00e9p\u0151 hib\u00e1kr\u00f3l jelent\u00e9s k\u00e9sz\u00fclj\u00f6n, tov\u00e1bb\u00e1 a t\u00e1rolt szem\u00e9lyes adatokat a rendszer hib\u00e1s m\u0171k\u00f6dtet\u00e9s\u00e9vel se lehessen megv\u00e1ltoztatni.<ul><li>Az Adatkezel\u0151 az adatokat megfelel\u0151 int\u00e9zked\u00e9sekkel v\u00e9di a v\u00e9letlen vagy jogellenes megsemmis\u00edt\u00e9s, elveszt\u00e9s, megv\u00e1ltoztat\u00e1s, s\u00e9r\u00fcl\u00e9s, jogosulatlan nyilv\u00e1noss\u00e1gra hozatal vagy az azokhoz val\u00f3 jogosulatlan hozz\u00e1f\u00e9r\u00e9s ellen.<\/li><li>A T\u00e1rsas\u00e1g a szem\u00e9lyes adatokat bizalmas adatk\u00e9nt min\u0151s\u00edti \u00e9s kezeli. A munkav\u00e1llal\u00f3kkal a szem\u00e9lyes adatok kezel\u00e9s\u00e9re vonatkoz\u00f3an titoktart\u00e1si k\u00f6telezetts\u00e9get \u00edr el\u0151. A szem\u00e9lyes adatokhoz val\u00f3 hozz\u00e1f\u00e9r\u00e9st a T\u00e1rsas\u00e1g jogosults\u00e1gi szintek megad\u00e1s\u00e1val korl\u00e1tozza.<\/li><li>A T\u00e1rsas\u00e1g az informatikai rendszereket t\u0171zfallal v\u00e9di, \u00e9s v\u00edrusv\u00e9delemmel l\u00e1tja el. Az informatikai rendszer fizikai k\u00fcls\u0151 biztons\u00e1gi ment\u00e9st biztos\u00edt k\u00fcl\u00f6n\u00e1ll\u00f3 irodai \u00e9p\u00fcletbe.<\/li><li>A T\u00e1rsas\u00e1g alkalmazottai a munkahelyi g\u00e9pekhez csatlakoztathatj\u00e1k saj\u00e1t sz\u00e1m\u00edt\u00e1stechnikai eszk\u00f6zeiket, adatt\u00e1rol\u00f3 \u00e9s r\u00f6gz\u00edt\u0151 eszk\u00f6zeiket.<\/li><li>A T\u00e1rsas\u00e1g az elektronikus adatfeldolgoz\u00e1st, nyilv\u00e1ntart\u00e1st sz\u00e1m\u00edt\u00f3g\u00e9pes program \u00fatj\u00e1n v\u00e9gzi, amely megfelel az adatbiztons\u00e1g k\u00f6vetelm\u00e9nyeinek. A program biztos\u00edtja, hogy az adatokhoz csak c\u00e9lhoz k\u00f6t\u00f6tten, ellen\u0151rz\u00f6tt k\u00f6r\u00fclm\u00e9nyek k\u00f6z\u00f6tt csak azon szem\u00e9lyek f\u00e9rjenek hozz\u00e1, akiknek a feladataik ell\u00e1t\u00e1sa \u00e9rdek\u00e9ben erre sz\u00fcks\u00e9g\u00fck van.<\/li><li>K\u00fcls\u0151 forr\u00e1sb\u00f3l kapott vagy let\u00f6lt\u00f6tt, nem enged\u00e9lyezett programok haszn\u00e1lata tilos!<\/li><li>A folyamatban lev\u0151 munkav\u00e9gz\u00e9s, feldolgoz\u00e1s alatt lev\u0151 iratokhoz csak az illet\u00e9kes \u00fcgyint\u00e9z\u0151k f\u00e9rhetnek hozz\u00e1, a szem\u00e9lyzeti, a b\u00e9r- \u00e9s munka\u00fcgyi \u00e1s egy\u00e9b szem\u00e9lyes adatokat tartalmaz\u00f3 iratokat biztons\u00e1gosan elz\u00e1rva kell tartani.<\/li><li>A munkav\u00e1llal\u00f3 szem\u00e9lyes adatot (k\u00fcl\u00f6n\u00f6sen k\u00e9p-, hangfelv\u00e9telt) nem t\u00e1rolhat a munkahelyi sz\u00e1m\u00edt\u00f3g\u00e9p\u00e9n, elektronikus eszk\u00f6z\u00e9n. A c\u00e9ges emailc\u00edm\u00e9r\u0151l mag\u00e1nlevelez\u00e9st nem folytathat, azon szem\u00e9lyes adatokat nem t\u00e1rolhat.<\/li><li>Amennyiben munkav\u00e1llal\u00f3 kik\u00fcldet\u00e9sben, szakmai vagy egy\u00e9b c\u00e9l\u00fa k\u00fclf\u00f6ldi vagy belf\u00f6ldi \u00faton van, a T\u00e1rsas\u00e1g sz\u00e1ll\u00e1shely-foglal\u00e1s c\u00e9lj\u00e1b\u00f3l a munkav\u00e1llal\u00f3 szem\u00e9lyazonos\u00edt\u00f3 adatait (jellemz\u0151en nev\u00e9t, lakc\u00edm\u00e9t, szem\u00e9lyigazolv\u00e1ny sz\u00e1m\u00e1t) a sz\u00e1ll\u00e1shely, sz\u00e1lloda r\u00e9sz\u00e9re \u00e1tadja. Err\u0151l a munkav\u00e1llal\u00f3t az adattov\u00e1bb\u00edt\u00e1s el\u0151tt a T\u00e1rsas\u00e1g sz\u00f3ban vagy \u00edr\u00e1sban t\u00e1j\u00e9koztatja.<\/li><\/ul><\/li><\/ol><p>\u00a0<\/p><ol start=\"24\"><li><strong>ADATV\u00c9DELMI INCIDENSEK KEZEL\u00c9SE<\/strong><ul><li>Adatv\u00e9delmi incidens: a biztons\u00e1g olyan s\u00e9r\u00fcl\u00e9se, amely a tov\u00e1bb\u00edtott, t\u00e1rolt vagy m\u00e1s m\u00f3don kezelt szem\u00e9lyes adatok v\u00e9letlen vagy jogellenes megsemmis\u00edt\u00e9s\u00e9t, elveszt\u00e9s\u00e9t, megv\u00e1ltoztat\u00e1s\u00e1t, jogosulatlan k\u00f6zl\u00e9s\u00e9t vagy az azokhoz val\u00f3 jogosulatlan hozz\u00e1f\u00e9r\u00e9st eredm\u00e9nyezi; (Rendelet 4. cikk 12.)<\/li><\/ul><\/li><\/ol><ul><li>A leggyakoribb jelentett incidensek lehetnek p\u00e9ld\u00e1ul: a laptop vagy mobil telefon elveszt\u00e9se, szem\u00e9lyes adatok nem biztons\u00e1gos t\u00e1rol\u00e1sa (pl. szemetesbe dobott fizet\u00e9si pap\u00edrok); adatok nem biztons\u00e1gos tov\u00e1bb\u00edt\u00e1sa, \u00fcgyf\u00e9l- \u00e9s vev\u0151- partnerlist\u00e1k illet\u00e9ktelen m\u00e1sol\u00e1sa, tov\u00e1bb\u00edt\u00e1sa, szerver elleni t\u00e1mad\u00e1sok, honlap felt\u00f6r\u00e9se.<\/li><li>Adatv\u00e9delmi incidensek megel\u0151z\u00e9se, kezel\u00e9se, a vonatkoz\u00f3 jogi el\u0151\u00edr\u00e1sok betart\u00e1sa a T\u00e1rsas\u00e1g vezet\u0151j\u00e9nek feladata.<\/li><li>Az informatikai rendszereken napl\u00f3zni kell a hozz\u00e1f\u00e9r\u00e9seket \u00e9s hozz\u00e1f\u00e9r\u00e9si k\u00eds\u00e9rleteket, \u00e9s ezeket folyamatosan elemezni kell.<\/li><li>Amennyiben a t\u00e1rsas\u00e1g ellen\u0151rz\u00e9sre jogosult munkav\u00e1llal\u00f3i a feladataik ell\u00e1t\u00e1sa sor\u00e1n adatv\u00e9delmi incidenst \u00e9szlelnek, halad\u00e9ktalanul \u00e9rtes\u00edteni\u00fck kell a T\u00e1rsas\u00e1g vezet\u0151j\u00e9t.<\/li><li>A T\u00e1rsas\u00e1g munkav\u00e1llal\u00f3i k\u00f6telesek jelenteni a T\u00e1rsas\u00e1g vezet\u0151j\u00e9nek, vagy a munk\u00e1ltat\u00f3i jogok gyakorl\u00f3j\u00e1nak, ha adatv\u00e9delmi incidenst, vagy arra utal\u00f3 esem\u00e9nyt \u00e9szlelnek.<\/li><li>Adatv\u00e9delmi incidens bejelenthet\u0151 a T\u00e1rsas\u00e1g k\u00f6zponti e-mail c\u00edm\u00e9n, telefonsz\u00e1m\u00e1n, amelyen a munkav\u00e1llal\u00f3k, szerz\u0151d\u0151 partnerek, \u00e9rintettek jelenteni tudj\u00e1k az alapul szolg\u00e1l\u00f3 esem\u00e9nyeket, biztons\u00e1gi gyenges\u00e9geket.<\/li><li>Adatv\u00e9delmi incidens bejelent\u00e9se eset\u00e9n a T\u00e1rsas\u00e1g \u00fcgyvezet\u0151je- halad\u00e9ktalanul megvizsg\u00e1lja a bejelent\u00e9st, ennek sor\u00e1n azonos\u00edtani kell az incidenst, el kell d\u00f6nteni, hogy val\u00f3di incidensr\u0151l, vagy t\u00e9ves riaszt\u00e1sr\u00f3l van sz\u00f3. Meg kell vizsg\u00e1lni \u00e9s meg kell \u00e1llap\u00edtani:<\/li><\/ul><ol><li>az incidens bek\u00f6vetkez\u00e9s\u00e9nek id\u0151pontj\u00e1t \u00e9s hely\u00e9t,<\/li><li>az incidens le\u00edr\u00e1s\u00e1t, k\u00f6r\u00fclm\u00e9nyeit, hat\u00e1sait,<\/li><li>az incidens sor\u00e1n kompromitt\u00e1l\u00f3dott adatok k\u00f6r\u00e9t, sz\u00e1moss\u00e1g\u00e1t,<\/li><li>a kompromitt\u00e1l\u00f3dott adatokkal \u00e9rintett szem\u00e9lyek k\u00f6r\u00e9t,<\/li><li>az incidens elh\u00e1r\u00edt\u00e1sa \u00e9rdek\u00e9ben tett int\u00e9zked\u00e9sek le\u00edr\u00e1s\u00e1t,<\/li><li>a k\u00e1r megel\u0151z\u00e9se, elh\u00e1r\u00edt\u00e1sa, cs\u00f6kkent\u00e9se \u00e9rdek\u00e9ben tett int\u00e9zked\u00e9sek le\u00edr\u00e1s\u00e1t.<\/li><\/ol><ul><li>Adatv\u00e9delmi incidens bek\u00f6vetkez\u00e9se eset\u00e9n az \u00e9rintett rendszereket, szem\u00e9lyeket, adatokat be kell hat\u00e1rolni \u00e9s el kell k\u00fcl\u00f6n\u00edteni \u00e9s gondoskodni kell az incidens bek\u00f6vetkez\u00e9s\u00e9t al\u00e1t\u00e1maszt\u00f3 bizony\u00edt\u00e9kok begy\u0171jt\u00e9s\u00e9r\u0151l \u00e9s meg\u0151rz\u00e9s\u00e9r\u0151l. Ezt k\u00f6vet\u0151en lehet megkezdeni a k\u00e1rok helyre\u00e1ll\u00edt\u00e1s\u00e1t \u00e9s a jogszer\u0171 m\u0171k\u00f6d\u00e9s vissza\u00e1ll\u00edt\u00e1s\u00e1t.<\/li><li>Az adatv\u00e9delmi incidensekr\u0151l nyilv\u00e1ntart\u00e1st kell vezetni, amely tartalmazza:<\/li><\/ul><ol><li>az \u00e9rintett szem\u00e9lyes adatok k\u00f6r\u00e9t,<\/li><li>az adatv\u00e9delmi incidenssel \u00e9rintettek k\u00f6r\u00e9t \u00e9s sz\u00e1m\u00e1t,<\/li><li>az adatv\u00e9delmi incidens id\u0151pontj\u00e1t,<\/li><li>az adatv\u00e9delmi incidens k\u00f6r\u00fclm\u00e9nyeit, hat\u00e1sait,<\/li><li>az adatv\u00e9delmi incidens orvosl\u00e1s\u00e1ra megtett int\u00e9zked\u00e9seket,<\/li><li>az adatkezel\u00e9st el\u0151\u00edr\u00f3 jogszab\u00e1lyban meghat\u00e1rozott egy\u00e9b adatokat.<\/li><li>A nyilv\u00e1ntart\u00e1st a T\u00e1rsas\u00e1g \u00fcgyvezet\u0151je k\u00f6teles vezetni.<\/li><\/ol><ul><li>A nyilv\u00e1ntart\u00e1sban szerepl\u0151 adatv\u00e9delmi incidensekre vonatkoz\u00f3 adatokat 5 \u00e9vig meg kell \u0151rizni.<\/li><\/ul><p>\u00a0<\/p><ol start=\"25\"><li><strong>T\u00c1J\u00c9KOZTAT\u00c1S AZ \u00c9RINTETT SZEM\u00c9LY JOGAIR\u00d3L<\/strong><\/li><\/ol><ul><li>\u00c9rintettnek min\u0151s\u00fclnek k\u00fcl\u00f6n\u00f6sen az Adatkezel\u0151 munkav\u00e1llal\u00f3i \u00e9s \u00fczleti partnerei (vev\u0151k, megrendel\u0151k, besz\u00e1ll\u00edt\u00f3k). Az \u00e9rintett jogai r\u00f6viden \u00f6sszefoglalva:<\/li><\/ul><ol><li>\u00c1tl\u00e1that\u00f3 t\u00e1j\u00e9koztat\u00e1s, kommunik\u00e1ci\u00f3 \u00e9s az \u00e9rintett joggyakorl\u00e1s\u00e1nak el\u0151seg\u00edt\u00e9se<\/li><li>El\u0151zetes t\u00e1j\u00e9koz\u00f3d\u00e1shoz val\u00f3 jog &#8211; ha a szem\u00e9lyes adatokat az \u00e9rintett\u0151l gy\u0171jtik<\/li><li>Az \u00e9rintett hozz\u00e1f\u00e9r\u00e9si joga<\/li><li>A helyesb\u00edt\u00e9shez val\u00f3 jog<\/li><li>A t\u00f6rl\u00e9shez val\u00f3 jog (\u201eaz elfeledtet\u00e9shez val\u00f3 jog\u201d)<\/li><li>Az adatkezel\u00e9s korl\u00e1toz\u00e1s\u00e1hoz val\u00f3 jog<\/li><li>A szem\u00e9lyes adatok helyesb\u00edt\u00e9s\u00e9hez vagy t\u00f6rl\u00e9s\u00e9hez, illetve az adatkezel\u00e9s korl\u00e1toz\u00e1s\u00e1hoz kapcsol\u00f3d\u00f3 \u00e9rtes\u00edt\u00e9si k\u00f6telezetts\u00e9g<\/li><li>A tiltakoz\u00e1shoz val\u00f3 jog<\/li><li>Az \u00e9rintett t\u00e1j\u00e9koztat\u00e1sa az adatv\u00e9delmi incidensr\u0151l<\/li><li>A fel\u00fcgyeleti hat\u00f3s\u00e1gn\u00e1l t\u00f6rt\u00e9n\u0151 panaszt\u00e9telhez val\u00f3 jog (hat\u00f3s\u00e1gi jogorvoslathoz val\u00f3 jog)<\/li><li>A fel\u00fcgyeleti hat\u00f3s\u00e1ggal szembeni hat\u00e9kony b\u00edr\u00f3s\u00e1gi jogorvoslathoz val\u00f3 jog<\/li><li>Az adatkezel\u0151vel vagy az adatfeldolgoz\u00f3val szembeni hat\u00e9kony b\u00edr\u00f3s\u00e1gi jogorvoslathoz val\u00f3 jog<\/li><\/ol><ul><li>Az \u00e9rintetti jogok gyakorl\u00e1s\u00e1ra vonatkoz\u00f3 elj\u00e1r\u00e1si szab\u00e1lyok:<\/li><\/ul><p>Amennyiben az \u00e9rintett valamely \u00e9rintetti jog\u00e1t \u00e9rv\u00e9nyes\u00edteni k\u00edv\u00e1nja, ezt \u00edr\u00e1sban a T\u00e1rsas\u00e1g \u00fcgyvezet\u0151j\u00e9nek c\u00edmezve kell post\u00e1n, szem\u00e9lyesen vagy emailen kereszt\u00fcl megk\u00fcldenie. A k\u00e9relmet a T\u00e1rsas\u00e1g \u00fcgyvezet\u0151je a jelen szab\u00e1lyzatban foglaltak szerint b\u00edr\u00e1lja el. Az \u00e9rintett k\u00f6teles szem\u00e9lyazonoss\u00e1g\u00e1t hitelt \u00e9rdeml\u0151en igazolni, amely szem\u00e9lyesen szem\u00e9lyazonos\u00edt\u00f3 okm\u00e1nya bemutat\u00e1s\u00e1val vagy postai\/emailen kereszt\u00fcl t\u00f6rt\u00e9n\u0151 k\u00e9relmez\u00e9s eset\u00e9n a szem\u00e9lyazonos\u00edt\u00f3 okm\u00e1ny m\u00e1solat\u00e1nak csatol\u00e1s\u00e1val t\u00f6rt\u00e9nik. A T\u00e1rsas\u00e1g \u00fcgyvezet\u0151je a k\u00e9relemben foglaltak teljes\u00edt\u00e9s\u00e9t mindaddig megtagadja, am\u00edg az \u00e9rintett szem\u00e9lyazonoss\u00e1g\u00e1t hitelt \u00e9rdeml\u0151en nem igazolta.<\/p><p>A be\u00e9rkezett k\u00e9relmet a T\u00e1rsas\u00e1g \u00fcgyvezet\u0151je a be\u00e9rkez\u00e9st\u0151l sz\u00e1m\u00edtott 25 napon bel\u00fcl k\u00f6teles elb\u00edr\u00e1lni \u00e9s megv\u00e1laszolni. A k\u00e9relemben foglaltakat az \u00fcgyvezet\u0151 a k\u00e9relmez\u0151 k\u00e9r\u00e9s\u00e9nek megfelel\u0151en postai, e-mailes \u00faton vagy a T\u00e1rsas\u00e1g sz\u00e9khely\u00e9n vagy telephely\u00e9n szem\u00e9lyes \u00e1tad\u00e1ssal teljes\u00edti. Az \u00fcgyvezet\u0151 az \u00e9rintetti jogok gyakorl\u00e1s\u00e1hoz sz\u00fcks\u00e9ges k\u00e9rt inform\u00e1ci\u00f3kat\/k\u00e9rd\u00e9seket k\u00f6teles megv\u00e1laszolni, az \u00e9rintettel k\u00f6teles egy\u00fcttm\u0171k\u00f6dni.<\/p><p>\u00a0<\/p><p><strong>Az \u00e9rintett jogai r\u00e9szletesen:<\/strong><\/p><ol><li><strong>\u00c1tl\u00e1that\u00f3 t\u00e1j\u00e9koztat\u00e1s, kommunik\u00e1ci\u00f3 \u00e9s az \u00e9rintett joggyakorl\u00e1s\u00e1nak el\u0151seg\u00edt\u00e9se<\/strong><\/li><li>Az adatkezel\u0151nek az \u00e9rintett r\u00e9sz\u00e9re a szem\u00e9lyes adatok kezel\u00e9s\u00e9re vonatkoz\u00f3 valamennyi inform\u00e1ci\u00f3t \u00e9s minden egyes t\u00e1j\u00e9koztat\u00e1st t\u00f6m\u00f6r, \u00e1tl\u00e1that\u00f3, \u00e9rthet\u0151 \u00e9s k\u00f6nnyen hozz\u00e1f\u00e9rhet\u0151 form\u00e1ban, vil\u00e1gosan \u00e9s k\u00f6z\u00e9rthet\u0151en megfogalmazva kell ny\u00fajtania, k\u00fcl\u00f6n\u00f6sen a gyermekeknek c\u00edmzett b\u00e1rmely inform\u00e1ci\u00f3 eset\u00e9ben. Az inform\u00e1ci\u00f3kat \u00edr\u00e1sban vagy m\u00e1s m\u00f3don &#8211; ide\u00e9rtve adott esetben az elektronikus utat is &#8211; kell megadni. Az \u00e9rintett k\u00e9r\u00e9s\u00e9re sz\u00f3beli t\u00e1j\u00e9koztat\u00e1s is adhat\u00f3, felt\u00e9ve, hogy m\u00e1s m\u00f3don igazolt\u00e1k az \u00e9rintett szem\u00e9lyazonoss\u00e1g\u00e1t.<\/li><li>Az adatkezel\u0151nek el\u0151 kell seg\u00edtenie az \u00e9rintett jogainak a gyakorl\u00e1s\u00e1t.<\/li><li>Az adatkezel\u0151 indokolatlan k\u00e9sedelem n\u00e9lk\u00fcl, de mindenf\u00e9lek\u00e9ppen a k\u00e9relem be\u00e9rkez\u00e9s\u00e9t\u0151l sz\u00e1m\u00edtott 25 napon bel\u00fcl t\u00e1j\u00e9koztatja az \u00e9rintettet a jogai gyakorl\u00e1s\u00e1ra ir\u00e1nyul\u00f3 k\u00e9relme nyom\u00e1n hozott int\u00e9zked\u00e9sekr\u0151l. E hat\u00e1rid\u0151 a Rendeletben \u00edrt felt\u00e9telekkel tov\u00e1bbi k\u00e9t h\u00f3nappal meghosszabb\u00edthat\u00f3, amelyr\u0151l az \u00e9rintettet t\u00e1j\u00e9koztatni kell.<\/li><li>Ha az adatkezel\u0151 nem tesz int\u00e9zked\u00e9seket az \u00e9rintett k\u00e9relme nyom\u00e1n, k\u00e9sedelem n\u00e9lk\u00fcl, de legk\u00e9s\u0151bb a k\u00e9relem be\u00e9rkez\u00e9s\u00e9t\u0151l sz\u00e1m\u00edtott 25 napon bel\u00fcl t\u00e1j\u00e9koztatja az \u00e9rintettet az int\u00e9zked\u00e9s elmarad\u00e1s\u00e1nak okair\u00f3l, valamint arr\u00f3l, hogy az \u00e9rintett panaszt ny\u00fajthat be valamely fel\u00fcgyeleti hat\u00f3s\u00e1gn\u00e1l, \u00e9s \u00e9lhet b\u00edr\u00f3s\u00e1gi jogorvoslati jog\u00e1val.<\/li><li>Az adatkezel\u0151 az inform\u00e1ci\u00f3kat \u00e9s az \u00e9rintett jogair\u00f3l sz\u00f3l\u00f3 t\u00e1j\u00e9koztat\u00e1st \u00e9s int\u00e9zked\u00e9st d\u00edjmentesen biztos\u00edtja, azonban a Rendeletben \u00e9s az Infotv. 15. \u00a7 \u00edrt esetekben d\u00edj sz\u00e1m\u00edthat\u00f3 fel.<\/li><li>Amennyiben megalapozottan feltehet\u0151, hogy bizonyos \u00e9rintett! jogok (\u00fagymint hozz\u00e1f\u00e9r\u00e9shez, helyesb\u00edt\u00e9shez, adatkezel\u00e9s korl\u00e1toz\u00e1s\u00e1hoz \u00e9s t\u00f6rl\u00e9shez val\u00f3 jog) \u00e9rv\u00e9nyes\u00edt\u00e9se ir\u00e1nt k\u00e9relmet beny\u00fajt\u00f3 szem\u00e9ly az \u00e9rintettel nem azonos szem\u00e9ly, az adatkezel\u0151 a k\u00e9relmet az azt beny\u00fajt\u00f3 szem\u00e9ly szem\u00e9lyazonoss\u00e1g\u00e1nak hitelt \u00e9rdeml\u0151 igazol\u00e1s\u00e1t k\u00f6vet\u0151en teljes\u00edti.<\/li><li><strong>El\u0151zetes t\u00e1j\u00e9koz\u00f3d\u00e1shoz val\u00f3 jog &#8211; ha a szem\u00e9lyes adatokat az \u00e9rintett\u0151l gy\u0171jtik<\/strong><\/li><li>Az \u00e9rintett jogosult arra, hogy az adatkezel\u00e9ssel \u00f6sszef\u00fcgg\u0151 t\u00e9nyekr\u0151l \u00e9s inform\u00e1ci\u00f3kr\u00f3l az adatkezel\u00e9s megkezd\u00e9s\u00e9t megel\u0151z\u0151en t\u00e1j\u00e9koztat\u00e1st kapjon. Ennek keret\u00e9ben az \u00e9rintettet t\u00e1j\u00e9koztatni kell:<\/li><li>az adatkezel\u0151 \u00e9s k\u00e9pvisel\u0151je kil\u00e9t\u00e9r\u0151l \u00e9s el\u00e9rhet\u0151s\u00e9geir\u0151l,<\/li><li>az adatv\u00e9delmi tisztvisel\u0151 el\u00e9rhet\u0151s\u00e9geir\u0151l (ha van ilyen),<\/li><li>a szem\u00e9lyes adatok tervezett kezel\u00e9s\u00e9nek c\u00e9lj\u00e1r\u00f3l, valamint az adatkezel\u00e9s<\/li><li>jogalapj\u00e1r\u00f3l,<\/li><li>jogos \u00e9rdek \u00e9rv\u00e9nyes\u00edt\u00e9s\u00e9n alapul\u00f3 adatkezel\u00e9s eset\u00e9n, az adatkezel\u0151 vagy harmadik f\u00e9l jogos \u00e9rdekeir\u0151l,<\/li><li>a szem\u00e9lyes adatok c\u00edmzettjeir\u0151l &#8211; akikkel a szem\u00e9lyes adatot k\u00f6zlik &#8211; , illetve a c\u00edmzettek kateg\u00f3ri\u00e1ir\u00f3l, ha van ilyen;<\/li><li>adott esetben annak t\u00e9ny\u00e9r\u0151l, hogy az adatkezel\u0151 harmadik orsz\u00e1gba vagy nemzetk\u00f6zi szervezet r\u00e9sz\u00e9re k\u00edv\u00e1nja tov\u00e1bb\u00edtani a szem\u00e9lyes adatokat.<\/li><li>a kezelt szem\u00e9lyes adatok meg\u0151rz\u00e9s\u00e9nek id\u0151tartam\u00e1r\u00f3l, ezen id\u0151tartam meghat\u00e1roz\u00e1s\u00e1nak szempontjair\u00f3l,<\/li><li>a kezelt szem\u00e9lyes adatok gy\u0171jt\u00e9s\u00e9nek forr\u00e1s\u00e1r\u00f3l, \u00e9s<\/li><li>az adatkezel\u00e9s k\u00f6r\u00fclm\u00e9nyeivel \u00f6sszef\u00fcgg\u0151 minden tov\u00e1bbi \u00e9rdemi t\u00e9nyr\u0151l.<\/li><li>A tisztess\u00e9ges \u00e9s \u00e1tl\u00e1that\u00f3 adatkezel\u00e9s biztos\u00edtsa \u00e9rdek\u00e9ben az adatkezel\u0151nek az \u00e9rintettet a k\u00f6vetkez\u0151 kieg\u00e9sz\u00edt\u0151 inform\u00e1ci\u00f3kr\u00f3l kell t\u00e1j\u00e9koztatnia:<\/li><li>a szem\u00e9lyes adatok t\u00e1rol\u00e1s\u00e1nak id\u0151tartam\u00e1r\u00f3l, vagy ha ez nem lehets\u00e9ges, ezen id\u0151tartam meghat\u00e1roz\u00e1s\u00e1nak szempontjair\u00f3l;<\/li><li>az \u00e9rintett azon jog\u00e1r\u00f3l, hogy k\u00e9relmezheti az adatkezel\u0151t\u0151l a r\u00e1 vonatkoz\u00f3 szem\u00e9lyes adatokhoz val\u00f3 hozz\u00e1f\u00e9r\u00e9st, azok helyesb\u00edt\u00e9s\u00e9t, t\u00f6rl\u00e9s\u00e9t vagy kezel\u00e9s\u00e9nek korl\u00e1toz\u00e1s\u00e1t, \u00e9s tiltakozhat az ilyen szem\u00e9lyes adatok kezel\u00e9se ellen, valamint az \u00e9rintett adathordozhat\u00f3s\u00e1ghoz val\u00f3 jog\u00e1r\u00f3l;<\/li><li>az \u00e9rintett hozz\u00e1j\u00e1rul\u00e1s\u00e1n alapul\u00f3 adatkezel\u00e9s eset\u00e9n arr\u00f3l, hogy a hozz\u00e1j\u00e1rul\u00e1s b\u00e1rmely id\u0151pontban t\u00f6rt\u00e9n\u0151 visszavon\u00e1s\u00e1hoz val\u00f3 jog, amely nem \u00e9rinti a visszavon\u00e1s el\u0151tt a hozz\u00e1j\u00e1rul\u00e1s alapj\u00e1n v\u00e9grehajtott adatkezel\u00e9s jogszer\u0171s\u00e9g\u00e9t;<\/li><li>a fel\u00fcgyeleti hat\u00f3s\u00e1ghoz c\u00edmzett panasz beny\u00fajt\u00e1s\u00e1nak jog\u00e1r\u00f3l;<\/li><li>arr\u00f3l, hogy a szem\u00e9lyes adat szolg\u00e1ltat\u00e1sa jogszab\u00e1lyon vagy szerz\u0151d\u00e9ses k\u00f6telezetts\u00e9gen alapul vagy szerz\u0151d\u00e9s k\u00f6t\u00e9s\u00e9nek el\u0151felt\u00e9tele-e, valamint, hogy az \u00e9rintett k\u00f6teles-e a szem\u00e9lyes adatokat megadni, tov\u00e1bb\u00e1, hogy milyen lehets\u00e9ges k\u00f6vetkezm\u00e9nyeikkel j\u00e1rhat az adatszolg\u00e1ltat\u00e1s elmarad\u00e1sa;<\/li><li>az automatiz\u00e1lt d\u00f6nt\u00e9shozatal t\u00e9ny\u00e9r\u0151l, ide\u00e9rtve a profilalkot\u00e1st is, valamint legal\u00e1bb ezekben az esetekben az alkalmazott logik\u00e1r\u00f3l, \u00e9s arra vonatkoz\u00f3an \u00e9rthet\u0151 inform\u00e1ci\u00f3kr\u00f3l, hogy az ilyen adatkezel\u00e9s milyen jelent\u0151s\u00e9ggel, \u00e9s az \u00e9rintettre n\u00e9zve milyen v\u00e1rhat\u00f3 k\u00f6vetkezm\u00e9nyekkel b\u00edr.<\/li><li>Ha az adatkezel\u0151 a szem\u00e9lyes adatokon a gy\u0171jt\u00e9s\u00fck c\u00e9lj\u00e1t\u00f3l elt\u00e9r\u0151 c\u00e9lb\u00f3l tov\u00e1bbi adatkezel\u00e9st k\u00edv\u00e1n v\u00e9gezni, a tov\u00e1bbi adatkezel\u00e9st megel\u0151z\u0151en t\u00e1j\u00e9koztatnia kell az \u00e9rintettet err\u0151l az elt\u00e9r\u0151 c\u00e9lr\u00f3l \u00e9s minden relev\u00e1ns kieg\u00e9sz\u00edt\u0151 inform\u00e1ci\u00f3r\u00f3l.<\/li><li><strong>Az \u00e9rintett hozz\u00e1f\u00e9r\u00e9si joga<\/strong><\/li><li>Az \u00e9rintett jogosult arra, hogy az adatkezel\u0151t\u0151l visszajelz\u00e9st kapjon arra vonatkoz\u00f3an, hogy szem\u00e9lyes adatainak kezel\u00e9se folyamatban van-e, \u00e9s ha ilyen adatkezel\u00e9s folyamatban van, jogosult arra, hogy a szem\u00e9lyes adatokhoz \u00e9s az el\u0151bbi 2-3. pontban \u00edrt kapcsol\u00f3d\u00f3 inform\u00e1ci\u00f3khoz hozz\u00e1f\u00e9r\u00e9st kapjon.<\/li><li>Ha szem\u00e9lyes adatoknak harmadik orsz\u00e1gba vagy nemzetk\u00f6zi szervezet r\u00e9sz\u00e9re t\u00f6rt\u00e9n\u0151 tov\u00e1bb\u00edt\u00e1s\u00e1ra ker\u00fcl sor, az \u00e9rintett jogosult arra, hogy t\u00e1j\u00e9koztat\u00e1st kapjon a tov\u00e1bb\u00edt\u00e1sra vonatkoz\u00f3an a Rendelet 46. cikk szerinti megfelel\u0151 garanci\u00e1kr\u00f3l.<\/li><li>Az adatkezel\u0151nek az adatkezel\u00e9s t\u00e1rgy\u00e1t k\u00e9pez\u0151 szem\u00e9lyes adatok m\u00e1solat\u00e1t az \u00e9rintett rendelkez\u00e9s\u00e9re kell bocs\u00e1tania. Az \u00e9rintett \u00e1ltal k\u00e9rt tov\u00e1bbi m\u00e1solatok\u00e9rt az adatkezel\u0151 az adminisztrat\u00edv k\u00f6lts\u00e9geken alapul\u00f3, \u00e9szszer\u0171 m\u00e9rt\u00e9k\u0171 d\u00edjat sz\u00e1m\u00edthat fel.<\/li><\/ol><p>C.4. Az Adatkezel\u0151 a munkav\u00e1llal\u00f3 k\u00e9r\u00e9s\u00e9re munk\u00e1ltat\u00f3i igazol\u00e1st \u00e1ll\u00edt ki a munkav\u00e1llal\u00f3 \u00e1ltal meghat\u00e1rozott saj\u00e1t szem\u00e9lyes adataira vonatkoz\u00f3an, k\u00fcl\u00f6n\u00f6s tekintettel j\u00f6vedelmi adataira. A munk\u00e1ltat\u00f3i igazol\u00e1s ki\u00e1ll\u00edt\u00e1sa t\u00f6rt\u00e9nhet a munkav\u00e1llal\u00f3 \u00e1ltal bemutatott &#8211; jellemz\u0151en banki- formanyomtatv\u00e1nyon is. Az Adatkezel\u0151 az igazol\u00e1st a munkav\u00e1llal\u00f3nak adja \u00e1t az al\u00e1bbiak szerint: egy p\u00e9ld\u00e1nyt meg\u0151riz, amelyet a munkav\u00e1llal\u00f3val az \u00e1tv\u00e9tel igazol\u00e1s\u00e1nak c\u00e9lj\u00e1b\u00f3l al\u00e1\u00edrat. Az Adatkezel\u0151 harmadik szem\u00e9ly, k\u00fcl\u00f6n\u00f6sen hitelint\u00e9zet r\u00e9sz\u00e9re az igazol\u00e1st k\u00f6zvetlen\u00fcl nem k\u00fcldheti meg, nem tov\u00e1bb\u00edthatja, azt minden esetben a munkav\u00e1llal\u00f3nak kell \u00e1tadnia.<\/p><p>Az Adatkezel\u0151 az igazol\u00e1s tartalm\u00e1ra vonatkoz\u00f3an felvil\u00e1gos\u00edt\u00e1st a hitelint\u00e9zet r\u00e9sz\u00e9re semmilyen csatorn\u00e1n kereszt\u00fcl sem ny\u00fajthat, m\u00e9g akkor sem, ha a hitelint\u00e9zeti igazol\u00e1son a munkav\u00e1llal\u00f3 hozz\u00e1j\u00e1rul\u00e1s\u00e1t adja \u00e9s felhatalmazza az Adatkezel\u0151t tov\u00e1bbi felvil\u00e1gos\u00edt\u00e1s ny\u00fajt\u00e1s\u00e1ra. Az Adatkezel\u0151 kiz\u00e1r\u00f3lag abban az esetben adhat a hitelint\u00e9zet r\u00e9sz\u00e9re t\u00e1j\u00e9koztat\u00e1st, ha a munkav\u00e1llal\u00f3 ehhez kifejezett, \u00f6nk\u00e9ntes hozz\u00e1j\u00e1rul\u00e1s\u00e1t adta \u00e9s a hitelint\u00e9zet \u00e9s a t\u00e1j\u00e9koztat\u00e1s ny\u00fajt\u00e1s\u00e1nak m\u00f3dj\u00e1nak (telefon, elektronikus, fax) megnevez\u00e9s\u00e9vel. Ezen hozz\u00e1j\u00e1rul\u00f3 nyilatkozatban az Adatkezel\u0151 t\u00e1j\u00e9koztatja a munkav\u00e1llal\u00f3t a jogair\u00f3l, \u00e9s kiz\u00e1rja felel\u0151ss\u00e9g\u00e9t az adattov\u00e1bb\u00edt\u00e1s biztons\u00e1ga szempontj\u00e1b\u00f3l tekintettel arra, hogy az Adatkezel\u0151 a hitelint\u00e9zetet \u00e9s munkav\u00e1llal\u00f3it ellen\u0151rizni nem \u00e1ll m\u00f3dj\u00e1ban.<\/p><ol start=\"5\"><li>A hozz\u00e1f\u00e9r\u00e9shez val\u00f3 jog \u00e9rv\u00e9nyes\u00fcl\u00e9se \u00e9rdek\u00e9ben az \u00e9rintettet k\u00e9relm\u00e9re az Adatkezel\u0151 t\u00e1j\u00e9koztatja arr\u00f3l, hogy szem\u00e9lyes adatait maga az adatkezel\u0151, illetve a megb\u00edz\u00e1s\u00e1b\u00f3l vagy rendelkez\u00e9se alapj\u00e1n elj\u00e1r\u00f3 adatfeldolgoz\u00f3 kezeli-e.<\/li><\/ol><p>Ha az \u00e9rintett szem\u00e9lyes adatait az adatkezel\u0151 vagy a megb\u00edz\u00e1s\u00e1b\u00f3l elj\u00e1r\u00f3 adatfeldolgoz\u00f3 kezeli, az adatkezel\u0151 az el\u0151bbiekben meghat\u00e1rozottakon t\u00fal az \u00e9rintett rendelkez\u00e9s\u00e9re bocs\u00e1tja az \u00e9rintett \u00e1ltala \u00e9s a megb\u00edz\u00e1s\u00e1b\u00f3l elj\u00e1r\u00f3 adatfeldolgoz\u00f3 \u00e1ltal kezelt szem\u00e9lyes adatait, \u00e9s k\u00f6zli vele<\/p><ol><li>a kezelt szem\u00e9lyes adatok forr\u00e1s\u00e1t,<\/li><li>az adatkezel\u00e9s c\u00e9lj\u00e1t \u00e9s jogalapj\u00e1t,<\/li><li>a kezelt szem\u00e9lyes adatok k\u00f6r\u00e9t,<\/li><li>a kezelt szem\u00e9lyes adatok tov\u00e1bb\u00edt\u00e1sa eset\u00e9n az adattov\u00e1bb\u00edt\u00e1s c\u00edmzettjeinek &#8211;<\/li><li>ide\u00e9rtve a harmadik orsz\u00e1gbeli c\u00edmzetteket \u00e9s nemzetk\u00f6zi szervezeteket &#8211; k\u00f6r\u00e9t,<\/li><li>a kezelt szem\u00e9lyes adatok meg\u0151rz\u00e9s\u00e9nek id\u0151tartam\u00e1t, ezen id\u0151tartam<\/li><li>meghat\u00e1roz\u00e1s\u00e1nak szempontjait,<\/li><li>az \u00e9rintettet e t\u00f6rv\u00e9ny alapj\u00e1n megillet\u0151 jogok, valamint azok \u00e9rv\u00e9nyes\u00edt\u00e9se m\u00f3dj\u00e1nak ismertet\u00e9s\u00e9t,<\/li><li>profilalkot\u00e1s alkalmaz\u00e1s\u00e1nak eset\u00e9n annak t\u00e9ny\u00e9t \u00e9s<\/li><li>az \u00e9rintett szem\u00e9lyes adatainak kezel\u00e9s\u00e9vel \u00f6sszef\u00fcgg\u00e9sben felmer\u00fclt adatv\u00e9delmi incidensek bek\u00f6vetkez\u00e9s\u00e9nek k\u00f6r\u00fclm\u00e9nyeit, azok hat\u00e1sait \u00e9s az azok kezel\u00e9s\u00e9re tett int\u00e9zked\u00e9seket.<\/li><li><strong>A helyesb\u00edt\u00e9shez val\u00f3 jog<\/strong><\/li><li>Az \u00e9rintett jogosult arra, hogy k\u00e9r\u00e9s\u00e9re az Adatkezel\u0151 indokolatlan k\u00e9sedelem n\u00e9lk\u00fcl helyesb\u00edtse a r\u00e1 vonatkoz\u00f3 pontatlan szem\u00e9lyes adatokat, tov\u00e1bb\u00e1 adattov\u00e1bb\u00edt\u00e1s eset\u00e9n annak t\u00e9ny\u00e9r\u0151l \u00e9s a helyesb\u00edtett szem\u00e9lyes adatr\u00f3l t\u00e1j\u00e9koztatja azt az adatkezel\u0151t, amely r\u00e9sz\u00e9re a helyesb\u00edt\u00e9ssel \u00e9rintett szem\u00e9lyes adatot tov\u00e1bb\u00edtotta.<\/li><li>Figyelembe v\u00e9ve az adatkezel\u00e9s c\u00e9lj\u00e1t, az \u00e9rintett jogosult arra, hogy k\u00e9rje a hi\u00e1nyos szem\u00e9lyes adatok &#8211; egyebek mellett kieg\u00e9sz\u00edt\u0151 nyilatkozat \u00fatj\u00e1n t\u00f6rt\u00e9n\u0151 &#8211; kieg\u00e9sz\u00edt\u00e9s\u00e9t is.<\/li><li>Az adatkezel\u0151, ha az \u00e1ltala, illetve a megb\u00edz\u00e1s\u00e1b\u00f3l elj\u00e1r\u00f3 adatfeldolgoz\u00f3 \u00e1ltal kezelt szem\u00e9lyes adatok pontatlanok, helytelenek vagy hi\u00e1nyosak, azokat &#8211; k\u00fcl\u00f6n\u00f6sen az \u00e9rintett k\u00e9relm\u00e9re &#8211; halad\u00e9ktalanul pontos\u00edtja vagy helyesb\u00edti, illetve, ha az az adatkezel\u00e9s c\u00e9lj\u00e1val \u00f6sszeegyeztethet\u0151, az \u00e9rintett \u00e1ltal rendelkez\u00e9s\u00e9re bocs\u00e1tott tov\u00e1bbi szem\u00e9lyes adatokkal vagy az \u00e9rintett \u00e1ltal a kezelt szem\u00e9lyes adatokhoz f\u0171z\u00f6tt nyilatkozattal kieg\u00e9sz\u00edti.<\/li><\/ol><p>Adatkezel\u0151 nem k\u00f6teles a helyesb\u00edt\u00e9st v\u00e9grehajtani azokban az esetekben, ha:<\/p><ol><li>a pontos, helyt\u00e1ll\u00f3, illetve hi\u00e1nytalan szem\u00e9lyes adatok nem \u00e1llnak rendelkez\u00e9s\u00e9re \u00e9s azokat az \u00e9rintett sem bocs\u00e1tja a rendelkez\u00e9s\u00e9re, vagy<\/li><li>az \u00e9rintett \u00e1ltal rendelkez\u00e9s\u00e9re bocs\u00e1tott szem\u00e9lyes adatok val\u00f3dis\u00e1ga k\u00e9ts\u00e9get kiz\u00e1r\u00f3an nem \u00e1llap\u00edthat\u00f3 meg.<\/li><li><strong>A t\u00f6rl\u00e9shez val\u00f3 jog (\u201eaz elfeledtet\u00e9shez val\u00f3 jog\u201d)<\/strong><\/li><li>Az \u00e9rintett jogosult arra, hogy k\u00e9r\u00e9s\u00e9re az adatkezel\u0151 indokolatlan k\u00e9sedelem n\u00e9lk\u00fcl t\u00f6r\u00f6lje a r\u00e1 vonatkoz\u00f3 szem\u00e9lyes adatokat, az adatkezel\u0151 pedig k\u00f6teles arra, hogy az \u00e9rintettre vonatkoz\u00f3 szem\u00e9lyes adatokat indokolatlan k\u00e9sedelem n\u00e9lk\u00fcl t\u00f6r\u00f6lje, ha<\/li><li>a szem\u00e9lyes adatokat jogellenesen kezelt\u00e9k: \u00edgy k\u00fcl\u00f6n\u00f6sen, ha az adatkezel\u00e9s<\/li><\/ol><ul><li>az alapelvekkel ellent\u00e9tes,<\/li><li>c\u00e9lja megsz\u0171nt, vagy az adatok tov\u00e1bbi kezel\u00e9se m\u00e1r nem sz\u00fcks\u00e9ges az adatkezel\u00e9s c\u00e9lj\u00e1nak megval\u00f3sul\u00e1s\u00e1hoz,<\/li><li>t\u00f6rv\u00e9nyben, nemzetk\u00f6zi szerz\u0151d\u00e9sben vagy az Eur\u00f3pai Uni\u00f3 k\u00f6telez\u0151 jogi aktus\u00e1ban meghat\u00e1rozott id\u0151tartama eltelt, vagy<\/li><li>jogalapja megsz\u0171nt \u00e9s az adatok kezel\u00e9s\u00e9nek nincs m\u00e1sik jogalapja,<\/li><\/ul><ol><li>az \u00e9rintett visszavonja az adatkezel\u00e9s alapj\u00e1t k\u00e9pez\u0151 hozz\u00e1j\u00e1rul\u00e1s\u00e1t, \u00e9s az adatkezel\u00e9snek nincs m\u00e1s jogalapja;<\/li><li>az \u00e9rintett tiltakozik az adatkezel\u00e9se ellen, \u00e9s nincs els\u0151bbs\u00e9get \u00e9lvez\u0151 jogszer\u0171 ok az adatkezel\u00e9sre,<\/li><li>a szem\u00e9lyes adatokat az adatkezel\u0151re alkalmazand\u00f3 uni\u00f3s vagy tag\u00e1llami jogban el\u0151\u00edrt jogi k\u00f6telezetts\u00e9g teljes\u00edt\u00e9s\u00e9hez t\u00f6r\u00f6lni kell;<\/li><li>a szem\u00e9lyes adatok gy\u0171jt\u00e9s\u00e9re k\u00f6zvetlen\u00fcl gyermeknek k\u00edn\u00e1lt, inform\u00e1ci\u00f3s t\u00e1rsadalommal \u00f6sszef\u00fcgg\u0151 szolg\u00e1ltat\u00e1sok k\u00edn\u00e1l\u00e1s\u00e1val kapcsolatosan ker\u00fclt sor.<\/li><li>A t\u00f6rl\u00e9shez val\u00f3 jog nem \u00e9rv\u00e9nyes\u00edthet\u0151, ha az adatkezel\u00e9s sz\u00fcks\u00e9ges<\/li><li>a v\u00e9lem\u00e9nynyilv\u00e1n\u00edt\u00e1s szabads\u00e1g\u00e1hoz \u00e9s a t\u00e1j\u00e9koz\u00f3d\u00e1shoz val\u00f3 jog gyakorl\u00e1sa c\u00e9lj\u00e1b\u00f3l;<\/li><li>az adatkezel\u0151re alkalmazand\u00f3 uni\u00f3s vagy tag\u00e1llami jog szerinti k\u00f6telezetts\u00e9g teljes\u00edt\u00e9se, illetve k\u00f6z\u00e9rdekb\u0151l vagy az adatkezel\u0151re ruh\u00e1zott k\u00f6zhatalmi jogos\u00edtv\u00e1ny gyakorl\u00e1sa keret\u00e9ben v\u00e9gzett feladat v\u00e9grehajt\u00e1sa c\u00e9lj\u00e1b\u00f3l;<\/li><li>a n\u00e9peg\u00e9szs\u00e9g\u00fcgy ter\u00fclet\u00e9t \u00e9rint\u0151 k\u00f6z\u00e9rdek alapj\u00e1n;<\/li><li>a k\u00f6z\u00e9rdek\u0171 archiv\u00e1l\u00e1s c\u00e9lj\u00e1b\u00f3l, tudom\u00e1nyos \u00e9s t\u00f6rt\u00e9nelmi kutat\u00e1si c\u00e9lb\u00f3l vagy statisztikai c\u00e9lb\u00f3l, amennyiben a t\u00f6rl\u00e9shez val\u00f3 jog val\u00f3sz\u00edn\u0171s\u00edthet\u0151en lehetetlenn\u00e9 tenn\u00e9 vagy komolyan vesz\u00e9lyeztetn\u00e9 ezt az adatkezel\u00e9st; vagy<\/li><li>jogi ig\u00e9nyek el\u0151terjeszt\u00e9s\u00e9hez, \u00e9rv\u00e9nyes\u00edt\u00e9s\u00e9hez, illetve v\u00e9delm\u00e9hez.<\/li><li><strong>Az adatkezel\u00e9s korl\u00e1toz\u00e1s\u00e1hoz val\u00f3 jog<\/strong><\/li><li>Az adatkezel\u00e9s korl\u00e1toz\u00e1sa eset\u00e9n az ilyen szem\u00e9lyes adatokat a t\u00e1rol\u00e1s kiv\u00e9tel\u00e9vel csak az \u00e9rintett hozz\u00e1j\u00e1rul\u00e1s\u00e1val, vagy jogi ig\u00e9nyek el\u0151terjeszt\u00e9s\u00e9hez, \u00e9rv\u00e9nyes\u00edt\u00e9s\u00e9hez vagy v\u00e9delm\u00e9hez, vagy m\u00e1s term\u00e9szetes vagy jogi szem\u00e9ly jogainak v\u00e9delme \u00e9rdek\u00e9ben, vagy az Uni\u00f3, illetve valamely tag\u00e1llam fontos k\u00f6z\u00e9rdek\u00e9b\u0151l lehet kezelni.<\/li><li>Az \u00e9rintett jogosult arra, hogy k\u00e9r\u00e9s\u00e9re az Adatkezel\u0151 korl\u00e1tozza az adatkezel\u00e9st, ha az al\u00e1bbiak valamelyike teljes\u00fcl:<\/li><li>az \u00e9rintett vitatja az Adatkezel\u0151 vagy a megb\u00edz\u00e1s\u00e1b\u00f3l elj\u00e1r\u00f3 adatfeldolgoz\u00f3 \u00e1ltal kezelt szem\u00e9lyes adatok pontoss\u00e1g\u00e1t, helyt\u00e1ll\u00f3s\u00e1g\u00e1t vagy hi\u00e1nytalans\u00e1g\u00e1t, \u00e9s a kezelt szem\u00e9lyes adatok pontoss\u00e1ga, helyt\u00e1ll\u00f3s\u00e1ga vagy hi\u00e1nytalans\u00e1ga k\u00e9ts\u00e9get kiz\u00e1r\u00f3an nem \u00e1llap\u00edthat\u00f3 meg, a fenn\u00e1ll\u00f3 k\u00e9ts\u00e9g tiszt\u00e1z\u00e1s\u00e1nak id\u0151tartam\u00e1ra. Ez esetben \u00edgy a korl\u00e1toz\u00e1s arra az id\u0151tartamra vonatkozik, amely lehet\u0151v\u00e9 teszi, hogy az Adatkezel\u0151 ellen\u0151rizze a szem\u00e9lyes adatok pontoss\u00e1g\u00e1t;<\/li><li>az adatkezel\u00e9s jogellenes, \u00e9s az \u00e9rintett ellenzi az adatok t\u00f6rl\u00e9s\u00e9t \u00edr\u00e1sbeli nyilatkozat alapj\u00e1n, \u00e9s ehelyett k\u00e9ri azok felhaszn\u00e1l\u00e1s\u00e1nak korl\u00e1toz\u00e1s\u00e1t; vagy ha az adatkezel\u00e9s jogellenes, de az Adatkezel\u0151 rendelkez\u00e9s\u00e9re \u00e1ll\u00f3 inform\u00e1ci\u00f3k alapj\u00e1n megalapozottan felt\u00e9telezhet\u0151, hogy az adatok t\u00f6rl\u00e9se s\u00e9rten\u00e9 az \u00e9rinett jogos \u00e9rdekeit; Ezekben az esetekben az adatkezel\u00e9s korl\u00e1toz\u00e1sa a t\u00f6rl\u00e9s mell\u0151z\u00e9s\u00e9t megalapoz\u00f3 jogos \u00e9rdek fenn\u00e1ll\u00e1s\u00e1nak id\u0151tartam\u00e1ra vonatkozik.<\/li><li>az adatkezel\u00e9s jogellenes \u00e9s az adatok t\u00f6rl\u00e9s\u00e9nek lenne helye, de az adatkezel\u0151 vagy m\u00e1s k\u00f6zfeladatot ell\u00e1t\u00f3 szerv \u00e1ltal vagy r\u00e9szv\u00e9tel\u00e9vel v\u00e9gzett, jogszab\u00e1lyban meghat\u00e1rozott vizsg\u00e1latok vagy elj\u00e1r\u00e1sok &#8211; \u00edgy k\u00fcl\u00f6n\u00f6sen b\u00fcntet\u0151elj\u00e1r\u00e1s &#8211; sor\u00e1n az adatok bizony\u00edt\u00e9kk\u00e9nt val\u00f3 meg\u0151rz\u00e9se sz\u00fcks\u00e9ges, ezen vizsg\u00e1lat vagy elj\u00e1r\u00e1s v\u00e9gleges, illetve joger\u0151s lez\u00e1r\u00e1s\u00e1ig;<\/li><li>az Adatkezel\u0151nek m\u00e1r nincs sz\u00fcks\u00e9ge a szem\u00e9lyes adatokra adatkezel\u00e9s c\u00e9lj\u00e1b\u00f3l, de az \u00e9rintett ig\u00e9nyli azokat jogi ig\u00e9nyek el\u0151terjeszt\u00e9s\u00e9hez, \u00e9rv\u00e9nyes\u00edt\u00e9s\u00e9hez vagy v\u00e9delm\u00e9hez; vagy<\/li><li>az \u00e9rintett tiltakozott az adatkezel\u00e9s ellen; ez esetben a korl\u00e1toz\u00e1s arra az id\u0151tartamra vonatkozik, am\u00edg meg\u00e1llap\u00edt\u00e1sra nem ker\u00fcl, hogy az adatkezel\u0151 jogos indokai els\u0151bbs\u00e9get \u00e9lveznek-e az \u00e9rintett jogos indokaival szemben.<\/li><li>Az adatkezel\u00e9s korl\u00e1toz\u00e1s\u00e1nak id\u0151tartama alatt a korl\u00e1toz\u00e1ssal \u00e9rintett szem\u00e9lyes adatokkal az Adatkezel\u0151, illetve az \u00e1ltala megb\u00edzott adatfeldolgoz\u00f3 a t\u00e1rol\u00e1son t\u00fal egy\u00e9b adatkezel\u00e9si m\u0171veletet kiz\u00e1r\u00f3lag az \u00e9rintett jogos \u00e9rdek\u00e9nek \u00e9rv\u00e9nyes\u00edt\u00e9se c\u00e9lj\u00e1b\u00f3l vagy t\u00f6rv\u00e9nyben, nemzetk\u00f6zi szerz\u0151d\u00e9sben, illetve az Eur\u00f3pai Uni\u00f3 k\u00f6telez\u0151 jogi aktus\u00e1ban meghat\u00e1rozottak szerint v\u00e9gezhet.<\/li><li>Az adatkezel\u00e9s korl\u00e1toz\u00e1s\u00e1nak felold\u00e1s\u00e1r\u00f3l az \u00e9rintettet el\u0151zetesen t\u00e1j\u00e9koztatni kell.<\/li><li><strong>A szem\u00e9lyes adatok helyesb\u00edt\u00e9s\u00e9hez vagy t\u00f6rl\u00e9s\u00e9hez, illetve az adatkezel\u00e9s korl\u00e1toz\u00e1s\u00e1hoz kapcsol\u00f3d\u00f3 \u00e9rtes\u00edt\u00e9si k\u00f6telezetts\u00e9g<\/strong><\/li><li>Az adatkezel\u0151 minden olyan c\u00edmzettet t\u00e1j\u00e9koztat valamennyi helyesb\u00edt\u00e9sr\u0151l, t\u00f6rl\u00e9sr\u0151l vagy adatkezel\u00e9s-korl\u00e1toz\u00e1sr\u00f3l, akivel, illetve amellyel a szem\u00e9lyes adatot k\u00f6z\u00f6lt\u00e9k, kiv\u00e9ve, ha ez lehetetlennek bizonyul, vagy ar\u00e1nytalanul nagy er\u0151fesz\u00edt\u00e9st ig\u00e9nyel. Az \u00e9rintettet k\u00e9r\u00e9s\u00e9re az adatkezel\u0151 t\u00e1j\u00e9koztatja e c\u00edmzettekr\u0151l.<\/li><li>Ha az \u00e9rintett k\u00e9relm\u00e9t az Adatkezel\u0151, illetve a megb\u00edz\u00e1s\u00e1b\u00f3l vagy rendelkez\u00e9se alapj\u00e1n elj\u00e1r\u00f3 adatfeldolgoz\u00f3 \u00e1ltal kezelt szem\u00e9lyes adatok helyesb\u00edt\u00e9s\u00e9re, t\u00f6rl\u00e9s\u00e9re vagy ezen adatok kezel\u00e9s\u00e9nek korl\u00e1toz\u00e1s\u00e1ra az Adatkezel\u0151 elutas\u00edtja, az \u00e9rintettet \u00edr\u00e1sban, halad\u00e9ktalanul t\u00e1j\u00e9koztatja<\/li><li>az elutas\u00edt\u00e1s t\u00e9ny\u00e9r\u0151l, annak jogi \u00e9s t\u00e9nybeli indokair\u00f3l, valamint<\/li><li>az \u00e9rintettet e t\u00f6rv\u00e9ny alapj\u00e1n megillet\u0151 jogokr\u00f3l, valamint azok \u00e9rv\u00e9nyes\u00edt\u00e9s\u00e9nek m\u00f3dj\u00e1r\u00f3l, \u00edgy k\u00fcl\u00f6n\u00f6sen arr\u00f3l, hogy az adatkezel\u0151, illetve a megb\u00edz\u00e1s\u00e1b\u00f3l vagy rendelkez\u00e9se alapj\u00e1n elj\u00e1r\u00f3 adatfeldolgoz\u00f3 \u00e1ltal kezelt szem\u00e9lyes adatok helyesb\u00edt\u00e9s\u00e9re, t\u00f6rl\u00e9s\u00e9re vagy ezen adatok kezel\u00e9s\u00e9nek korl\u00e1toz\u00e1s\u00e1ra vonatkoz\u00f3 jog\u00e1t a Hat\u00f3s\u00e1g k\u00f6zrem\u0171k\u00f6d\u00e9s\u00e9vel is gyakorolhatja.<\/li><li><strong>A tiltakoz\u00e1shoz val\u00f3 jog<\/strong><\/li><li>Az \u00e9rintett jogosult arra, hogy a saj\u00e1t helyzet\u00e9vel kapcsolatos okokb\u00f3l b\u00e1rmikor tiltakozzon szem\u00e9lyes adatainak k\u00f6z\u00e9rdeken, k\u00f6zfeladat v\u00e9grehajt\u00e1s\u00e1n (6. cikk (1) e)) , vagy jogos \u00e9rdeken (6. cikk f)) alapul\u00f3 kezel\u00e9se ellen, ide\u00e9rtve az eml\u00edtett rendelkez\u00e9seken alapul\u00f3 profilalkot\u00e1st is. Ebben az esetben az adatkezel\u0151 a szem\u00e9lyes adatokat nem kezelheti tov\u00e1bb, kiv\u00e9ve, ha az adatkezel\u0151 bizony\u00edtja, hogy az adatkezel\u00e9st olyan k\u00e9nyszer\u00edt\u0151 erej\u0171 jogos okok indokolj\u00e1k, amelyek els\u0151bbs\u00e9get \u00e9lveznek az \u00e9rintett \u00e9rdekeivel, jogaival \u00e9s szabads\u00e1gaival szemben, vagy amelyek jogi ig\u00e9nyek el\u0151terjeszt\u00e9s\u00e9hez, \u00e9rv\u00e9nyes\u00edt\u00e9s\u00e9hez vagy v\u00e9delm\u00e9hez kapcsol\u00f3dnak.<\/li><li>Ha a szem\u00e9lyes adatok kezel\u00e9se k\u00f6zvetlen \u00fczletszerz\u00e9s \u00e9rdek\u00e9ben t\u00f6rt\u00e9nik, az \u00e9rintett jogosult arra, hogy b\u00e1rmikor tiltakozzon a r\u00e1 vonatkoz\u00f3 szem\u00e9lyes adatok e c\u00e9lb\u00f3l t\u00f6rt\u00e9n\u0151 kezel\u00e9se ellen, ide\u00e9rtve a profilalkot\u00e1st is, amennyiben az a k\u00f6zvetlen \u00fczletszerz\u00e9shez kapcsol\u00f3dik. Ha az \u00e9rintett tiltakozik a szem\u00e9lyes adatok k\u00f6zvetlen \u00fczletszerz\u00e9s \u00e9rdek\u00e9ben t\u00f6rt\u00e9n\u0151 kezel\u00e9se ellen, akkor a szem\u00e9lyes adatok a tov\u00e1bbiakban e c\u00e9lb\u00f3l nem kezelhet\u0151k.<\/li><li>Ezen jogokra legk\u00e9s\u0151bb az \u00e9rintettel val\u00f3 els\u0151 kapcsolatfelv\u00e9tel sor\u00e1n kifejezetten fel kell h\u00edvni annak figyelm\u00e9t, \u00e9s az erre vonatkoz\u00f3 t\u00e1j\u00e9koztat\u00e1st egy\u00e9rtelm\u0171en \u00e9s minden m\u00e1s inform\u00e1ci\u00f3t\u00f3l elk\u00fcl\u00f6n\u00edtve kell megjelen\u00edteni.<\/li><li>Az \u00e9rintett a tiltakoz\u00e1shoz val\u00f3 jogot m\u0171szaki el\u0151\u00edr\u00e1sokon alapul\u00f3 automatiz\u00e1lt eszk\u00f6z\u00f6kkel is gyakorolhatja.<\/li><li>Ha a szem\u00e9lyes adatok kezel\u00e9s\u00e9re tudom\u00e1nyos \u00e9s t\u00f6rt\u00e9nelmi kutat\u00e1si c\u00e9lb\u00f3l vagy statisztikai c\u00e9lb\u00f3l ker\u00fcl sor, az \u00e9rintett jogosult arra, hogy a saj\u00e1t helyzet\u00e9vel kapcsolatos okokb\u00f3l tiltakozhasson a r\u00e1 vonatkoz\u00f3 szem\u00e9lyes adatok kezel\u00e9se ellen, kiv\u00e9ve, ha az adatkezel\u00e9sre k\u00f6z\u00e9rdek\u0171 okb\u00f3l v\u00e9gzett feladat v\u00e9grehajt\u00e1sa \u00e9rdek\u00e9ben van sz\u00fcks\u00e9g.<\/li><li><strong>Az \u00e9rintett t\u00e1j\u00e9koztat\u00e1sa az adatv\u00e9delmi incidensr\u0151l<\/strong><\/li><li>Ha az adatv\u00e9delmi incidens val\u00f3sz\u00edn\u0171s\u00edthet\u0151en magas kock\u00e1zattal j\u00e1r a term\u00e9szetes szem\u00e9lyek jogaira \u00e9s szabads\u00e1gaira n\u00e9zve, az adatkezel\u0151nek indokolatlan k\u00e9sedelem n\u00e9lk\u00fcl t\u00e1j\u00e9koztatnia kell az \u00e9rintettet az adatv\u00e9delmi incidensr\u0151l. E t\u00e1j\u00e9koztat\u00e1sban vil\u00e1gosan \u00e9s k\u00f6z\u00e9rthet\u0151en ismertetni kell az adatv\u00e9delmi incidens jelleg\u00e9t, \u00e9s k\u00f6z\u00f6lni kell legal\u00e1bb a k\u00f6vetkez\u0151ket:<ol><li>az adatv\u00e9delmi tisztvisel\u0151 vagy a tov\u00e1bbi t\u00e1j\u00e9koztat\u00e1st ny\u00fajt\u00f3 egy\u00e9b kapcsolattart\u00f3 nev\u00e9t \u00e9s el\u00e9rhet\u0151s\u00e9geit;<\/li><\/ol><\/li><li>ismertetni kell az adatv\u00e9delmi incidensb\u0151l ered\u0151, val\u00f3sz\u00edn\u0171s\u00edthet\u0151 k\u00f6vetkezm\u00e9nyeket;<\/li><li>ismertetni kell az adatkezel\u0151 \u00e1ltal az adatv\u00e9delmi incidens orvosl\u00e1s\u00e1ra tett vagy tervezett int\u00e9zked\u00e9seket, bele\u00e9rtve adott esetben az adatv\u00e9delmi incidensb\u0151l ered\u0151 esetleges h\u00e1tr\u00e1nyos k\u00f6vetkezm\u00e9nyek enyh\u00edt\u00e9s\u00e9t c\u00e9lz\u00f3 int\u00e9zked\u00e9seket.<\/li><li>Az \u00e9rintettet nem kell az t\u00e1j\u00e9koztatni, ha a k\u00f6vetkez\u0151 felt\u00e9telek b\u00e1rmelyike teljes\u00fcl:<\/li><li>az adatkezel\u0151 megfelel\u0151 technikai \u00e9s szervez\u00e9si v\u00e9delmi int\u00e9zked\u00e9seket hajtott v\u00e9gre, \u00e9s ezeket az int\u00e9zked\u00e9seket az adatv\u00e9delmi incidens \u00e1ltal \u00e9rintett adatok tekintet\u00e9ben alkalmazt\u00e1k, k\u00fcl\u00f6n\u00f6sen azokat az int\u00e9zked\u00e9seket &#8211; mint p\u00e9ld\u00e1ul a titkos\u00edt\u00e1s alkalmaz\u00e1sa -, amelyek a szem\u00e9lyes adatokhoz val\u00f3 hozz\u00e1f\u00e9r\u00e9sre fel nem jogos\u00edtott szem\u00e9lyek sz\u00e1m\u00e1ra \u00e9rtelmezhetetlenn\u00e9 teszik az adatokat;<\/li><li>az adatkezel\u0151 az adatv\u00e9delmi incidenst k\u00f6vet\u0151en olyan tov\u00e1bbi int\u00e9zked\u00e9seket tett, amelyek biztos\u00edtj\u00e1k, hogy az \u00e9rintett jogaira \u00e9s szabads\u00e1gaira jelentett, magas kock\u00e1zat a tov\u00e1bbiakban val\u00f3sz\u00edn\u0171s\u00edthet\u0151en nem val\u00f3sul meg;<\/li><li>a t\u00e1j\u00e9koztat\u00e1s ar\u00e1nytalan er\u0151fesz\u00edt\u00e9st tenne sz\u00fcks\u00e9gess\u00e9. Ilyen esetekben az \u00e9rintetteket nyilv\u00e1nosan k\u00f6zz\u00e9tett inform\u00e1ci\u00f3k \u00fatj\u00e1n kell t\u00e1j\u00e9koztatni, vagy olyan hasonl\u00f3 int\u00e9zked\u00e9st kell hozni, amely biztos\u00edtja az \u00e9rintettek hasonl\u00f3an hat\u00e9kony t\u00e1j\u00e9koztat\u00e1s\u00e1t.<\/li><\/ol><p>\u00a0<\/p><ol><li><strong>A fel\u00fcgyeleti hat\u00f3s\u00e1gn\u00e1l t\u00f6rt\u00e9n\u0151 panaszt\u00e9telhez val\u00f3 jog (hat\u00f3s\u00e1gi jogorvoslathoz val\u00f3 jog)<\/strong><\/li><li>Az \u00e9rintett jogosult arra, hogy panaszt tegyen egy fel\u00fcgyeleti hat\u00f3s\u00e1gn\u00e1l &#8211; k\u00fcl\u00f6n\u00f6sen a szok\u00e1sos tart\u00f3zkod\u00e1si helye, a munkahelye vagy a felt\u00e9telezett jogs\u00e9rt\u00e9s helye szerinti tag\u00e1llamban -, ha az \u00e9rintett meg\u00edt\u00e9l\u00e9se szerint a r\u00e1 vonatkoz\u00f3 szem\u00e9lyes adatok kezel\u00e9se megs\u00e9rti a Rendeletet. Az a fel\u00fcgyeleti hat\u00f3s\u00e1g, amelyhez a panaszt beny\u00fajtott\u00e1k, k\u00f6teles t\u00e1j\u00e9koztatni az \u00fcgyfelet a panasszal kapcsolatos elj\u00e1r\u00e1si fejlem\u00e9nyekr\u0151l \u00e9s annak eredm\u00e9ny\u00e9r\u0151l, ide\u00e9rtve azt is, hogy az \u00fcgyf\u00e9l jogosult b\u00edr\u00f3s\u00e1gi jogorvoslattal \u00e9lni.<\/li><li>A Hat\u00f3s\u00e1g vizsg\u00e1lat\u00e1t kezdem\u00e9nyezheti az Adatkezel\u0151 int\u00e9zked\u00e9se jogszer\u0171s\u00e9g\u00e9nek vizsg\u00e1lata c\u00e9lj\u00e1b\u00f3l, ha az adatkezel\u0151 az \u00e9rintett jogainak \u00e9rv\u00e9nyes\u00edt\u00e9s\u00e9t korl\u00e1tozza vagy ezen jogainak \u00e9rv\u00e9nyes\u00edt\u00e9s\u00e9re ir\u00e1nyul\u00f3 k\u00e9relm\u00e9t elutas\u00edtja, valamint a Hat\u00f3s\u00e1g adatv\u00e9delmi hat\u00f3s\u00e1gi elj\u00e1r\u00e1s\u00e1nak lefolytat\u00e1s\u00e1t k\u00e9relmezheti, ha meg\u00edt\u00e9l\u00e9se szerint szem\u00e9lyes adatainak kezel\u00e9se sor\u00e1n az adatkezel\u0151, illetve az \u00e1ltala megb\u00edzott vagy rendelkez\u00e9se alapj\u00e1n elj\u00e1r\u00f3 adatfeldolgoz\u00f3 megs\u00e9rti a szem\u00e9lyes adatok kezel\u00e9s\u00e9re vonatkoz\u00f3, jogszab\u00e1lyban vagy az Eur\u00f3pai Uni\u00f3 k\u00f6telez\u0151 jogi aktus\u00e1ban meghat\u00e1rozott el\u0151\u00edr\u00e1sokat.<\/li><li><strong>A fel\u00fcgyeleti hat\u00f3s\u00e1ggal szembeni hat\u00e9kony b\u00edr\u00f3s\u00e1gi jogorvoslathoz val\u00f3 jog<\/strong><\/li><li>Az egy\u00e9b k\u00f6zigazgat\u00e1si vagy nem b\u00edr\u00f3s\u00e1gi \u00fatra tartoz\u00f3 jogorvoslatok s\u00e9relme n\u00e9lk\u00fcl, minden term\u00e9szetes \u00e9s jogi szem\u00e9ly jogosult a hat\u00e9kony b\u00edr\u00f3s\u00e1gi jogorvoslatra a fel\u00fcgyeleti hat\u00f3s\u00e1g r\u00e1 vonatkoz\u00f3, jogilag k\u00f6telez\u0151 erej\u0171 d\u00f6nt\u00e9s\u00e9vel szemben.<\/li><li>Az egy\u00e9b k\u00f6zigazgat\u00e1si vagy nem b\u00edr\u00f3s\u00e1gi \u00fatra tartoz\u00f3 jogorvoslatok s\u00e9relme n\u00e9lk\u00fcl, minden \u00e9rintett jogosult a hat\u00e9kony b\u00edr\u00f3s\u00e1gi jogorvoslatra, ha az illet\u00e9kes fel\u00fcgyeleti hat\u00f3s\u00e1g nem foglalkozik a panasszal, vagy h\u00e1rom h\u00f3napon bel\u00fcl nem t\u00e1j\u00e9koztatja az \u00e9rintettet a beny\u00fajtott panasszal kapcsolatos elj\u00e1r\u00e1si fejlem\u00e9nyekr\u0151l vagy annak eredm\u00e9ny\u00e9r\u0151l.<\/li><li>A fel\u00fcgyeleti hat\u00f3s\u00e1ggal szembeni elj\u00e1r\u00e1st a fel\u00fcgyeleti hat\u00f3s\u00e1g sz\u00e9khelye szerinti tag\u00e1llam b\u00edr\u00f3s\u00e1ga el\u0151tt kell megind\u00edtani.<\/li><li>Ha a fel\u00fcgyeleti hat\u00f3s\u00e1g olyan d\u00f6nt\u00e9se ellen ind\u00edtanak elj\u00e1r\u00e1st, amellyel kapcsolatban az egys\u00e9gess\u00e9gi mechanizmus keret\u00e9ben a Test\u00fclet el\u0151z\u0151leg v\u00e9lem\u00e9nyt bocs\u00e1tott ki vagy d\u00f6nt\u00e9st hozott, a fel\u00fcgyeleti hat\u00f3s\u00e1g k\u00f6teles ezt a v\u00e9lem\u00e9nyt vagy d\u00f6nt\u00e9st a b\u00edr\u00f3s\u00e1gnak megk\u00fcldeni.<\/li><li><strong>Az adatkezel\u0151vel vagy az adatfeldolgoz\u00f3val szembeni hat\u00e9kony b\u00edr\u00f3s\u00e1gi jogorvoslathoz val\u00f3 jog<\/strong><\/li><li>A rendelkez\u00e9sre \u00e1ll\u00f3 k\u00f6zigazgat\u00e1si vagy nem b\u00edr\u00f3s\u00e1gi \u00fatra tartoz\u00f3 jogorvoslatok &#8211; k\u00f6zt\u00fck a fel\u00fcgyeleti hat\u00f3s\u00e1gn\u00e1l t\u00f6rt\u00e9n\u0151 panaszt\u00e9telhez val\u00f3 jog &#8211; s\u00e9relme n\u00e9lk\u00fcl, minden \u00e9rintett hat\u00e9kony b\u00edr\u00f3s\u00e1gi jogorvoslatra jogosult, ha meg\u00edt\u00e9l\u00e9se szerint a szem\u00e9lyes adatainak e rendeletnek nem megfelel\u0151 kezel\u00e9se k\u00f6vetkezt\u00e9ben megs\u00e9rtett\u00e9k az e rendelet szerinti jogait.<\/li><li>Az adatkezel\u0151vel vagy az adatfeldolgoz\u00f3val szembeni elj\u00e1r\u00e1st az adatkezel\u0151 vagy az adatfeldolgoz\u00f3 tev\u00e9kenys\u00e9gi helye szerinti tag\u00e1llam b\u00edr\u00f3s\u00e1ga el\u0151tt kell megind\u00edtani. Az ilyen elj\u00e1r\u00e1s megind\u00edthat\u00f3 az \u00e9rintett szok\u00e1sos tart\u00f3zkod\u00e1si helye szerinti tag\u00e1llam b\u00edr\u00f3s\u00e1ga el\u0151tt is, kiv\u00e9ve, ha az adatkezel\u0151 vagy az adatfeldolgoz\u00f3 valamely tag\u00e1llamnak a k\u00f6zhatalmi jogk\u00f6r\u00e9ben elj\u00e1r\u00f3 k\u00f6zhatalmi szerve.<\/li><\/ol><p>\u00a0<\/p><ol start=\"26\"><li><strong>Z\u00c1R\u00d3 RENDELKEZ\u00c9SEK<\/strong><\/li><\/ol><ul><li>A Szab\u00e1lyzat meg\u00e1llap\u00edt\u00e1s\u00e1ra \u00e9s m\u00f3dos\u00edt\u00e1s\u00e1ra a T\u00e1rsas\u00e1g \u00fcgyvezet\u0151je jogosult.<\/li><\/ul><p>E Szab\u00e1lyzat rendelkez\u00e9seit meg kell ismertetni a T\u00e1rsas\u00e1g azon munkav\u00e1llal\u00f3ival, akik szem\u00e9lyes adathoz hozz\u00e1f\u00e9rnek vagy hozz\u00e1f\u00e9rhetnek, \u00e9s a munkav\u00e9gz\u00e9sre ir\u00e1nyul\u00f3 szerz\u0151d\u00e9sekben el\u0151 kell \u00edrni, hogy betart\u00e1sa \u00e9s \u00e9rv\u00e9nyes\u00edt\u00e9se a munkav\u00e1llal\u00f3 (foglalkoztatott) l\u00e9nyeges munkak\u00f6ri k\u00f6telezetts\u00e9ge. A Szab\u00e1lyzat pap\u00edr alapon el\u00e9rhet\u0151 az irodai helyis\u00e9gekben, valamint a k\u00f6z\u00f6s, munkav\u00e1llal\u00f3k \u00e1ltal hozz\u00e1f\u00e9rhet\u0151 s<\/p>\t\t\t\t\t\t\t\t<\/div>\n\t\t\t\t<\/div>\n\t\t\t\t\t<\/div>\n\t\t\t\t<\/div>\n\t\t<div class=\"elementor-element elementor-element-4f23d9f e-flex e-con-boxed e-con e-parent\" data-id=\"4f23d9f\" data-element_type=\"container\">\n\t\t\t\t\t<div class=\"e-con-inner\">\n\t\t\t\t<div class=\"elementor-element elementor-element-761168d elementor-align-center elementor-widget elementor-widget-button\" data-id=\"761168d\" data-element_type=\"widget\" data-widget_type=\"button.default\">\n\t\t\t\t<div class=\"elementor-widget-container\">\n\t\t\t\t\t\t\t\t\t<div class=\"elementor-button-wrapper\">\n\t\t\t\t\t<a class=\"elementor-button elementor-button-link elementor-size-sm\" href=\"https:\/\/www.hidroland.hu\/wp-content\/uploads\/2024\/09\/Adatvedelmi-szabalyzat_alairt.pdf\">\n\t\t\t\t\t\t<span class=\"elementor-button-content-wrapper\">\n\t\t\t\t\t\t\t\t\t<span class=\"elementor-button-text\">Al\u00e1\u00edrt p\u00e9ld\u00e1ny megtekint\u00e9se<\/span>\n\t\t\t\t\t<\/span>\n\t\t\t\t\t<\/a>\n\t\t\t\t<\/div>\n\t\t\t\t\t\t\t\t<\/div>\n\t\t\t\t<\/div>\n\t\t\t\t\t<\/div>\n\t\t\t\t<\/div>\n\t\t\t\t<\/div>\n\t\t","protected":false},"excerpt":{"rendered":"<p>Sz\u00e9khely: 9027 Gy\u0151r, H\u0171t\u0151h\u00e1z utca 4. Ad\u00f3sz\u00e1m: 22407395-2-08 C\u00e9gjegyz\u00e9ksz\u00e1m: 08-06-000122 \u00a0 \u00a0 A HIDRO-LAND Bet\u00e9ti T\u00e1rsas\u00e1g Adatv\u00e9delmi Szab\u00e1lyzata \u00a0 \u00a0 Kelt: Gy\u0151r, 2024.09.12. \u00a0 \u00a0 \u2026\u2026\u2026\u2026\u2026\u2026\u2026\u2026\u2026\u2026\u2026\u2026. Imre Bal\u00e1zs S\u00e1ndor \u00fcgyvezet\u0151 \u00a0 \u00a0 \u00a0 BEVEZET\u00c9S A HIDRO-LAND Automatiz\u00e1l\u00e1si \u00e9s Rendszertechnikai Bet\u00e9ti T\u00e1rsas\u00e1g (a tov\u00e1bbiakban: Adatkezel\u0151) a szem\u00e9lyes adatokra vonatkoz\u00f3 adatkezel\u00e9si \u00e9s &hellip;<\/p>\n","protected":false},"author":1,"featured_media":0,"parent":0,"menu_order":0,"comment_status":"closed","ping_status":"closed","template":"","meta":{"footnotes":""},"yoast_head":"<!-- This site is optimized with the Yoast SEO plugin v23.5 - https:\/\/yoast.com\/wordpress\/plugins\/seo\/ -->\n<title>Adatv\u00e9delmi szab\u00e1lyzat - Hidroland<\/title>\n<meta name=\"robots\" content=\"index, follow, max-snippet:-1, max-image-preview:large, max-video-preview:-1\" \/>\n<link rel=\"canonical\" href=\"https:\/\/www.hidroland.hu\/?page_id=239\" \/>\n<meta property=\"og:locale\" content=\"hu_HU\" \/>\n<meta property=\"og:type\" content=\"article\" \/>\n<meta property=\"og:title\" content=\"Adatv\u00e9delmi szab\u00e1lyzat - Hidroland\" \/>\n<meta property=\"og:description\" content=\"Sz\u00e9khely: 9027 Gy\u0151r, H\u0171t\u0151h\u00e1z utca 4. Ad\u00f3sz\u00e1m: 22407395-2-08 C\u00e9gjegyz\u00e9ksz\u00e1m: 08-06-000122 \u00a0 \u00a0 A HIDRO-LAND Bet\u00e9ti T\u00e1rsas\u00e1g Adatv\u00e9delmi Szab\u00e1lyzata \u00a0 \u00a0 Kelt: Gy\u0151r, 2024.09.12. \u00a0 \u00a0 \u2026\u2026\u2026\u2026\u2026\u2026\u2026\u2026\u2026\u2026\u2026\u2026. Imre Bal\u00e1zs S\u00e1ndor \u00fcgyvezet\u0151 \u00a0 \u00a0 \u00a0 BEVEZET\u00c9S A HIDRO-LAND Automatiz\u00e1l\u00e1si \u00e9s Rendszertechnikai Bet\u00e9ti T\u00e1rsas\u00e1g (a tov\u00e1bbiakban: Adatkezel\u0151) a szem\u00e9lyes adatokra vonatkoz\u00f3 adatkezel\u00e9si \u00e9s &hellip;\" \/>\n<meta property=\"og:url\" content=\"https:\/\/www.hidroland.hu\/?page_id=239\" \/>\n<meta property=\"og:site_name\" content=\"Hidroland\" \/>\n<meta property=\"article:modified_time\" content=\"2024-09-12T08:48:40+00:00\" \/>\n<meta name=\"twitter:card\" content=\"summary_large_image\" \/>\n<meta name=\"twitter:label1\" content=\"Becs\u00fclt olvas\u00e1si id\u0151\" \/>\n\t<meta name=\"twitter:data1\" content=\"50 perc\" \/>\n<script type=\"application\/ld+json\" class=\"yoast-schema-graph\">{\"@context\":\"https:\/\/schema.org\",\"@graph\":[{\"@type\":\"WebPage\",\"@id\":\"https:\/\/www.hidroland.hu\/?page_id=239\",\"url\":\"https:\/\/www.hidroland.hu\/?page_id=239\",\"name\":\"Adatv\u00e9delmi szab\u00e1lyzat - Hidroland\",\"isPartOf\":{\"@id\":\"https:\/\/www.hidroland.hu\/#website\"},\"datePublished\":\"2024-09-12T08:16:05+00:00\",\"dateModified\":\"2024-09-12T08:48:40+00:00\",\"breadcrumb\":{\"@id\":\"https:\/\/www.hidroland.hu\/?page_id=239#breadcrumb\"},\"inLanguage\":\"hu\",\"potentialAction\":[{\"@type\":\"ReadAction\",\"target\":[\"https:\/\/www.hidroland.hu\/?page_id=239\"]}]},{\"@type\":\"BreadcrumbList\",\"@id\":\"https:\/\/www.hidroland.hu\/?page_id=239#breadcrumb\",\"itemListElement\":[{\"@type\":\"ListItem\",\"position\":1,\"name\":\"Home\",\"item\":\"https:\/\/www.hidroland.hu\/\"},{\"@type\":\"ListItem\",\"position\":2,\"name\":\"Adatv\u00e9delmi szab\u00e1lyzat\"}]},{\"@type\":\"WebSite\",\"@id\":\"https:\/\/www.hidroland.hu\/#website\",\"url\":\"https:\/\/www.hidroland.hu\/\",\"name\":\"Hidroland\",\"description\":\"\",\"publisher\":{\"@id\":\"https:\/\/www.hidroland.hu\/#organization\"},\"potentialAction\":[{\"@type\":\"SearchAction\",\"target\":{\"@type\":\"EntryPoint\",\"urlTemplate\":\"https:\/\/www.hidroland.hu\/?s={search_term_string}\"},\"query-input\":{\"@type\":\"PropertyValueSpecification\",\"valueRequired\":true,\"valueName\":\"search_term_string\"}}],\"inLanguage\":\"hu\"},{\"@type\":\"Organization\",\"@id\":\"https:\/\/www.hidroland.hu\/#organization\",\"name\":\"Hidroland\",\"url\":\"https:\/\/www.hidroland.hu\/\",\"logo\":{\"@type\":\"ImageObject\",\"inLanguage\":\"hu\",\"@id\":\"https:\/\/www.hidroland.hu\/#\/schema\/logo\/image\/\",\"url\":\"https:\/\/www.hidroland.hu\/wp-content\/uploads\/2023\/12\/logo_video_04_feher.gif\",\"contentUrl\":\"https:\/\/www.hidroland.hu\/wp-content\/uploads\/2023\/12\/logo_video_04_feher.gif\",\"width\":820,\"height\":360,\"caption\":\"Hidroland\"},\"image\":{\"@id\":\"https:\/\/www.hidroland.hu\/#\/schema\/logo\/image\/\"}}]}<\/script>\n<!-- \/ Yoast SEO plugin. -->","yoast_head_json":{"title":"Adatv\u00e9delmi szab\u00e1lyzat - Hidroland","robots":{"index":"index","follow":"follow","max-snippet":"max-snippet:-1","max-image-preview":"max-image-preview:large","max-video-preview":"max-video-preview:-1"},"canonical":"https:\/\/www.hidroland.hu\/?page_id=239","og_locale":"hu_HU","og_type":"article","og_title":"Adatv\u00e9delmi szab\u00e1lyzat - Hidroland","og_description":"Sz\u00e9khely: 9027 Gy\u0151r, H\u0171t\u0151h\u00e1z utca 4. Ad\u00f3sz\u00e1m: 22407395-2-08 C\u00e9gjegyz\u00e9ksz\u00e1m: 08-06-000122 \u00a0 \u00a0 A HIDRO-LAND Bet\u00e9ti T\u00e1rsas\u00e1g Adatv\u00e9delmi Szab\u00e1lyzata \u00a0 \u00a0 Kelt: Gy\u0151r, 2024.09.12. \u00a0 \u00a0 \u2026\u2026\u2026\u2026\u2026\u2026\u2026\u2026\u2026\u2026\u2026\u2026. Imre Bal\u00e1zs S\u00e1ndor \u00fcgyvezet\u0151 \u00a0 \u00a0 \u00a0 BEVEZET\u00c9S A HIDRO-LAND Automatiz\u00e1l\u00e1si \u00e9s Rendszertechnikai Bet\u00e9ti T\u00e1rsas\u00e1g (a tov\u00e1bbiakban: Adatkezel\u0151) a szem\u00e9lyes adatokra vonatkoz\u00f3 adatkezel\u00e9si \u00e9s &hellip;","og_url":"https:\/\/www.hidroland.hu\/?page_id=239","og_site_name":"Hidroland","article_modified_time":"2024-09-12T08:48:40+00:00","twitter_card":"summary_large_image","twitter_misc":{"Becs\u00fclt olvas\u00e1si id\u0151":"50 perc"},"schema":{"@context":"https:\/\/schema.org","@graph":[{"@type":"WebPage","@id":"https:\/\/www.hidroland.hu\/?page_id=239","url":"https:\/\/www.hidroland.hu\/?page_id=239","name":"Adatv\u00e9delmi szab\u00e1lyzat - Hidroland","isPartOf":{"@id":"https:\/\/www.hidroland.hu\/#website"},"datePublished":"2024-09-12T08:16:05+00:00","dateModified":"2024-09-12T08:48:40+00:00","breadcrumb":{"@id":"https:\/\/www.hidroland.hu\/?page_id=239#breadcrumb"},"inLanguage":"hu","potentialAction":[{"@type":"ReadAction","target":["https:\/\/www.hidroland.hu\/?page_id=239"]}]},{"@type":"BreadcrumbList","@id":"https:\/\/www.hidroland.hu\/?page_id=239#breadcrumb","itemListElement":[{"@type":"ListItem","position":1,"name":"Home","item":"https:\/\/www.hidroland.hu\/"},{"@type":"ListItem","position":2,"name":"Adatv\u00e9delmi szab\u00e1lyzat"}]},{"@type":"WebSite","@id":"https:\/\/www.hidroland.hu\/#website","url":"https:\/\/www.hidroland.hu\/","name":"Hidroland","description":"","publisher":{"@id":"https:\/\/www.hidroland.hu\/#organization"},"potentialAction":[{"@type":"SearchAction","target":{"@type":"EntryPoint","urlTemplate":"https:\/\/www.hidroland.hu\/?s={search_term_string}"},"query-input":{"@type":"PropertyValueSpecification","valueRequired":true,"valueName":"search_term_string"}}],"inLanguage":"hu"},{"@type":"Organization","@id":"https:\/\/www.hidroland.hu\/#organization","name":"Hidroland","url":"https:\/\/www.hidroland.hu\/","logo":{"@type":"ImageObject","inLanguage":"hu","@id":"https:\/\/www.hidroland.hu\/#\/schema\/logo\/image\/","url":"https:\/\/www.hidroland.hu\/wp-content\/uploads\/2023\/12\/logo_video_04_feher.gif","contentUrl":"https:\/\/www.hidroland.hu\/wp-content\/uploads\/2023\/12\/logo_video_04_feher.gif","width":820,"height":360,"caption":"Hidroland"},"image":{"@id":"https:\/\/www.hidroland.hu\/#\/schema\/logo\/image\/"}}]}},"_links":{"self":[{"href":"https:\/\/www.hidroland.hu\/index.php?rest_route=\/wp\/v2\/pages\/239"}],"collection":[{"href":"https:\/\/www.hidroland.hu\/index.php?rest_route=\/wp\/v2\/pages"}],"about":[{"href":"https:\/\/www.hidroland.hu\/index.php?rest_route=\/wp\/v2\/types\/page"}],"author":[{"embeddable":true,"href":"https:\/\/www.hidroland.hu\/index.php?rest_route=\/wp\/v2\/users\/1"}],"replies":[{"embeddable":true,"href":"https:\/\/www.hidroland.hu\/index.php?rest_route=%2Fwp%2Fv2%2Fcomments&post=239"}],"version-history":[{"count":6,"href":"https:\/\/www.hidroland.hu\/index.php?rest_route=\/wp\/v2\/pages\/239\/revisions"}],"predecessor-version":[{"id":270,"href":"https:\/\/www.hidroland.hu\/index.php?rest_route=\/wp\/v2\/pages\/239\/revisions\/270"}],"wp:attachment":[{"href":"https:\/\/www.hidroland.hu\/index.php?rest_route=%2Fwp%2Fv2%2Fmedia&parent=239"}],"curies":[{"name":"wp","href":"https:\/\/api.w.org\/{rel}","templated":true}]}}